{"id":72528,"date":"2023-01-25T11:51:39","date_gmt":"2023-01-25T10:51:39","guid":{"rendered":"https:\/\/www.esmuc.cat\/?page_id=72528"},"modified":"2025-09-01T13:01:21","modified_gmt":"2025-09-01T11:01:21","slug":"oportunidades","status":"publish","type":"page","link":"https:\/\/www.esmuc.cat\/es\/servicios\/alumni\/oportunidades\/","title":{"rendered":"Oportunidades"},"content":{"rendered":"\n<div class=\"wp-block-columns is-layout-flex wp-container-core-columns-is-layout-9d6595d7 wp-block-columns-is-layout-flex\">\n<div class=\"wp-block-column esmuc__Menu_Masters is-layout-flow wp-block-column-is-layout-flow\" style=\"flex-basis:33.33%\">\n\n\n\n\n<p><\/p>\n<\/div>\n\n\n\n<div class=\"wp-block-column is-layout-flow wp-block-column-is-layout-flow\" style=\"flex-basis:66.66%\"><div class=\"breadcrumbs align  wp-block-bcn-breadcrumb-trail has-text-color has-background\" vocab=\"https:\/\/schema.org\/\" typeof=\"BreadcrumbList\">\n\t<span><\/span>\n\t<span property=\"itemListElement\" typeof=\"ListItem\"><a property=\"item\" typeof=\"WebPage\" title=\"Ir a ESMUC.\" href=\"https:\/\/www.esmuc.cat\/es\/\" class=\"home\" ><span property=\"name\">ESMUC<\/span><\/a><meta property=\"position\" content=\"1\"><\/span> &gt; <span property=\"itemListElement\" typeof=\"ListItem\"><a property=\"item\" typeof=\"WebPage\" title=\"Ir a Servicios.\" href=\"https:\/\/www.esmuc.cat\/es\/servicios\/\" class=\"post post-page\" ><span property=\"name\">Servicios<\/span><\/a><meta property=\"position\" content=\"2\"><\/span> &gt; <span property=\"itemListElement\" typeof=\"ListItem\"><a property=\"item\" typeof=\"WebPage\" title=\"Ir a Alumni.\" href=\"https:\/\/www.esmuc.cat\/es\/servicios\/alumni\/\" class=\"post post-page\" ><span property=\"name\">Alumni<\/span><\/a><meta property=\"position\" content=\"3\"><\/span> &gt; <span property=\"itemListElement\" typeof=\"ListItem\"><span property=\"name\" class=\"post post-page current-item\">Oportunidades<\/span><meta property=\"url\" content=\"https:\/\/www.esmuc.cat\/es\/servicios\/alumni\/oportunidades\/\"><meta property=\"position\" content=\"4\"><\/span><\/div>\n\n\n\n<h1 class=\"wp-block-heading\">Alumni<\/h1>\n\n\n\n<div style=\"height:10px\" aria-hidden=\"true\" class=\"wp-block-spacer\"><\/div>\n\n\n\n<h2 class=\"wp-block-heading\">Oportunidades<\/h2>\n\n\n\n<div style=\"height:38px\" aria-hidden=\"true\" class=\"wp-block-spacer\"><\/div>\n\n\n<figure class=\"wp-block-post-featured-image\"><img decoding=\"async\" width=\"1024\" height=\"576\" src=\"https:\/\/www.esmuc.cat\/wp-content\/uploads\/2023\/01\/FMCcw0DX0AM0xP4.jpg\" class=\"attachment-post-thumbnail size-post-thumbnail wp-post-image\" alt=\"FMCcw0DX0AM0xP4\" style=\"object-fit:cover;\" srcset=\"https:\/\/www.esmuc.cat\/wp-content\/uploads\/2023\/01\/FMCcw0DX0AM0xP4.jpg 1024w, https:\/\/www.esmuc.cat\/wp-content\/uploads\/2023\/01\/FMCcw0DX0AM0xP4-300x169.jpg 300w, https:\/\/www.esmuc.cat\/wp-content\/uploads\/2023\/01\/FMCcw0DX0AM0xP4-768x432.jpg 768w\" sizes=\"(max-width: 1024px) 100vw, 1024px\" title=\"FMCcw0DX0AM0xP4\" \/><\/figure>\n\n\n<div style=\"height:36px\" aria-hidden=\"true\" class=\"wp-block-spacer\"><\/div>\n\n\n\n<div id=\"section-g46d770\" class=\"wp-block-gutentor-e0 section-g46d770 gutentor-element gutentor-element-advanced-text\"><div class=\"gutentor-text-wrap\"><p class=\"gutentor-text\">Como Alumni dispones de un conjunto de oportunidades laborales y de inserci\u00f3n laboral. Puedes a ofertas laborales como Coro o la Orquesta pilotos o inscribirte en la borsa de int\u00e9rpretes y grupos musicales. <\/p><\/div><\/div>\n\n\n\n<div style=\"height:29px\" aria-hidden=\"true\" class=\"wp-block-spacer\"><\/div>\n\n\n\n<hr class=\"wp-block-separator has-css-opacity\"\/>\n\n\n\n<div style=\"height:10px\" aria-hidden=\"true\" class=\"wp-block-spacer\"><\/div>\n\n\n\n<h4 class=\"wp-block-heading\">Ofertas laborales<\/h4>\n\n\n\n<div style=\"height:22px\" aria-hidden=\"true\" class=\"wp-block-spacer\"><\/div>\n\n\n\n<p>Si eres un particular, instituci\u00f3n o entidad que necesita profesionales del \u00e1mbito de la m\u00fasica puedes rellenar el siguiente formulario y se derivar\u00e1 la oferta a las personas candidatas correspondientes, sea por \u00e1mbito o perfil profesional.<\/p>\n\n\n\n<div id=\"section-g175b43\" class=\"wp-block-gutentor-e2 section-g175b43 gutentor-element gutentor-element-button button-align-center-desktop\"><span class=\"gutentor-button-wrap\"><a class=\"gutentor-button gutentor-block-button gutentor-icon-hide\" href=\"https:\/\/forms.office.com\/e\/Xck9Xv8fjP\" target=\"_blank\" rel=\"https:\/\/forms.office.com\/e\/QXvaXGenWw noopener noreferrer\"><i class=\"gutentor-button-icon fas fa-book\"><\/i><span>Inscripci\u00f3n Ofertas Laborales<\/span><\/a><\/span><\/div>\n\n\n\n<div style=\"height:38px\" aria-hidden=\"true\" class=\"wp-block-spacer\"><\/div>\n\n\n\n<hr class=\"wp-block-separator has-css-opacity\"\/>\n\n\n\n<div style=\"height:10px\" aria-hidden=\"true\" class=\"wp-block-spacer\"><\/div>\n\n\n\n<h4 class=\"wp-block-heading\">Cat\u00e1logo de int\u00e9rpretes  y grupos musicales Alumni<\/h4>\n\n\n\n<div style=\"height:22px\" aria-hidden=\"true\" class=\"wp-block-spacer\"><\/div>\n\n\n\n<p>Anualmente, sobre el mes de noviembre, se abre una convocatoria para disponer de una bolsa de proyectos musicales de la comunidad graduada de la ESMUC. Pueden ser actuaciones puntuales, ciclos privados o participaci\u00f3n en ferias y festivales de reconocimiento y proyecci\u00f3n, como la Feria Mediterr\u00e1nea o el Mercado de M\u00fasica Viva de Vic.<\/p>\n\n\n\n<p>Los requisitos para inscribir una iniciativa son: <br> <\/p>\n\n\n\n<ul class=\"wp-block-list\">\n<li>Que la agrupaci\u00f3n est\u00e9 formada en un<strong> 75% por Alumni<\/strong> de la ESMUC.<\/li>\n\n\n\n<li>Que almenos una de las personas de la formaci\u00f3n sea titulada de la ESMUC de las<strong> cinco \u00faltimas promociones<\/strong>.<\/li>\n<\/ul>\n\n\n\n<section id=\"gm5310187\" class=\"wp-block-gutentor-m0 section-gm5310187 gutentor-module gutentor-module-carousel gutentor-slick-a-default-desktop gutentor-slick-a-default-tablet gutentor-slick-a-default-mobile\"><div class=\"grid-container\"><div class=\"gutentor-module-carousel-row\" data-dots=\"false\" data-dotstablet=\"false\" data-dotsmobile=\"false\" data-arrows=\"true\" data-arrowstablet=\"true\" data-arrowsmobile=\"true\" data-infinite=\"false\" data-autoplay=\"false\" data-draggable=\"true\" data-pauseonfocus=\"true\" data-pauseonhover=\"true\" data-autoplayspeed=\"3000\" data-cmondesktop=\"false\" data-cmontablet=\"false\" data-cmonmobile=\"false\" data-nextarrow=\"fas fa-angle-right\" data-prevarrow=\"fas fa-angle-left\" data-arrowspositiondesktop=\"gutentor-slick-a-default-desktop\" data-arrowspositiontablet=\"gutentor-slick-a-default-tablet\" data-arrowspositionmobile=\"gutentor-slick-a-default-mobile\" data-speed=\"300\" data-slideitemdesktop=\"3\" data-slideitemtablet=\"3\" data-slideitemmobile=\"2\" data-slidescroll-desktop=\"3\" data-slidescroll-tablet=\"3\" data-slidescroll-mobile=\"2\">\n<div id=\"col-gm43e424\" class=\"wp-block-gutentor-m0-col col-gm43e424 gutentor-carousel-item\"><div id=\"section-gm43e424\" class=\"section-gm43e424 gutentor-col-wrap\"><\/div><\/div>\n\n\n\n<div id=\"col-gm67c712\" class=\"wp-block-gutentor-m0-col col-gm67c712 gutentor-carousel-item\"><div id=\"section-gm67c712\" class=\"section-gm67c712 gutentor-col-wrap\"><\/div><\/div>\n\n\n\n<div id=\"col-gm2dcf23\" class=\"wp-block-gutentor-m0-col col-gm2dcf23 gutentor-carousel-item\"><div id=\"section-gm2dcf23\" class=\"section-gm2dcf23 gutentor-col-wrap\"><\/div><\/div>\n\n\n\n<div id=\"col-gm1b8481\" class=\"wp-block-gutentor-m0-col col-gm1b8481 gutentor-carousel-item\"><div id=\"section-gm1b8481\" class=\"section-gm1b8481 gutentor-col-wrap\"><\/div><\/div>\n\n\n\n<div id=\"col-gm933885\" class=\"wp-block-gutentor-m0-col col-gm933885 gutentor-carousel-item\"><div id=\"section-gm933885\" class=\"section-gm933885 gutentor-col-wrap\"><\/div><\/div>\n<\/div><\/div><\/section>\n\n\n\n<div style=\"height:42px\" aria-hidden=\"true\" class=\"wp-block-spacer\"><\/div>\n\n\n\n<hr class=\"wp-block-separator has-css-opacity\"\/>\n\n\n\n<div style=\"height:10px\" aria-hidden=\"true\" class=\"wp-block-spacer\"><\/div>\n\n\n\n<h4 class=\"wp-block-heading\">Coro y Orquestra pilotos<\/h4>\n\n\n\n<div style=\"height:23px\" aria-hidden=\"true\" class=\"wp-block-spacer\"><\/div>\n\n\n\n<section id=\"gm11ece49\" class=\"wp-block-gutentor-m3 section-gm11ece49 gutentor-module gutentor-container-cover\"><div class=\"grid-container\">\n<div class=\"wp-block-columns is-layout-flex wp-container-core-columns-is-layout-9d6595d7 wp-block-columns-is-layout-flex\">\n<div class=\"wp-block-column is-layout-flow wp-block-column-is-layout-flow\">\n<div id=\"section-gcc086f\" class=\"wp-block-gutentor-e6 section-gcc086f gutentor-element gutentor-element-image\"><div class=\"gutentor-element-image-box\"><div class=\"gutentor-image-thumb\"><img decoding=\"async\" class=\"normal-image\" src=\"https:\/\/www.esmuc.cat\/wp-content\/uploads\/2023\/01\/Cor-i-Orquestra.jpg\" alt=\"Cor I Orquestra\" \/><\/div><\/div><\/div>\n<\/div>\n\n\n\n<div class=\"wp-block-column is-layout-flow wp-block-column-is-layout-flow\">\n<p>La Orquesta y el Coro piloto de la Escuela son conjuntos profesionales formados por exalumnos de la ESMUC, destinado, sobre todo, a cubrir las pr\u00e1cticas de direcci\u00f3n del alumnado de la Escuela.<\/p>\n\n\n\n<p>Una vez al a\u00f1o se abre una convocatoria para acceder a ella, y se trata de sesiones remuneradas reguladas por las tarifas aprobadas por el Patronato de la ESMUC.<\/p>\n<\/div>\n<\/div>\n<\/div><\/section>\n\n\n\n<div style=\"height:10px\" aria-hidden=\"true\" class=\"wp-block-spacer\"><\/div>\n<\/div>\n<\/div>\n","protected":false},"excerpt":{"rendered":"<p>Alumni Oportunidades Ofertas laborales Si eres un particular, instituci\u00f3n o entidad que necesita profesionales del \u00e1mbito de la m\u00fasica puedes rellenar el siguiente formulario y se derivar\u00e1 la oferta a las personas candidatas correspondientes, sea por \u00e1mbito o perfil profesional. Cat\u00e1logo de int\u00e9rpretes y grupos musicales Alumni Anualmente, sobre el mes de noviembre, se abre [&hellip;]<\/p>\n","protected":false},"author":4,"featured_media":72423,"parent":72395,"menu_order":0,"comment_status":"closed","ping_status":"closed","template":"","meta":{"_acf_changed":false,"_themeisle_gutenberg_block_has_review":false,"footnotes":""},"categories":[633,1315,1561,1621,416,1620],"tags":[],"class_list":["post-72528","page","type-page","status-publish","has-post-thumbnail","hentry","category-altres-serveis","category-altres-serveis-es","category-alumni","category-alumni-es","category-serveis","category-servicios"],"acf":[],"publishpress_future_action":{"enabled":false,"date":"2026-05-08 05:08:18","action":"change-status","newStatus":"draft","terms":[],"taxonomy":"category","extraData":[]},"publishpress_future_workflow_manual_trigger":{"enabledWorkflows":[]},"_links":{"self":[{"href":"https:\/\/www.esmuc.cat\/es\/wp-json\/wp\/v2\/pages\/72528","targetHints":{"allow":["GET"]}}],"collection":[{"href":"https:\/\/www.esmuc.cat\/es\/wp-json\/wp\/v2\/pages"}],"about":[{"href":"https:\/\/www.esmuc.cat\/es\/wp-json\/wp\/v2\/types\/page"}],"author":[{"embeddable":true,"href":"https:\/\/www.esmuc.cat\/es\/wp-json\/wp\/v2\/users\/4"}],"replies":[{"embeddable":true,"href":"https:\/\/www.esmuc.cat\/es\/wp-json\/wp\/v2\/comments?post=72528"}],"version-history":[{"count":13,"href":"https:\/\/www.esmuc.cat\/es\/wp-json\/wp\/v2\/pages\/72528\/revisions"}],"predecessor-version":[{"id":111798,"href":"https:\/\/www.esmuc.cat\/es\/wp-json\/wp\/v2\/pages\/72528\/revisions\/111798"}],"up":[{"embeddable":true,"href":"https:\/\/www.esmuc.cat\/es\/wp-json\/wp\/v2\/pages\/72395"}],"wp:featuredmedia":[{"embeddable":true,"href":"https:\/\/www.esmuc.cat\/es\/wp-json\/wp\/v2\/media\/72423"}],"wp:attachment":[{"href":"https:\/\/www.esmuc.cat\/es\/wp-json\/wp\/v2\/media?parent=72528"}],"wp:term":[{"taxonomy":"category","embeddable":true,"href":"https:\/\/www.esmuc.cat\/es\/wp-json\/wp\/v2\/categories?post=72528"},{"taxonomy":"post_tag","embeddable":true,"href":"https:\/\/www.esmuc.cat\/es\/wp-json\/wp\/v2\/tags?post=72528"}],"curies":[{"name":"wp","href":"https:\/\/api.w.org\/{rel}","templated":true}]}}