{"id":41749,"date":"2021-10-02T08:05:03","date_gmt":"2021-10-02T06:05:03","guid":{"rendered":"https:\/\/www.esmuc.cat\/arxius-i-fons-personals\/"},"modified":"2024-01-11T15:12:56","modified_gmt":"2024-01-11T14:12:56","slug":"archivos-y-fondos-personales","status":"publish","type":"page","link":"https:\/\/www.esmuc.cat\/es\/servicios\/biblioteca-crai\/fondos-y-colecciones\/archivos-y-fondos-personales\/","title":{"rendered":"Archivos y fondos personales"},"content":{"rendered":"\n<div class=\"wp-block-columns is-layout-flex wp-container-core-columns-is-layout-9d6595d7 wp-block-columns-is-layout-flex\">\n<div class=\"wp-block-column esmuc__Menu_Masters is-layout-flow wp-block-column-is-layout-flow\" style=\"flex-basis:33.33%\">\n\n<\/div>\n\n\n\n<div class=\"wp-block-column is-layout-flow wp-block-column-is-layout-flow\" style=\"flex-basis:66.66%\"><div class=\"breadcrumbs align  wp-block-bcn-breadcrumb-trail has-text-color has-background\" vocab=\"https:\/\/schema.org\/\" typeof=\"BreadcrumbList\">\n\t<span><\/span>\n\t<span property=\"itemListElement\" typeof=\"ListItem\"><a property=\"item\" typeof=\"WebPage\" title=\"Ir a ESMUC.\" href=\"https:\/\/www.esmuc.cat\/es\/\" class=\"home\" ><span property=\"name\">ESMUC<\/span><\/a><meta property=\"position\" content=\"1\"><\/span> &gt; <span property=\"itemListElement\" typeof=\"ListItem\"><a property=\"item\" typeof=\"WebPage\" title=\"Ir a Servicios.\" href=\"https:\/\/www.esmuc.cat\/es\/servicios\/\" class=\"post post-page\" ><span property=\"name\">Servicios<\/span><\/a><meta property=\"position\" content=\"2\"><\/span> &gt; <span property=\"itemListElement\" typeof=\"ListItem\"><a property=\"item\" typeof=\"WebPage\" title=\"Ir a Biblioteca-CRAI de la ESMUC.\" href=\"https:\/\/www.esmuc.cat\/es\/servicios\/biblioteca-crai\/\" class=\"post post-page\" ><span property=\"name\">Biblioteca-CRAI de la ESMUC<\/span><\/a><meta property=\"position\" content=\"3\"><\/span> &gt; <span property=\"itemListElement\" typeof=\"ListItem\"><a property=\"item\" typeof=\"WebPage\" title=\"Ir a Fondos y coleciones.\" href=\"https:\/\/www.esmuc.cat\/es\/servicios\/biblioteca-crai\/fondos-y-colecciones\/\" class=\"post post-page\" ><span property=\"name\">Fondos y coleciones<\/span><\/a><meta property=\"position\" content=\"4\"><\/span> &gt; <span property=\"itemListElement\" typeof=\"ListItem\"><span property=\"name\" class=\"post post-page current-item\">Archivos y fondos personales<\/span><meta property=\"url\" content=\"https:\/\/www.esmuc.cat\/es\/servicios\/biblioteca-crai\/fondos-y-colecciones\/archivos-y-fondos-personales\/\"><meta property=\"position\" content=\"5\"><\/span><\/div>\n\n\n\n<h1 class=\"wp-block-heading\">Archivos y fondos personales<\/h1>\n\n\n\n<div style=\"height:30px\" aria-hidden=\"true\" class=\"wp-block-spacer\"><\/div>\n\n\n\n<p>La Biblioteca-CRAI de la ESMUC ha reunido sus fondos de forma significativa gracias a la generosidad de todas las personas y entidades que han contribuido a ello mediante donaciones y cesiones de fondos personales constituidos por diferentes tipolog\u00edas documentales.<\/p>\n\n\n\n<p>Si quer\u00e9is colaborar en el crecimiento de la Biblioteca y ten\u00e9is cualquier documento de tem\u00e1tica musical que os interese donar, podeis consultar el <a href=\"https:\/\/www.esmuc.cat\/es\/servicios\/biblioteca-crai\/fondos-y-colecciones\/politica-de-colecciones\/\" target=\"_blank\" rel=\"noreferrer noopener\">Protocolo de aceptaci\u00f3n de donaciones de la Biblioteca-CRAI de la ESMUC<\/a>, y poneros en contacto de la siguiente manera:<\/p>\n\n\n\n<div id=\"section-gc7811c\" class=\"wp-block-gutentor-e7 section-gc7811c gutentor-element gutentor-element-list\"><ul class=\"grid-row gutentor-grid-item-wrap list-indicator-icon\"><li class=\"gutentor-list-item grid-lg-12 grid-md-12 grid-12\"><span class=\"gutentor-single-item gutentor-single-item-0\"><span class=\"gutentor-list-item-wrap g-s-list-wrap\"><span class=\"gutentor-single-list-item-icon\"><i class=\"list-item-icon fas fa-angle-right\"><\/i><\/span><span class=\"gutentor-list-item\"><p class=\"gutentor-single-item-title\"> En el mostrador de informaci\u00f3n de la Biblioteca-CRAI <\/p><\/span><\/span><\/span><\/li><li class=\"gutentor-list-item grid-lg-12 grid-md-12 grid-12\"><span class=\"gutentor-single-item gutentor-single-item-1\"><span class=\"gutentor-list-item-wrap g-s-list-wrap\"><span class=\"gutentor-single-list-item-icon\"><i class=\"list-item-icon fas fa-angle-right\"><\/i><\/span><span class=\"gutentor-list-item\"><p class=\"gutentor-single-item-title\"> A trav\u00e9s del <a href=\"\/escola\/contacte-i-acces\/contacte\/\">formulario web<\/a> <\/p><\/span><\/span><\/span><\/li><li class=\"gutentor-list-item grid-lg-12 grid-md-12 grid-12\"><span class=\"gutentor-single-item gutentor-single-item-2\"><span class=\"gutentor-list-item-wrap g-s-list-wrap\"><span class=\"gutentor-single-list-item-icon\"><i class=\"list-item-icon fas fa-angle-right\"><\/i><\/span><span class=\"gutentor-list-item\"><p class=\"gutentor-single-item-title\"> Por tel\u00e9fono: llamando al 93.352.30.11<\/p><\/span><\/span><\/span><\/li><\/ul><\/div>\n\n\n\n<p><br>Es necesario presentar un inventario conciso de la documentaci\u00f3n que se ofrece haciendo constar los datos principales: t\u00edtulo, autor, editorial (o sello) y a\u00f1o de publicaci\u00f3n. La Biblioteca podr\u00e1 asumir el traslado de la donaci\u00f3n, en caso de aceptarla.<\/p>\n\n\n\n<div style=\"height:49px\" aria-hidden=\"true\" class=\"wp-block-spacer\"><\/div>\n\n\n\n<section id=\"gm8e1d163\" class=\"wp-block-gutentor-m3 section-gm8e1d163 gutentor-module gutentor-container-cover\"><div class=\"grid-container\">\n<section id=\"gmfbf2c5e\" class=\"wp-block-gutentor-m2 section-gmfbf2c5e gutentor-module gutentor-dynamic-columns\"><div class=\"grid-container\"><div class=\"grid-row\">\n<div id=\"col-gm9aaee8\" class=\"wp-block-gutentor-m2-col col-gm9aaee8 gutentor-module gutentor-dynamic-single-column grid-lg-6 grid-md-4 grid-12\"><div id=\"section-gm9aaee8\" class=\"section-gm9aaee8 gutentor-single-col\">\n<div id=\"section-g9c832e\" class=\"wp-block-gutentor-e6 section-g9c832e gutentor-element gutentor-element-image\"><div class=\"gutentor-element-image-box\"><a class=\"gutentor-element-image-link\" href=\"https:\/\/www.esmuc.cat\/serveis\/biblioteca-crai\/fons-i-colleccions-documentals-de-la-biblioteca-crai\/arxius-i-fons-personals\/familia-aguilella-salgado\/\"><div class=\"gutentor-image-thumb\"><img decoding=\"async\" class=\"normal-image\" src=\"http:\/\/www.esmuc.cat\/wp-content\/uploads\/2021\/10\/fonsarxiu.png\" alt=\"Fonsarxiu\" \/><\/div><\/a><\/div><\/div>\n\n\n\n<p class=\"has-text-align-center\">Aguilella Salgado, Fam\u00edlia<\/p>\n<\/div><\/div>\n\n\n\n<div id=\"col-gm3cd11c\" class=\"wp-block-gutentor-m2-col col-gm3cd11c gutentor-module gutentor-dynamic-single-column grid-lg-6 grid-md-4 grid-12\"><div id=\"section-gm3cd11c\" class=\"section-gm3cd11c gutentor-single-col\">\n<div id=\"section-geb9a65\" class=\"wp-block-gutentor-e6 section-geb9a65 gutentor-element gutentor-element-image\"><div class=\"gutentor-element-image-box\"><a class=\"gutentor-element-image-link\" href=\"https:\/\/www.esmuc.cat\/serveis\/biblioteca-crai\/fons-i-colleccions-documentals-de-la-biblioteca-crai\/arxius-i-fons-personals\/josep-maria-ainaud-de-lasarte\/\"><div class=\"gutentor-image-thumb\"><img decoding=\"async\" class=\"normal-image\" src=\"http:\/\/www.esmuc.cat\/wp-content\/uploads\/2021\/10\/Josep-MAria-Ainaud-de-Lasarte.jpg\" alt=\"Josep Maria Ainaud De Lasarte\" \/><\/div><\/a><\/div><\/div>\n\n\n\n<p class=\"has-text-align-center\"> Ainaud de Lasarte, Josep Maria (Barcelona, 1925-2012) <\/p>\n<\/div><\/div>\n<\/div><\/div><\/section>\n\n\n\n<section id=\"gm5bd12d8\" class=\"wp-block-gutentor-m2 section-gm5bd12d8 gutentor-module gutentor-dynamic-columns\"><div class=\"grid-container\"><div class=\"grid-row\">\n<div id=\"col-gm0d663e\" class=\"wp-block-gutentor-m2-col col-gm0d663e gutentor-module gutentor-dynamic-single-column grid-lg-6 grid-md-4 grid-12\"><div id=\"section-gm0d663e\" class=\"section-gm0d663e gutentor-single-col\">\n<div id=\"section-gff9355\" class=\"wp-block-gutentor-e6 section-gff9355 gutentor-element gutentor-element-image gutentor-enabled-width text-align-center-desktop\"><div class=\"gutentor-element-image-box\"><a class=\"gutentor-element-image-link\" href=\"https:\/\/www.esmuc.cat\/serveis\/biblioteca-crai\/fons-i-colleccions-documentals-de-la-biblioteca-crai\/arxius-i-fons-personals\/enric-ainaud\/\"><div class=\"gutentor-image-thumb\"><img decoding=\"async\" class=\"normal-image\" src=\"http:\/\/www.esmuc.cat\/wp-content\/uploads\/2021\/10\/Eric-ainaud.jpg\" alt=\"Eric Ainaud\" \/><\/div><\/a><\/div><\/div>\n\n\n\n<p class=\"has-text-align-center\">Ainaud, Enric (Alicante, 1875-Barcelona, 1958)<\/p>\n<\/div><\/div>\n\n\n\n<div id=\"col-gm65429c\" class=\"wp-block-gutentor-m2-col col-gm65429c gutentor-module gutentor-dynamic-single-column grid-lg-6 grid-md-4 grid-12\"><div id=\"section-gm65429c\" class=\"section-gm65429c gutentor-single-col\">\n<div id=\"section-gc6cfcc\" class=\"wp-block-gutentor-e6 section-gc6cfcc gutentor-element gutentor-element-image gutentor-enabled-width\"><div class=\"gutentor-element-image-box\"><a class=\"gutentor-element-image-link\" href=\"\/serveis\/biblioteca-crai\/fons-i-colleccions-documentals-de-la-biblioteca-crai\/arxius-i-fons-personals\/jordi-alcover\/\"><div class=\"gutentor-image-thumb\"><img decoding=\"async\" class=\"normal-image\" src=\"http:\/\/www.esmuc.cat\/wp-content\/uploads\/2021\/10\/fonsarxiu.png\" alt=\"Fonsarxiu\" \/><\/div><\/a><\/div><\/div>\n\n\n\n<p class=\"has-text-align-center\">Alcover, Jordi<\/p>\n<\/div><\/div>\n<\/div><\/div><\/section>\n\n\n\n<section id=\"gm6c3e4ad\" class=\"wp-block-gutentor-m2 section-gm6c3e4ad gutentor-module gutentor-dynamic-columns\"><div class=\"grid-container\"><div class=\"grid-row\">\n<div id=\"col-gm1165c3\" class=\"wp-block-gutentor-m2-col col-gm1165c3 gutentor-module gutentor-dynamic-single-column grid-lg-6 grid-md-4 grid-12\"><div id=\"section-gm1165c3\" class=\"section-gm1165c3 gutentor-single-col\">\n<div id=\"section-g3a2ad0\" class=\"wp-block-gutentor-e6 section-g3a2ad0 gutentor-element gutentor-element-image gutentor-enabled-width\"><div class=\"gutentor-element-image-box\"><a class=\"gutentor-element-image-link\" href=\"\/serveis\/biblioteca-crai\/fons-i-colleccions-documentals-de-la-biblioteca-crai\/arxius-i-fons-personals\/peter-bacchus\/\"><div class=\"gutentor-image-thumb\"><img decoding=\"async\" class=\"normal-image\" src=\"http:\/\/www.esmuc.cat\/wp-content\/uploads\/2021\/10\/Peter-Bacchus.jpg\" alt=\"Peter Bacchus\" \/><\/div><\/a><\/div><\/div>\n\n\n\n<p class=\"has-text-align-center\">Bacchus, Peter (Nueva Jersey, 1954-2016)<\/p>\n<\/div><\/div>\n\n\n\n<div id=\"col-gmdc7c18\" class=\"wp-block-gutentor-m2-col col-gmdc7c18 gutentor-module gutentor-dynamic-single-column grid-lg-6 grid-md-4 grid-12\"><div id=\"section-gmdc7c18\" class=\"section-gmdc7c18 gutentor-single-col\">\n<div id=\"section-g3857fd\" class=\"wp-block-gutentor-e6 section-g3857fd gutentor-element gutentor-element-image gutentor-enabled-width\"><div class=\"gutentor-element-image-box\"><a class=\"gutentor-element-image-link\" href=\"\/serveis\/biblioteca-crai\/fons-i-colleccions-documentals-de-la-biblioteca-crai\/arxius-i-fons-personals\/rafael-blanch-via\/\"><div class=\"gutentor-image-thumb\"><img decoding=\"async\" class=\"normal-image\" src=\"http:\/\/www.esmuc.cat\/wp-content\/uploads\/2021\/10\/fonsarxiu.png\" alt=\"Fonsarxiu\" \/><\/div><\/a><\/div><\/div>\n\n\n\n<p class=\"has-text-align-center\">Blanch Via, Rafael (Barcelona, 1933-)<\/p>\n<\/div><\/div>\n<\/div><\/div><\/section>\n\n\n\n<section id=\"gm28b0a1c\" class=\"wp-block-gutentor-m2 section-gm28b0a1c gutentor-module gutentor-dynamic-columns\"><div class=\"grid-container\"><div class=\"grid-row\">\n<div id=\"col-gm637c65\" class=\"wp-block-gutentor-m2-col col-gm637c65 gutentor-module gutentor-dynamic-single-column grid-lg-6 grid-md-4 grid-12\"><div id=\"section-gm637c65\" class=\"section-gm637c65 gutentor-single-col\">\n<div id=\"section-g0f2205\" class=\"wp-block-gutentor-e6 section-g0f2205 gutentor-element gutentor-element-image gutentor-enabled-width\"><div class=\"gutentor-element-image-box\"><a class=\"gutentor-element-image-link\" href=\"\/serveis\/biblioteca-crai\/fons-i-colleccions-documentals-de-la-biblioteca-crai\/arxius-i-fons-personals\/francesc-farre\/\"><div class=\"gutentor-image-thumb\"><img decoding=\"async\" class=\"normal-image\" src=\"http:\/\/www.esmuc.cat\/wp-content\/uploads\/2021\/10\/Farre-Francesc-Barcelona-1893-1982.jpg\" alt=\"Farr\u00e9, Francesc (barcelona, 1893 1982)\" \/><\/div><\/a><\/div><\/div>\n\n\n\n<p class=\"has-text-align-center\">Farr\u00e9, Francesc (Barcelona, 1893-1982)<\/p>\n<\/div><\/div>\n\n\n\n<div id=\"col-gmd12fa3\" class=\"wp-block-gutentor-m2-col col-gmd12fa3 gutentor-module gutentor-dynamic-single-column grid-lg-6 grid-md-4 grid-12\"><div id=\"section-gmd12fa3\" class=\"section-gmd12fa3 gutentor-single-col\">\n<div id=\"section-ga8c7b5\" class=\"wp-block-gutentor-e6 section-ga8c7b5 gutentor-element gutentor-element-image\"><div class=\"gutentor-element-image-box\"><a class=\"gutentor-element-image-link\" href=\"\/serveis\/biblioteca-crai\/fons-i-colleccions-documentals-de-la-biblioteca-crai\/arxius-i-fons-personals\/nuria-i-immaculada-figueras-anmella\/\"><div class=\"gutentor-image-thumb\"><img decoding=\"async\" class=\"normal-image\" src=\"http:\/\/www.esmuc.cat\/wp-content\/uploads\/2021\/10\/fonsarxiu.png\" alt=\"Fonsarxiu\" \/><\/div><\/a><\/div><\/div>\n\n\n\n<p class=\"has-text-align-center\">Figueras Anmella, N\u00faria i Immaculada<\/p>\n<\/div><\/div>\n<\/div><\/div><\/section>\n\n\n\n<section id=\"gmb897695\" class=\"wp-block-gutentor-m2 section-gmb897695 gutentor-module gutentor-dynamic-columns\"><div class=\"grid-container\"><div class=\"grid-row\">\n<div id=\"col-gmce5f0d\" class=\"wp-block-gutentor-m2-col col-gmce5f0d gutentor-module gutentor-dynamic-single-column grid-lg-6 grid-md-4 grid-12\"><div id=\"section-gmce5f0d\" class=\"section-gmce5f0d gutentor-single-col\">\n<div id=\"section-gd2f4a3\" class=\"wp-block-gutentor-e6 section-gd2f4a3 gutentor-element gutentor-element-image gutentor-enabled-width\"><div class=\"gutentor-element-image-box\"><a class=\"gutentor-element-image-link\" href=\"\/serveis\/biblioteca-crai\/fons-i-colleccions-documentals-de-la-biblioteca-crai\/arxius-i-fons-personals\/miquel-gaspa-bertran\/\"><div class=\"gutentor-image-thumb\"><img decoding=\"async\" class=\"normal-image\" src=\"http:\/\/www.esmuc.cat\/wp-content\/uploads\/2021\/10\/trioBArkon.jpg\" alt=\"Miquel Gasp\u00e0 Bertran\" \/><\/div><\/a><\/div><\/div>\n\n\n\n<p class=\"has-text-align-center\">Gasp\u00e0 Bertran, Miquel<\/p>\n<\/div><\/div>\n\n\n\n<div id=\"col-gmb893b0\" class=\"wp-block-gutentor-m2-col col-gmb893b0 gutentor-module gutentor-dynamic-single-column grid-lg-6 grid-md-4 grid-12\"><div id=\"section-gmb893b0\" class=\"section-gmb893b0 gutentor-single-col\">\n<div id=\"section-g70a9eb\" class=\"wp-block-gutentor-e6 section-g70a9eb gutentor-element gutentor-element-image gutentor-enabled-width\"><div class=\"gutentor-element-image-box\"><a class=\"gutentor-element-image-link\" href=\"\/serveis\/biblioteca-crai\/fons-i-colleccions-documentals-de-la-biblioteca-crai\/arxius-i-fons-personals\/salvador-mas-conde\/\"><div class=\"gutentor-image-thumb\"><img decoding=\"async\" class=\"normal-image\" src=\"http:\/\/www.esmuc.cat\/wp-content\/uploads\/2021\/10\/Salvador-Mas-Conde.jpg\" alt=\"Salvador Mas Conde\" \/><\/div><\/a><\/div><\/div>\n\n\n\n<p class=\"has-text-align-center\">Mas Conde, Salvador<\/p>\n<\/div><\/div>\n<\/div><\/div><\/section>\n\n\n\n<section id=\"gm8022beb\" class=\"wp-block-gutentor-m2 section-gm8022beb gutentor-module gutentor-dynamic-columns\"><div class=\"grid-container\"><div class=\"grid-row\">\n<div id=\"col-gm31d826\" class=\"wp-block-gutentor-m2-col col-gm31d826 gutentor-module gutentor-dynamic-single-column grid-lg-6 grid-md-4 grid-12\"><div id=\"section-gm31d826\" class=\"section-gm31d826 gutentor-single-col\">\n<div id=\"section-gf0227a\" class=\"wp-block-gutentor-e6 section-gf0227a gutentor-element gutentor-element-image\"><div class=\"gutentor-element-image-box\"><a class=\"gutentor-element-image-link\" href=\"\/serveis\/biblioteca-crai\/fons-i-colleccions-documentals-de-la-biblioteca-crai\/arxius-i-fons-personals\/guillermo-michel\/\"><div class=\"gutentor-image-thumb\"><img decoding=\"async\" class=\"normal-image\" src=\"http:\/\/www.esmuc.cat\/wp-content\/uploads\/2021\/10\/fonsarxiu.png\" alt=\"Fonsarxiu\" \/><\/div><\/a><\/div><\/div>\n\n\n\n<p class=\"has-text-align-center\">Michel, Guillermo<\/p>\n<\/div><\/div>\n\n\n\n<div id=\"col-gm4fd02b\" class=\"wp-block-gutentor-m2-col col-gm4fd02b gutentor-module gutentor-dynamic-single-column grid-lg-6 grid-md-4 grid-12\"><div id=\"section-gm4fd02b\" class=\"section-gm4fd02b gutentor-single-col\">\n<div id=\"section-g78ac22\" class=\"wp-block-gutentor-e6 section-g78ac22 gutentor-element gutentor-element-image\"><div class=\"gutentor-element-image-box\"><a class=\"gutentor-element-image-link\" href=\"\/serveis\/biblioteca-crai\/fons-i-colleccions-documentals-de-la-biblioteca-crai\/arxius-i-fons-personals\/jose-ortiz-de-zarate-alufre\/\"><div class=\"gutentor-image-thumb\"><img decoding=\"async\" class=\"normal-image\" src=\"http:\/\/www.esmuc.cat\/wp-content\/uploads\/2021\/10\/fonsarxiu.png\" alt=\"Fonsarxiu\" \/><\/div><\/a><\/div><\/div>\n\n\n\n<p class=\"has-text-align-center\">Ortiz de Z\u00e1rate Alufre, Jos\u00e9 (Valencia, 1887-Barcelona, 1959)<\/p>\n<\/div><\/div>\n<\/div><\/div><\/section>\n\n\n\n<section id=\"gmc3ef8ed\" class=\"wp-block-gutentor-m2 section-gmc3ef8ed gutentor-module gutentor-dynamic-columns\"><div class=\"grid-container\"><div class=\"grid-row\">\n<div id=\"col-gm15798a\" class=\"wp-block-gutentor-m2-col col-gm15798a gutentor-module gutentor-dynamic-single-column grid-lg-6 grid-md-4 grid-12\"><div id=\"section-gm15798a\" class=\"section-gm15798a gutentor-single-col\">\n<div id=\"section-g83f4ad\" class=\"wp-block-gutentor-e6 section-g83f4ad gutentor-element gutentor-element-image gutentor-enabled-width\"><div class=\"gutentor-element-image-box\"><a class=\"gutentor-element-image-link\" href=\"\/serveis\/biblioteca-crai\/fons-i-colleccions-documentals-de-la-biblioteca-crai\/arxius-i-fons-personals\/joan-pera-talamas\/\"><div class=\"gutentor-image-thumb\"><img decoding=\"async\" class=\"normal-image\" src=\"http:\/\/www.esmuc.cat\/wp-content\/uploads\/2021\/10\/Joan-pere.jpg\" alt=\"Joan Pere\" \/><\/div><\/a><\/div><\/div>\n\n\n\n<p class=\"has-text-align-center\">Pera Talam\u00e1s, Joan (Sant Pol de Mar, 1912-2003)<\/p>\n<\/div><\/div>\n\n\n\n<div id=\"col-gmb485cd\" class=\"wp-block-gutentor-m2-col col-gmb485cd gutentor-module gutentor-dynamic-single-column grid-lg-6 grid-md-4 grid-12\"><div id=\"section-gmb485cd\" class=\"section-gmb485cd gutentor-single-col\">\n<figure class=\"wp-block-image size-large\"><a href=\"https:\/\/www.esmuc.cat\/es\/biblioteca-crai\/fondos-y-colecciones\/archivos-y-fondos-personales\/albert-reguant\/\"><img decoding=\"async\" width=\"1024\" height=\"498\" src=\"https:\/\/www.esmuc.cat\/wp-content\/uploads\/2022\/07\/20220721_151018-1024x498.jpg\" alt=\"Fons Reguant\" class=\"wp-image-55308\" srcset=\"https:\/\/www.esmuc.cat\/wp-content\/uploads\/2022\/07\/20220721_151018-1024x498.jpg 1024w, https:\/\/www.esmuc.cat\/wp-content\/uploads\/2022\/07\/20220721_151018-300x146.jpg 300w, https:\/\/www.esmuc.cat\/wp-content\/uploads\/2022\/07\/20220721_151018-768x373.jpg 768w, https:\/\/www.esmuc.cat\/wp-content\/uploads\/2022\/07\/20220721_151018-1536x746.jpg 1536w, https:\/\/www.esmuc.cat\/wp-content\/uploads\/2022\/07\/20220721_151018-2048x995.jpg 2048w\" sizes=\"(max-width: 1024px) 100vw, 1024px\" \/><\/a><\/figure>\n\n\n\n<p class=\"has-text-align-center\">Albert Reguant<\/p>\n<\/div><\/div>\n\n\n\n<div id=\"col-gm450c9b\" class=\"wp-block-gutentor-m2-col col-gm450c9b gutentor-module gutentor-dynamic-single-column grid-lg-6 grid-md-4 grid-12\"><div id=\"section-gm450c9b\" class=\"section-gm450c9b gutentor-single-col\">\n<div id=\"section-g201f0f\" class=\"wp-block-gutentor-e6 section-g201f0f gutentor-element gutentor-element-image\"><div class=\"gutentor-element-image-box\"><a class=\"gutentor-element-image-link\" href=\"https:\/\/www.esmuc.cat\/es\/servicios\/biblioteca-crai\/fondos-y-colecciones\/archivos-y-fondos-personales\/jordi-ribera-bergos\/\" target=\"_blank\" rel=\"noopener noreferrer\"><div class=\"gutentor-image-thumb\"><img decoding=\"async\" class=\"normal-image\" src=\"https:\/\/www.esmuc.cat\/wp-content\/uploads\/2022\/11\/Jordi-Ribera-Bergos_web.jpg\" \/><\/div><\/a><\/div><\/div>\n\n\n\n<p>Ribera i Berg\u00f3s, Jordi (Barcelona, 1961 \u2013 Sant Celoni, 2021)<\/p>\n<\/div><\/div>\n\n\n\n<div id=\"col-gmc538ad\" class=\"wp-block-gutentor-m2-col col-gmc538ad gutentor-module gutentor-dynamic-single-column grid-lg-6 grid-md-4 grid-12\"><div id=\"section-gmc538ad\" class=\"section-gmc538ad gutentor-single-col\">\n<div id=\"section-g9eeb01\" class=\"wp-block-gutentor-e6 section-g9eeb01 gutentor-element gutentor-element-image gutentor-enabled-width\"><div class=\"gutentor-element-image-box\"><a class=\"gutentor-element-image-link\" href=\"\/serveis\/biblioteca-crai\/fons-i-colleccions-documentals-de-la-biblioteca-crai\/arxius-i-fons-personals\/victoria-dels-angels\/\"><div class=\"gutentor-image-thumb\"><img decoding=\"async\" class=\"normal-image\" src=\"https:\/\/www.esmuc.cat\/wp-content\/uploads\/2021\/10\/Victoriadelosangeles.png\" \/><\/div><\/a><\/div><\/div>\n\n\n\n<p class=\"has-text-align-center\">Victoria de los \u00c1ngeles (Barcelona, 1923-2005)<\/p>\n<\/div><\/div>\n<\/div><\/div><\/section>\n<\/div><\/section>\n<\/div>\n<\/div>\n","protected":false},"excerpt":{"rendered":"<p>Archivos y fondos personales La Biblioteca-CRAI de la ESMUC ha reunido sus fondos de forma significativa gracias a la generosidad de todas las personas y entidades que han contribuido a ello mediante donaciones y cesiones de fondos personales constituidos por diferentes tipolog\u00edas documentales. Si quer\u00e9is colaborar en el crecimiento de la Biblioteca y ten\u00e9is cualquier [&hellip;]<\/p>\n","protected":false},"author":5,"featured_media":0,"parent":42275,"menu_order":4,"comment_status":"closed","ping_status":"closed","template":"","meta":{"_acf_changed":false,"_themeisle_gutenberg_block_has_review":false,"footnotes":""},"categories":[1316],"tags":[1425,1480,1426,1481],"class_list":["post-41749","page","type-page","status-publish","hentry","category-biblioteca-crai-es","tag-donacions","tag-donacions-2-es","tag-fons-personals","tag-fons-personals-2-es"],"acf":[],"publishpress_future_action":{"enabled":false,"date":"2026-05-06 20:37:26","action":"change-status","newStatus":"draft","terms":[],"taxonomy":"category","extraData":[]},"publishpress_future_workflow_manual_trigger":{"enabledWorkflows":[]},"_links":{"self":[{"href":"https:\/\/www.esmuc.cat\/es\/wp-json\/wp\/v2\/pages\/41749","targetHints":{"allow":["GET"]}}],"collection":[{"href":"https:\/\/www.esmuc.cat\/es\/wp-json\/wp\/v2\/pages"}],"about":[{"href":"https:\/\/www.esmuc.cat\/es\/wp-json\/wp\/v2\/types\/page"}],"author":[{"embeddable":true,"href":"https:\/\/www.esmuc.cat\/es\/wp-json\/wp\/v2\/users\/5"}],"replies":[{"embeddable":true,"href":"https:\/\/www.esmuc.cat\/es\/wp-json\/wp\/v2\/comments?post=41749"}],"version-history":[{"count":11,"href":"https:\/\/www.esmuc.cat\/es\/wp-json\/wp\/v2\/pages\/41749\/revisions"}],"predecessor-version":[{"id":89653,"href":"https:\/\/www.esmuc.cat\/es\/wp-json\/wp\/v2\/pages\/41749\/revisions\/89653"}],"up":[{"embeddable":true,"href":"https:\/\/www.esmuc.cat\/es\/wp-json\/wp\/v2\/pages\/42275"}],"wp:attachment":[{"href":"https:\/\/www.esmuc.cat\/es\/wp-json\/wp\/v2\/media?parent=41749"}],"wp:term":[{"taxonomy":"category","embeddable":true,"href":"https:\/\/www.esmuc.cat\/es\/wp-json\/wp\/v2\/categories?post=41749"},{"taxonomy":"post_tag","embeddable":true,"href":"https:\/\/www.esmuc.cat\/es\/wp-json\/wp\/v2\/tags?post=41749"}],"curies":[{"name":"wp","href":"https:\/\/api.w.org\/{rel}","templated":true}]}}