{"id":34668,"date":"2022-03-03T10:57:40","date_gmt":"2022-03-03T09:57:40","guid":{"rendered":"https:\/\/www.esmuc.cat\/premis-als-treballs-de-recerca-de-batxillerat\/"},"modified":"2026-02-02T09:32:00","modified_gmt":"2026-02-02T08:32:00","slug":"premio-esmuc-a-trabajos-de-investigacion-de-bachillerato-sobre-musica","status":"publish","type":"page","link":"https:\/\/www.esmuc.cat\/es\/investigacion\/premio-esmuc-a-trabajos-de-investigacion-de-bachillerato-sobre-musica\/","title":{"rendered":"Premios a Trabajos de Investigaci\u00f3n de Bachillerato sobre m\u00fasica"},"content":{"rendered":"\n<div class=\"wp-block-columns is-layout-flex wp-container-core-columns-is-layout-9d6595d7 wp-block-columns-is-layout-flex\">\n<div class=\"wp-block-column is-layout-flow wp-block-column-is-layout-flow\">\n<div class=\"wp-block-columns is-layout-flex wp-container-core-columns-is-layout-9d6595d7 wp-block-columns-is-layout-flex\">\n<div class=\"wp-block-column esmuc__Menu_Masters is-layout-flow wp-block-column-is-layout-flow\" style=\"flex-basis:33.33%\">\n\n\n\n\n<p>&nbsp;<\/p>\n<\/div>\n\n\n\n<div class=\"wp-block-column is-layout-flow wp-block-column-is-layout-flow\" style=\"flex-basis:100%\"><div class=\"breadcrumbs align  wp-block-bcn-breadcrumb-trail has-text-color has-background\" vocab=\"https:\/\/schema.org\/\" typeof=\"BreadcrumbList\">\n\t<span><\/span>\n\t<span property=\"itemListElement\" typeof=\"ListItem\"><a property=\"item\" typeof=\"WebPage\" title=\"Ir a ESMUC.\" href=\"https:\/\/www.esmuc.cat\/es\/\" class=\"home\" ><span property=\"name\">ESMUC<\/span><\/a><meta property=\"position\" content=\"1\"><\/span> &gt; <span property=\"itemListElement\" typeof=\"ListItem\"><a property=\"item\" typeof=\"WebPage\" title=\"Ir a Investigaci\u00f3n.\" href=\"https:\/\/www.esmuc.cat\/es\/investigacion\/\" class=\"post post-page\" ><span property=\"name\">Investigaci\u00f3n<\/span><\/a><meta property=\"position\" content=\"2\"><\/span> &gt; <span property=\"itemListElement\" typeof=\"ListItem\"><span property=\"name\" class=\"post post-page current-item\">Premios a Trabajos de Investigaci\u00f3n de Bachillerato sobre m\u00fasica<\/span><meta property=\"url\" content=\"https:\/\/www.esmuc.cat\/es\/investigacion\/premio-esmuc-a-trabajos-de-investigacion-de-bachillerato-sobre-musica\/\"><meta property=\"position\" content=\"3\"><\/span><\/div>\n\n\n\n<div style=\"height:18px\" aria-hidden=\"true\" class=\"wp-block-spacer\"><\/div>\n\n\n\n<h2 class=\"wp-block-heading\" id=\"recerca-artistica\">Premio ESMUC a Trabajos de Investigaci\u00f3n de Bachillerato sobre m\u00fasica<\/h2>\n\n\n\n<div style=\"height:26px\" aria-hidden=\"true\" class=\"wp-block-spacer\"><\/div>\n\n\n\n<p>Desde el curso 2016-2017, la ESMUC convoca un premio para el mejor trabajo de investigaci\u00f3n de bachillerato de Catalu\u00f1a con el objetivo de fomentar el esp\u00edritu de investigaci\u00f3n y la vocaci\u00f3n para el estudio de cualquier tem\u00e1tica relacionada con la m\u00fasica. Durante nueve convocatorias, se han presentado 380 trabajos, realizados por estudiantes de 216 centros y 106 municipios distintos de todo el pa\u00eds.<\/p>\n\n\n<figure class=\"wp-block-post-featured-image\"><img decoding=\"async\" width=\"1321\" height=\"743\" src=\"https:\/\/www.esmuc.cat\/wp-content\/uploads\/2025\/10\/Lliurament-de-trofeus-2025WEB.jpg\" class=\"attachment-post-thumbnail size-post-thumbnail wp-post-image\" alt=\"Lliurament-de-trofeus-2025WEB\" style=\"object-fit:cover;\" srcset=\"https:\/\/www.esmuc.cat\/wp-content\/uploads\/2025\/10\/Lliurament-de-trofeus-2025WEB.jpg 1321w, https:\/\/www.esmuc.cat\/wp-content\/uploads\/2025\/10\/Lliurament-de-trofeus-2025WEB-300x169.jpg 300w, https:\/\/www.esmuc.cat\/wp-content\/uploads\/2025\/10\/Lliurament-de-trofeus-2025WEB-1024x576.jpg 1024w, https:\/\/www.esmuc.cat\/wp-content\/uploads\/2025\/10\/Lliurament-de-trofeus-2025WEB-768x432.jpg 768w\" sizes=\"(max-width: 1321px) 100vw, 1321px\" title=\"Lliurament-de-trofeus-2025WEB\" \/><\/figure>\n\n\n<section id=\"g-3wss1v8\" class=\"wp-block-gutentor-m3 section-g-3wss1v8 gutentor-module gutentor-container-cover d-none\"><div class=\"grid-container\">\n<h3 class=\"wp-block-heading\">Finalistas 2025<\/h3>\n\n\n\n<div id=\"section-g-eos1yds\" class=\"wp-block-gutentor-e7 section-g-eos1yds gutentor-element gutentor-element-list\"><ul class=\"grid-row gutentor-grid-item-wrap list-indicator-icon\"><li class=\"gutentor-list-item grid-lg-12 grid-md-12 grid-12\"><span class=\"gutentor-single-item gutentor-single-item-0\"><span class=\"gutentor-list-item-wrap g-s-list-wrap\"><span class=\"gutentor-single-list-item-icon\"><i class=\"list-item-icon fas fa-angle-right\"><\/i><\/span><span class=\"gutentor-list-item\"><p class=\"gutentor-single-item-title\">Pau Hormias Bestraten,\u00a0<em>On es feia jazz en la Barcelona d&#8217;entreguerres?<\/em>\u00a0(Jesuites Bellvitge &#8211; Centre d&#8217;Estudis Joan XXIII de l&#8217;Hospitalet de Llobregat)<\/p><\/span><\/span><\/span><\/li><li class=\"gutentor-list-item grid-lg-12 grid-md-12 grid-12\"><span class=\"gutentor-single-item gutentor-single-item-1\"><span class=\"gutentor-list-item-wrap g-s-list-wrap\"><span class=\"gutentor-single-list-item-icon\"><i class=\"list-item-icon fas fa-angle-right\"><\/i><\/span><span class=\"gutentor-list-item\"><p class=\"gutentor-single-item-title\">Mart\u00ed Huguet Moreno,\u00a0<em>El paper del viol\u00ed en el flamenc<\/em>\u00a0(Lestonnac de Barcelona)<\/p><\/span><\/span><\/span><\/li><li class=\"gutentor-list-item grid-lg-12 grid-md-12 grid-12\"><span class=\"gutentor-single-item gutentor-single-item-2\"><span class=\"gutentor-list-item-wrap g-s-list-wrap\"><span class=\"gutentor-single-list-item-icon\"><i class=\"list-item-icon fas fa-angle-right\"><\/i><\/span><span class=\"gutentor-list-item\"><p class=\"gutentor-single-item-title\">Mart\u00ed Sabat\u00e9 Puchol,\u00a0<em>Rescat hist\u00f2ric i musical de Josep Radu\u00e0: un compositor flixanco del segle XVII<\/em>\u00a0(Institut de Flix)<\/p><\/span><\/span><\/span><\/li><li class=\"gutentor-list-item grid-lg-12 grid-md-12 grid-12\"><span class=\"gutentor-single-item gutentor-single-item-3\"><span class=\"gutentor-list-item-wrap g-s-list-wrap\"><span class=\"gutentor-single-list-item-icon\"><i class=\"list-item-icon fas fa-angle-right\"><\/i><\/span><span class=\"gutentor-list-item\"><p class=\"gutentor-single-item-title\">Sofiya Zueva,\u00a0<em>Quan les notes sanen: un viatge a trav\u00e9s de la musicoter\u00e0pia<\/em>\u00a0(Institut Bisbe Sivilla de Calella)<\/p><\/span><\/span><\/span><\/li><\/ul><\/div>\n<\/div><\/section>\n\n\n\n<div id=\"section-g0ca1e7\" class=\"wp-block-gutentor-e2 section-g0ca1e7 gutentor-element gutentor-element-button\"><span class=\"gutentor-button-wrap\"><a class=\"gutentor-button gutentor-block-button gutentor-icon-hide\" href=\"https:\/\/www.esmuc.cat\/recerca\/premis-a-treballs-de-recerca-de-batxillerat-sobre-musica\/dades-de-participacio\/\"><i class=\"gutentor-button-icon fas fa-book\"><\/i><span>Datos de participaci\u00f3n<\/span><\/a><\/span><\/div>\n\n\n\n<hr class=\"wp-block-separator has-alpha-channel-opacity\"\/>\n\n\n\n<h3 class=\"wp-block-heading\">Bases<\/h3>\n\n\n\n<section id=\"ab5744\" class=\"section-ab5744 gutentor-module gutentor-module-accordion\"><div class=\"grid-container\">\n<div id=\"546477\" class=\"wp-block-gutentor-m6-item section-546477 gutentor-module gutentor-module-accordion-item\"><div class=\"gutentor-module-accordion-panel g-a-panel-ab5744\"><div class=\"gm-ah-ab5744 gutentor-module-accordion-item-heading gutentor-module-icon-position-right\"><span class=\"gutentor-module-accordion-panel-handler\" role=\"button\"><span class=\"gutentor-module-accordion-panel-handler-label\">Requisitos<\/span><span class=\"gutentor-module-accordion-icon\"><i class=\"gm-aio-ab5744 gutentor-module-accordion-icon-open fas fa-plus\"><\/i><i class=\"gm-aic-ab5744 gutentor-module-accordion-icon-close fas fa-minus\"><\/i><\/span><\/span><\/div><div class=\"gm-ab-ab5744 gutentor-module-accordion-body\">\n<div id=\"section-gebb229\" class=\"wp-block-gutentor-e0 section-gebb229 gutentor-element gutentor-element-advanced-text\"><div class=\"gutentor-text-wrap\"><p class=\"gutentor-text\">En el Premio puede optar el alumnado de bachillerato de todos los centros de ense\u00f1anza secundaria de Catalu\u00f1a.<br><br>Los trabajos pueden ser elaborados individualmente o en grupos de dos personas como m\u00e1ximo, deben ser in\u00e9ditos y no deben haber sido premiados anteriormente en otros concursos en el momento de presentarse a este Premio. Pueden estar escritos en catal\u00e1n, castellano, ingl\u00e9s y franc\u00e9s.<br><br>Los trabajos deben ser seleccionados y presentados por la direcci\u00f3n de los centros de ense\u00f1anza donde estudie el alumnado que desee concursar. No existe ning\u00fan l\u00edmite de trabajos presentados por escuela.<\/p><\/div><\/div>\n<\/div><\/div><\/div>\n\n\n\n<div id=\"79221f\" class=\"wp-block-gutentor-m6-item section-79221f gutentor-module gutentor-module-accordion-item\"><div class=\"gutentor-module-accordion-panel g-a-panel-ab5744\"><div class=\"gm-ah-ab5744 gutentor-module-accordion-item-heading gutentor-module-icon-position-right\"><span class=\"gutentor-module-accordion-panel-handler\" role=\"button\"><span class=\"gutentor-module-accordion-panel-handler-label\">Presentaci\u00f3n<\/span><span class=\"gutentor-module-accordion-icon\"><i class=\"gm-aio-ab5744 gutentor-module-accordion-icon-open fas fa-plus\"><\/i><i class=\"gm-aic-ab5744 gutentor-module-accordion-icon-close fas fa-minus\"><\/i><\/span><\/span><\/div><div class=\"gm-ab-ab5744 gutentor-module-accordion-body\">\n<div id=\"section-ga43416\" class=\"wp-block-gutentor-e0 section-ga43416 gutentor-element gutentor-element-advanced-text\"><div class=\"gutentor-text-wrap\"><p class=\"gutentor-text\">Se har\u00e1 a trav\u00e9s del <a href=\"https:\/\/docs.google.com\/forms\/d\/e\/1FAIpQLScggMfiX8qTY_yzmlgTC0MnXhPGtlkO13afiiVU4bOocLa2QA\/viewform?vc=0&amp;c=0&amp;w=1&amp;flr=0\">formulario web<\/a>, que incluir\u00e1 los datos del autor, un resumen del tema y su justificaci\u00f3n, y una selecci\u00f3n de palabras clave referentes al trabajo realizado.<br>Tambi\u00e9n incluir\u00e1 el nombre del director o coordinador del bachillerato del centro y el nombre del profesor encargado de la tutorizaci\u00f3n del trabajo.<br>Los trabajos se entregar\u00e1n en un fichero pdf, a trav\u00e9s del formulario adjunto. Se podr\u00e1 presentar adicionalmente un archivo con material audiovisual con un l\u00edmite de 10 MB en un formato que sea reproducible con VLC.<br>En la presentaci\u00f3n del trabajo se podr\u00e1 adjuntar una carta de motivaci\u00f3n que destaque el inter\u00e9s, aportaciones o valor de los resultados.<strong><br>El plazo de presentaci\u00f3n de los trabajos finaliza el 27 de marzo de 2026.<\/strong><\/p><\/div><\/div>\n<\/div><\/div><\/div>\n\n\n\n<div id=\"99c667\" class=\"wp-block-gutentor-m6-item section-99c667 gutentor-module gutentor-module-accordion-item\"><div class=\"gutentor-module-accordion-panel g-a-panel-ab5744\"><div class=\"gm-ah-ab5744 gutentor-module-accordion-item-heading gutentor-module-icon-position-right\"><span class=\"gutentor-module-accordion-panel-handler\" role=\"button\"><span class=\"gutentor-module-accordion-panel-handler-label\">Comit\u00e9 cient\u00edfico y jurado<\/span><span class=\"gutentor-module-accordion-icon\"><i class=\"gm-aio-ab5744 gutentor-module-accordion-icon-open fas fa-plus\"><\/i><i class=\"gm-aic-ab5744 gutentor-module-accordion-icon-close fas fa-minus\"><\/i><\/span><\/span><\/div><div class=\"gm-ab-ab5744 gutentor-module-accordion-body\">\n<div id=\"section-ge57c7f\" class=\"wp-block-gutentor-e0 section-ge57c7f gutentor-element gutentor-element-advanced-text\"><div class=\"gutentor-text-wrap\"><p class=\"gutentor-text\">Miembros especialistas del profesorado de la ESMUC evaluar\u00e1n los trabajos presentados. A partir de dichas evaluaciones, el Comit\u00e9 Cient\u00edfico formado por representantes de la ESMUC har\u00e1 la selecci\u00f3n de aquellos trabajos que optar\u00e1n a los Premios y distinciones finalistas.<br><br>Por \u00faltimo, un Jurado formado por especialistas y presidido por la Directora General de la ESMUC valorar\u00e1 la selecci\u00f3n de trabajos propuesta por el Comit\u00e9 Cient\u00edfico y determinar\u00e1 las personas ganadoras de los Premios. El Jurado se reserva el derecho a dejar el premio desierto y su decisi\u00f3n ser\u00e1 inapelable.<\/p><\/div><\/div>\n<\/div><\/div><\/div>\n\n\n\n<div id=\"760638\" class=\"wp-block-gutentor-m6-item section-760638 gutentor-module gutentor-module-accordion-item\"><div class=\"gutentor-module-accordion-panel g-a-panel-ab5744\"><div class=\"gm-ah-ab5744 gutentor-module-accordion-item-heading gutentor-module-icon-position-right\"><span class=\"gutentor-module-accordion-panel-handler\" role=\"button\"><span class=\"gutentor-module-accordion-panel-handler-label\">Criterios de evaluaci\u00f3n<\/span><span class=\"gutentor-module-accordion-icon\"><i class=\"gm-aio-ab5744 gutentor-module-accordion-icon-open fas fa-plus\"><\/i><i class=\"gm-aic-ab5744 gutentor-module-accordion-icon-close fas fa-minus\"><\/i><\/span><\/span><\/div><div class=\"gm-ab-ab5744 gutentor-module-accordion-body\">\n<div id=\"section-g639e48\" class=\"wp-block-gutentor-e7 section-g639e48 gutentor-element gutentor-element-list\"><ul class=\"grid-row gutentor-grid-item-wrap list-indicator-icon\"><li class=\"gutentor-list-item grid-lg-12 grid-md-12 grid-12\"><span class=\"gutentor-single-item gutentor-single-item-0\"><span class=\"gutentor-list-item-wrap g-s-list-wrap\"><span class=\"gutentor-single-list-item-icon\"><i class=\"list-item-icon fas fa-angle-right\"><\/i><\/span><span class=\"gutentor-list-item\"><p class=\"gutentor-single-item-title\">Originalidad y creatividad de la tem\u00e1tica, del planteamiento y de la metodolog\u00eda empleada.<\/p><\/span><\/span><\/span><\/li><li class=\"gutentor-list-item grid-lg-12 grid-md-12 grid-12\"><span class=\"gutentor-single-item gutentor-single-item-1\"><span class=\"gutentor-list-item-wrap g-s-list-wrap\"><span class=\"gutentor-single-list-item-icon\"><i class=\"list-item-icon fas fa-angle-right\"><\/i><\/span><span class=\"gutentor-list-item\"><p class=\"gutentor-single-item-title\">Aspectos formales y referencias documentadas.<\/p><\/span><\/span><\/span><\/li><li class=\"gutentor-list-item grid-lg-12 grid-md-12 grid-12\"><span class=\"gutentor-single-item gutentor-single-item-2\"><span class=\"gutentor-list-item-wrap g-s-list-wrap\"><span class=\"gutentor-single-list-item-icon\"><i class=\"list-item-icon fas fa-angle-right\"><\/i><\/span><span class=\"gutentor-list-item\"><p class=\"gutentor-single-item-title\">Coherencia, rigor y grado de elaboraci\u00f3n de las conclusiones presentadas.<\/p><\/span><\/span><\/span><\/li><li class=\"gutentor-list-item grid-lg-12 grid-md-12 grid-12\"><span class=\"gutentor-single-item gutentor-single-item-3\"><span class=\"gutentor-list-item-wrap g-s-list-wrap\"><span class=\"gutentor-single-list-item-icon\"><i class=\"list-item-icon fas fa-angle-right\"><\/i><\/span><span class=\"gutentor-list-item\"><p class=\"gutentor-single-item-title\">Relevancia y pertenencia del tema tratado en el \u00e1rea de conocimiento de la m\u00fasica.<\/p><\/span><\/span><\/span><\/li><\/ul><\/div>\n<\/div><\/div><\/div>\n\n\n\n<div id=\"46c50d\" class=\"wp-block-gutentor-m6-item section-46c50d gutentor-module gutentor-module-accordion-item\"><div class=\"gutentor-module-accordion-panel g-a-panel-ab5744\"><div class=\"gm-ah-ab5744 gutentor-module-accordion-item-heading gutentor-module-icon-position-right\"><span class=\"gutentor-module-accordion-panel-handler\" role=\"button\"><span class=\"gutentor-module-accordion-panel-handler-label\">Premios<\/span><span class=\"gutentor-module-accordion-icon\"><i class=\"gm-aio-ab5744 gutentor-module-accordion-icon-open fas fa-plus\"><\/i><i class=\"gm-aic-ab5744 gutentor-module-accordion-icon-close fas fa-minus\"><\/i><\/span><\/span><\/div><div class=\"gm-ab-ab5744 gutentor-module-accordion-body\">\n<div id=\"section-gd7787a\" class=\"wp-block-gutentor-e0 section-gd7787a gutentor-element gutentor-element-advanced-text\"><div class=\"gutentor-text-wrap\"><p class=\"gutentor-text\">De todos los trabajos presentados se escoger\u00e1n los cuatro mejores valorados. A uno de ellos se le otorgar\u00e1 el Premio ESMUC y al resto tres menciones.<br><br>Las distinciones otorgadas en esta edici\u00f3n ser\u00e1n las siguientes:<\/p><\/div><\/div>\n\n\n\n<div id=\"section-g09c889\" class=\"wp-block-gutentor-e7 section-g09c889 gutentor-element gutentor-element-list\"><ul class=\"grid-row gutentor-grid-item-wrap list-indicator-icon\"><li class=\"gutentor-list-item grid-lg-12 grid-md-12 grid-12\"><span class=\"gutentor-single-item gutentor-single-item-0\"><span class=\"gutentor-list-item-wrap g-s-list-wrap\"><span class=\"gutentor-single-list-item-icon\"><i class=\"list-item-icon fas fa-angle-right\"><\/i><\/span><span class=\"gutentor-list-item\"><p class=\"gutentor-single-item-title\">Premio ESMUC al mejor trabajo: dotaci\u00f3n econ\u00f3mica de 300 \u20ac, publicaci\u00f3n del trabajo en el repositorio institucional de la ESMUC con una licencia CC BY-NC-ND 4.0 y diploma. A este importe se le aplicar\u00e1n las retenciones de IRPF que legalmente correspondan.<\/p><\/span><\/span><\/span><\/li><li class=\"gutentor-list-item grid-lg-12 grid-md-12 grid-12\"><span class=\"gutentor-single-item gutentor-single-item-1\"><span class=\"gutentor-list-item-wrap g-s-list-wrap\"><span class=\"gutentor-single-list-item-icon\"><i class=\"list-item-icon fas fa-angle-right\"><\/i><\/span><span class=\"gutentor-list-item\"><p class=\"gutentor-single-item-title\">Menci\u00f3n de trabajo finalista: diploma m\u00e1s obsequio.<\/p><\/span><\/span><\/span><\/li><li class=\"gutentor-list-item grid-lg-12 grid-md-12 grid-12\"><span class=\"gutentor-single-item gutentor-single-item-2\"><span class=\"gutentor-list-item-wrap g-s-list-wrap\"><span class=\"gutentor-single-list-item-icon\"><i class=\"list-item-icon fas fa-angle-right\"><\/i><\/span><span class=\"gutentor-list-item\"><p class=\"gutentor-single-item-title\">Tanto la persona premiada como las menciones recibir\u00e1n hasta 2 entradas para asistir a una selecci\u00f3n de espect\u00e1culos de la programaci\u00f3n de m\u00fasica y danza de la Factor\u00eda Cultural Terrassa (www.fundacioct.cat), durante el per\u00edodo 2026\/junio 2027, gracias a la colaboraci\u00f3n de la Fundaci\u00f3n Antiguas Cajas Catalanas y BBVA en el Premio Esmuc de Trabajos de Investigaci\u00f3n de Bachillerato. <br>Se deber\u00e1 contactar a trav\u00e9s de fundacio@fcaixescatalanes.cat<\/p><\/span><\/span><\/span><\/li><\/ul><\/div>\n<\/div><\/div><\/div>\n\n\n\n<div id=\"b5843e\" class=\"wp-block-gutentor-m6-item section-b5843e gutentor-module gutentor-module-accordion-item\"><div class=\"gutentor-module-accordion-panel g-a-panel-ab5744\"><div class=\"gm-ah-ab5744 gutentor-module-accordion-item-heading gutentor-module-icon-position-right\"><span class=\"gutentor-module-accordion-panel-handler\" role=\"button\"><span class=\"gutentor-module-accordion-panel-handler-label\">Veredicto<\/span><span class=\"gutentor-module-accordion-icon\"><i class=\"gm-aio-ab5744 gutentor-module-accordion-icon-open fas fa-plus\"><\/i><i class=\"gm-aic-ab5744 gutentor-module-accordion-icon-close fas fa-minus\"><\/i><\/span><\/span><\/div><div class=\"gm-ab-ab5744 gutentor-module-accordion-body\">\n<div id=\"section-g6ecd00\" class=\"wp-block-gutentor-e0 section-g6ecd00 gutentor-element gutentor-element-advanced-text\"><div class=\"gutentor-text-wrap\"><p class=\"gutentor-text\">La relaci\u00f3n de finalistas se har\u00e1 p\u00fablica en la web de la ESMUC en verano. El veredicto del jurado se dar\u00e1 a conocer en el acto inaugural del curso 2025-2026, momento en el que se entregar\u00e1n los premios.<br><br><strong>La participaci\u00f3n en el concurso implica la aceptaci\u00f3n de estas bases.<\/strong><\/p><\/div><\/div>\n<\/div><\/div><\/div>\n<\/div><\/section>\n\n\n\n<div style=\"height:30px\" aria-hidden=\"true\" class=\"wp-block-spacer\"><\/div>\n\n\n\n<h3 class=\"wp-block-heading\">Trabajos premiados<\/h3>\n\n\n\n<section id=\"936bd3\" class=\"section-936bd3 gutentor-module gutentor-module-accordion\"><div class=\"grid-container\">\n<div id=\"g-45y4epx\" class=\"wp-block-gutentor-m6-item section-g-45y4epx gutentor-module gutentor-module-accordion-item\"><div class=\"gutentor-module-accordion-panel g-a-panel-936bd3\"><div class=\"gm-ah-936bd3 gutentor-module-accordion-item-heading gutentor-module-icon-position-right\"><span class=\"gutentor-module-accordion-panel-handler\" role=\"button\"><span class=\"gutentor-module-accordion-panel-handler-label\">Convocatoria 2025<\/span><span class=\"gutentor-module-accordion-icon\"><i class=\"gm-aio-936bd3 gutentor-module-accordion-icon-open fas fa-plus\"><\/i><i class=\"gm-aic-936bd3 gutentor-module-accordion-icon-close fas fa-minus\"><\/i><\/span><\/span><\/div><div class=\"gm-ab-936bd3 gutentor-module-accordion-body\">\n<section id=\"g-5jbybye\" class=\"wp-block-gutentor-m3 section-g-5jbybye gutentor-module gutentor-container-cover\"><div class=\"grid-container\">\n<table id=\"tablepress-975\" class=\"tablepress tablepress-id-975\">\n<tbody class=\"row-striping row-hover\">\n<tr class=\"row-1\">\n\t<td class=\"column-1\">Mart\u00ed Sabat\u00e9 Puchol (guanyador)<\/td><td class=\"column-2\"><i>Rescat hist\u00f2ric i musical de Josep Radu\u00e0: un compositor flixanco del segle XVII<i><\/td><td class=\"column-3\">Institut de Flix<\/td>\n<\/tr>\n<tr class=\"row-2\">\n\t<td class=\"column-1\">Pau Hormias Bestraten (acc\u00e8ssit)<\/td><td class=\"column-2\"><i>On es feia jazz en la Barcelona d\u2019entreguerres?<i><\/td><td class=\"column-3\">Jesuites Bellvitge \u2013 Centre d\u2019Estudis Joan XXIII de l\u2019Hospitalet de Llobregat<\/td>\n<\/tr>\n<tr class=\"row-3\">\n\t<td class=\"column-1\"> Mart\u00ed Huguet Moreno (acc\u00e8ssit)<\/td><td class=\"column-2\"><i>El paper del viol\u00ed en el flamenc<i><\/td><td class=\"column-3\">Lestonnac de Barcelona<\/td>\n<\/tr>\n<tr class=\"row-4\">\n\t<td class=\"column-1\">Sofiya Zueva (acc\u00e8ssit)<\/td><td class=\"column-2\"><i>Quan les notes sanen: un viatge a trav\u00e9s de la musicoter\u00e0pia<i><\/td><td class=\"column-3\">Institut Bisbe Sivilla de Calella<\/td>\n<\/tr>\n<\/tbody>\n<\/table>\n<!-- #tablepress-975 from cache -->\n<\/div><\/section>\n<\/div><\/div><\/div>\n\n\n\n<div id=\"g-k8skfb9\" class=\"wp-block-gutentor-m6-item section-g-k8skfb9 gutentor-module gutentor-module-accordion-item\"><div class=\"gutentor-module-accordion-panel g-a-panel-936bd3\"><div class=\"gm-ah-936bd3 gutentor-module-accordion-item-heading gutentor-module-icon-position-right\"><span class=\"gutentor-module-accordion-panel-handler\" role=\"button\"><span class=\"gutentor-module-accordion-panel-handler-label\">Convocatoria 2024<\/span><span class=\"gutentor-module-accordion-icon\"><i class=\"gm-aio-936bd3 gutentor-module-accordion-icon-open fas fa-plus\"><\/i><i class=\"gm-aic-936bd3 gutentor-module-accordion-icon-close fas fa-minus\"><\/i><\/span><\/span><\/div><div class=\"gm-ab-936bd3 gutentor-module-accordion-body\">\n<section id=\"gm8b18edb\" class=\"wp-block-gutentor-m3 section-gm8b18edb gutentor-module gutentor-container-cover\"><div class=\"grid-container\">\n<table id=\"tablepress-950\" class=\"tablepress tablepress-id-950\">\n<tbody class=\"row-striping row-hover\">\n<tr class=\"row-1\">\n\t<td class=\"column-1\">Isaac Solsona de la Encarnaci\u00f3n (guanyador)<\/td><td class=\"column-2\"><i>Innovaci\u00f3 en l\u2019ensenyament: matem\u00e0tiques i m\u00fasica en simfonia<i><\/td><td class=\"column-3\">Institut Vacarisses<\/td>\n<\/tr>\n<tr class=\"row-2\">\n\t<td class=\"column-1\">Ona Camps Pardos (acc\u00e8ssit)<\/td><td class=\"column-2\"><i>La m\u00fasica dels edificis, escoltant \u201cUn passeig per Sant Andreu de Palomar\u201d <i><\/td><td class=\"column-3\">Sagrada Familia de Sant Andreu<\/td>\n<\/tr>\n<tr class=\"row-3\">\n\t<td class=\"column-1\">Jana Madrid Sim\u00f3n (acc\u00e8ssit)<\/td><td class=\"column-2\"><i>Moviment corporal amb m\u00fasica: eina pel desenvolupament de la ment i les emocions<i><\/td><td class=\"column-3\">Institut Eugeni d\u2019Ors de Vilafranca del Pened\u00e8s<\/td>\n<\/tr>\n<tr class=\"row-4\">\n\t<td class=\"column-1\">Alba Mart\u00ednez Hern\u00e1ndez (acc\u00e8ssit)<\/td><td class=\"column-2\"><i>La funcionalitat de la musicoter\u00e0pia<i><\/td><td class=\"column-3\">Institut Rovira-Forns de Santa Perp\u00e8tua de Mogoda<\/td>\n<\/tr>\n<\/tbody>\n<\/table>\n<!-- #tablepress-950 from cache -->\n<\/div><\/section>\n<\/div><\/div><\/div>\n\n\n\n<div id=\"731f70\" class=\"wp-block-gutentor-m6-item section-731f70 gutentor-module gutentor-module-accordion-item\"><div class=\"gutentor-module-accordion-panel g-a-panel-936bd3\"><div class=\"gm-ah-936bd3 gutentor-module-accordion-item-heading gutentor-module-icon-position-right\"><span class=\"gutentor-module-accordion-panel-handler\" role=\"button\"><span class=\"gutentor-module-accordion-panel-handler-label\">Convocatoria 2023<\/span><span class=\"gutentor-module-accordion-icon\"><i class=\"gm-aio-936bd3 gutentor-module-accordion-icon-open fas fa-plus\"><\/i><i class=\"gm-aic-936bd3 gutentor-module-accordion-icon-close fas fa-minus\"><\/i><\/span><\/span><\/div><div class=\"gm-ab-936bd3 gutentor-module-accordion-body\">\n<section id=\"g-o73end1\" class=\"wp-block-gutentor-m3 section-g-o73end1 gutentor-module gutentor-container-cover\"><div class=\"grid-container\">\n<table id=\"tablepress-750\" class=\"tablepress tablepress-id-750\">\n<tbody class=\"row-striping row-hover\">\n<tr class=\"row-1\">\n\t<td class=\"column-1\">Anna Asencio Casas<br \/>\n(guanyadora)<\/td><td class=\"column-2\"><a href=\"https:\/\/esmuc-my.sharepoint.com\/:b:\/g\/personal\/rtamarit_esmuc_cat\/EcXLTlOzvYdBp35Bpm3nrwUBCXctCCEqu0HSYakEzGKwKg?e=Kgcjns\"><em>Estudi d\u2019un repertori in\u00e8dit per a tible<\/em><\/a><\/td><td class=\"column-3\">Institut La Bisbal d\u2019Empord\u00e0<\/td>\n<\/tr>\n<tr class=\"row-2\">\n\t<td class=\"column-1\">Joan Boixadera Ballar\u00e0 (acc\u00e8ssit)<\/td><td class=\"column-2\"><i>M\u00fasica i paraula: una simbiosi de dos llenguatges per arribar a D\u00e9u<i><\/td><td class=\"column-3\">La Salle (Manresa)<\/td>\n<\/tr>\n<tr class=\"row-3\">\n\t<td class=\"column-1\">Paula Garc\u00eda Balb\u00edn (acc\u00e8ssit)<\/td><td class=\"column-2\"><i>Ferrater en clau de corda<i><\/td><td class=\"column-3\">Institut Jaume Call\u00eds (Vic)<\/td>\n<\/tr>\n<tr class=\"row-4\">\n\t<td class=\"column-1\">Anna Nogu\u00e9 Tubau (acc\u00e8ssit)<\/td><td class=\"column-2\"><i>Improvisar per preservar el llegat<i><\/td><td class=\"column-3\">La Salle (Manlleu)<\/td>\n<\/tr>\n<\/tbody>\n<\/table>\n<!-- #tablepress-750 from cache -->\n<\/div><\/section>\n<\/div><\/div><\/div>\n\n\n\n<div id=\"52b7e0\" class=\"wp-block-gutentor-m6-item section-52b7e0 gutentor-module gutentor-module-accordion-item\"><div class=\"gutentor-module-accordion-panel g-a-panel-936bd3\"><div class=\"gm-ah-936bd3 gutentor-module-accordion-item-heading gutentor-module-icon-position-right\"><span class=\"gutentor-module-accordion-panel-handler\" role=\"button\"><span class=\"gutentor-module-accordion-panel-handler-label\">Convocatoria 2022<\/span><span class=\"gutentor-module-accordion-icon\"><i class=\"gm-aio-936bd3 gutentor-module-accordion-icon-open fas fa-plus\"><\/i><i class=\"gm-aic-936bd3 gutentor-module-accordion-icon-close fas fa-minus\"><\/i><\/span><\/span><\/div><div class=\"gm-ab-936bd3 gutentor-module-accordion-body\">\n<section id=\"gmdcd4afb\" class=\"wp-block-gutentor-m3 section-gmdcd4afb gutentor-module gutentor-container-cover\"><div class=\"grid-container\">\n<table id=\"tablepress-580\" class=\"tablepress tablepress-id-580\">\n<tbody class=\"row-striping row-hover\">\n<tr class=\"row-1\">\n\t<td class=\"column-1\">Laia Gl\u00fcck Mart\u00ednez (guanyadora)<\/td><td class=\"column-2\"><a href=\"https:\/\/drive.google.com\/file\/d\/1J7kFZLprM0qbDQPEtg3-b-kRalEJkx1T\/view?usp=share_link\"target=\"_blank\"><i>M\u00fasica d\u2019arrel tradicional i joventut<i><\/td><td class=\"column-3\">IEA Oriol Martorell (Barcelona)<\/td>\n<\/tr>\n<tr class=\"row-2\">\n\t<td class=\"column-1\">Ramon Bernadas Sig\u00fcenza (acc\u00e8ssit)<\/td><td class=\"column-2\"><i>Quines s\u00f3n les claus de l'\u00e8xit de les obres musicals que m\u00e9s venen?<i><\/td><td class=\"column-3\">Escola Pia (Sabadell)<\/td>\n<\/tr>\n<tr class=\"row-3\">\n\t<td class=\"column-1\">Jaume Bosser Toca (acc\u00e8ssit)<\/td><td class=\"column-2\"><i>Construcci\u00f3 d'aparells de mesura per a l'estudi dels modes de resson\u00e0ncia d'instruments d'arc<i><\/td><td class=\"column-3\">IES Pere Vives Vich (Igualada)<\/td>\n<\/tr>\n<tr class=\"row-4\">\n\t<td class=\"column-1\">Iria Massaguer Llanas (acc\u00e8ssit)<\/td><td class=\"column-2\"><i>Quan la m\u00fasica desafia l'oblit<i><\/td><td class=\"column-3\">Col\u00b7legi Santa Teresa (Barcelona)<\/td>\n<\/tr>\n<\/tbody>\n<\/table>\n<!-- #tablepress-580 from cache -->\n<\/div><\/section>\n<\/div><\/div><\/div>\n\n\n\n<div id=\"a4e014\" class=\"wp-block-gutentor-m6-item section-a4e014 gutentor-module gutentor-module-accordion-item\"><div class=\"gutentor-module-accordion-panel g-a-panel-936bd3\"><div class=\"gm-ah-936bd3 gutentor-module-accordion-item-heading gutentor-module-icon-position-right\"><span class=\"gutentor-module-accordion-panel-handler\" role=\"button\"><span class=\"gutentor-module-accordion-panel-handler-label\">Convocatoria 2021<\/span><span class=\"gutentor-module-accordion-icon\"><i class=\"gm-aio-936bd3 gutentor-module-accordion-icon-open fas fa-plus\"><\/i><i class=\"gm-aic-936bd3 gutentor-module-accordion-icon-close fas fa-minus\"><\/i><\/span><\/span><\/div><div class=\"gm-ab-936bd3 gutentor-module-accordion-body\">\n<section id=\"gmd82b63b\" class=\"wp-block-gutentor-m3 section-gmd82b63b gutentor-module gutentor-container-cover\"><div class=\"grid-container\">\n<table id=\"tablepress-581\" class=\"tablepress tablepress-id-581\">\n<tbody class=\"row-striping row-hover\">\n<tr class=\"row-1\">\n\t<td class=\"column-1\">Isabel Porta Fit\u00f3 i Meritxell Torra Merr\u00edn (guanyadores)<\/td><td class=\"column-2\"><a href=\"https:\/\/drive.google.com\/file\/d\/1dWoVTj8eZcleh20tZuu80v2mFnS3cI5m\/view?usp=share_link\"target=\"_blank\"><i>L'habilitat musical: desenvolupament, factors influents i mesurament<i><\/td><td class=\"column-3\">Institut Pau Vila (Sabadell)<\/td>\n<\/tr>\n<tr class=\"row-2\">\n\t<td class=\"column-1\">Jordi Carreras Serra (acc\u00e8ssit)<\/td><td class=\"column-2\"><i>M\u00fasica narrativitzada<i><\/td><td class=\"column-3\">Escola Vedruna (Palam\u00f3s)<\/td>\n<\/tr>\n<tr class=\"row-3\">\n\t<td class=\"column-1\">Catalina Riutort Fort (acc\u00e8ssit)<\/td><td class=\"column-2\"><i>Frei Aber Einsam (lliure per\u00f2 solitari): el llenguatge musical literari en el Romanticisme<i><\/td><td class=\"column-3\">Institut Marti l'Hum\u00e0 (Montblanc)<\/td>\n<\/tr>\n<tr class=\"row-4\">\n\t<td class=\"column-1\">Maria Subirats N\u00faria (acc\u00e8ssit)<\/td><td class=\"column-2\"><i>Interpretaci\u00f3 filos\u00f2fica i hermen\u00e8utica de la Segona simfonia de Gustav Mahler<i><\/td><td class=\"column-3\">Institut Crist\u00f2fol Despuig (Tortosa)<\/td>\n<\/tr>\n<\/tbody>\n<\/table>\n<!-- #tablepress-581 from cache -->\n<\/div><\/section>\n<\/div><\/div><\/div>\n\n\n\n<div id=\"372181\" class=\"wp-block-gutentor-m6-item section-372181 gutentor-module gutentor-module-accordion-item\"><div class=\"gutentor-module-accordion-panel g-a-panel-936bd3\"><div class=\"gm-ah-936bd3 gutentor-module-accordion-item-heading gutentor-module-icon-position-right\"><span class=\"gutentor-module-accordion-panel-handler\" role=\"button\"><span class=\"gutentor-module-accordion-panel-handler-label\">Convocatoria 2020<\/span><span class=\"gutentor-module-accordion-icon\"><i class=\"gm-aio-936bd3 gutentor-module-accordion-icon-open fas fa-plus\"><\/i><i class=\"gm-aic-936bd3 gutentor-module-accordion-icon-close fas fa-minus\"><\/i><\/span><\/span><\/div><div class=\"gm-ab-936bd3 gutentor-module-accordion-body\">\n<section id=\"gm7e78fa0\" class=\"wp-block-gutentor-m3 section-gm7e78fa0 gutentor-module gutentor-container-cover\"><div class=\"grid-container\">\n<table id=\"tablepress-582\" class=\"tablepress tablepress-id-582\">\n<tbody class=\"row-striping row-hover\">\n<tr class=\"row-1\">\n\t<td class=\"column-1\">Alba Linares Torres (guanyadora)<\/td><td class=\"column-2\"><a href=\"https:\/\/drive.google.com\/file\/d\/1xF1UiL4YhgH96He4j02unP3vpKwniDbL\/view?usp=sharing\"target=\"_blank\"><i>Polques i romances al sal\u00f3 dels Cabrera<i><\/td><td class=\"column-3\">Institut La Bisbal d'Empord\u00e0<\/td>\n<\/tr>\n<tr class=\"row-2\">\n\t<td class=\"column-1\">Bellmunt Blanco Arnau (acc\u00e8ssit)<\/td><td class=\"column-2\"><i>El flamenc i el Mal Querer<i><\/td><td class=\"column-3\">Escola IPSE (Barcelona)<\/td>\n<\/tr>\n<tr class=\"row-3\">\n\t<td class=\"column-1\">Palmira Salvador Pereta (acc\u00e8ssit)<\/td><td class=\"column-2\"><i>Llenguatge: origen i relaci\u00f3<i><\/td><td class=\"column-3\">Institut Samuel Gili i Gaya (Lleida)<\/td>\n<\/tr>\n<tr class=\"row-4\">\n\t<td class=\"column-1\">Alba Valdivieso Passolas (acc\u00e8ssit)<\/td><td class=\"column-2\"><i>Lideratge i direcci\u00f3 d\u2019orquestra: les dones<i><\/td><td class=\"column-3\">Institut Jaume Balmes de (Barcelona)<\/td>\n<\/tr>\n<\/tbody>\n<\/table>\n<!-- #tablepress-582 from cache -->\n<\/div><\/section>\n<\/div><\/div><\/div>\n\n\n\n<div id=\"097d45\" class=\"wp-block-gutentor-m6-item section-097d45 gutentor-module gutentor-module-accordion-item\"><div class=\"gutentor-module-accordion-panel g-a-panel-936bd3\"><div class=\"gm-ah-936bd3 gutentor-module-accordion-item-heading gutentor-module-icon-position-right\"><span class=\"gutentor-module-accordion-panel-handler\" role=\"button\"><span class=\"gutentor-module-accordion-panel-handler-label\">Convocatoria 2019<\/span><span class=\"gutentor-module-accordion-icon\"><i class=\"gm-aio-936bd3 gutentor-module-accordion-icon-open fas fa-plus\"><\/i><i class=\"gm-aic-936bd3 gutentor-module-accordion-icon-close fas fa-minus\"><\/i><\/span><\/span><\/div><div class=\"gm-ab-936bd3 gutentor-module-accordion-body\">\n<section id=\"gm20305cb\" class=\"wp-block-gutentor-m3 section-gm20305cb gutentor-module gutentor-container-cover\"><div class=\"grid-container\">\n<table id=\"tablepress-583\" class=\"tablepress tablepress-id-583\">\n<tbody class=\"row-striping row-hover\">\n<tr class=\"row-1\">\n\t<td class=\"column-1\">Cristina Bosch (guanyadora)<\/td><td class=\"column-2\"><a href=\"https:\/\/drive.google.com\/drive\/folders\/1K8BJW82rHI9c6bHqJasr9zj8CXIrt-XK?usp=share_link\"target=\"_blank\"><i>Melodies de guerra: an\u00e0lisi de les bandes sonores originals de pel\u00b7l\u00edcules sobre la Segona Guerra Mundial<i><\/td><td class=\"column-3\">Escola Vedruna Escorial (Vic)<\/td>\n<\/tr>\n<tr class=\"row-2\">\n\t<td class=\"column-1\">Arnau Gran Romero (acc\u00e8ssit)<\/td><td class=\"column-2\"><i>Xavier Montsalvatge: el compositor de la llibertat<i><\/td><td class=\"column-3\">Escola Montessori-Palau (Girona)<\/td>\n<\/tr>\n<tr class=\"row-3\">\n\t<td class=\"column-1\">Mart\u00ed Mar\u00edn Lluch (acc\u00e8ssit)<\/td><td class=\"column-2\"><i>Projecte interdisciplinar i des de l\u2019assignatura de m\u00fasica: una proposta educativa en el context de l\u2019Escola Nova 21<i><\/td><td class=\"column-3\">Escola Proa (Barcelona)<\/td>\n<\/tr>\n<tr class=\"row-4\">\n\t<td class=\"column-1\">Albert Ventura (acc\u00e8ssit)<\/td><td class=\"column-2\"><i>El sax\u00f2fon: les canyes. Tipus, producci\u00f3 i arranjament<i><\/td><td class=\"column-3\">Institut Roquetes (Roquetes, Tarragona)<\/td>\n<\/tr>\n<\/tbody>\n<\/table>\n<!-- #tablepress-583 from cache -->\n<\/div><\/section>\n<\/div><\/div><\/div>\n\n\n\n<div id=\"3f0229\" class=\"wp-block-gutentor-m6-item section-3f0229 gutentor-module gutentor-module-accordion-item\"><div class=\"gutentor-module-accordion-panel g-a-panel-936bd3\"><div class=\"gm-ah-936bd3 gutentor-module-accordion-item-heading gutentor-module-icon-position-right\"><span class=\"gutentor-module-accordion-panel-handler\" role=\"button\"><span class=\"gutentor-module-accordion-panel-handler-label\">Convocatoria 2018<\/span><span class=\"gutentor-module-accordion-icon\"><i class=\"gm-aio-936bd3 gutentor-module-accordion-icon-open fas fa-plus\"><\/i><i class=\"gm-aic-936bd3 gutentor-module-accordion-icon-close fas fa-minus\"><\/i><\/span><\/span><\/div><div class=\"gm-ab-936bd3 gutentor-module-accordion-body\">\n<section id=\"gm602a4e7\" class=\"wp-block-gutentor-m3 section-gm602a4e7 gutentor-module gutentor-container-cover\"><div class=\"grid-container\">\n<table id=\"tablepress-584\" class=\"tablepress tablepress-id-584\">\n<tbody class=\"row-striping row-hover\">\n<tr class=\"row-1\">\n\t<td class=\"column-1\">Marta Cort\u00e8s Gibert (guanyadora)<\/td><td class=\"column-2\"><a href=\"https:\/\/drive.google.com\/file\/d\/1sc4GQEKdz-C_7An2jn4ITkoTTEfnRUy3\/view?usp=sharing\"target=\"_blank\"><i>La pres\u00e8ncia de la dona dins el m\u00f3n de la cobla<i><\/td><td class=\"column-3\">Institut La Bisbal d'Empord\u00e0<\/td>\n<\/tr>\n<tr class=\"row-2\">\n\t<td class=\"column-1\">Miquel Mu\u00f1iz Galdon  (acc\u00e8ssit)<\/td><td class=\"column-2\"><i>Francesc Costa, el violinista estimat<i><\/td><td class=\"column-3\">Institut Obert de Catalunya (Barcelona)<\/td>\n<\/tr>\n<tr class=\"row-3\">\n\t<td class=\"column-1\">Ana Garcia Romanyac (acc\u00e8ssit)<\/td><td class=\"column-2\"><i>The Physics of the Violin<i><\/td><td class=\"column-3\">Institut Ic\u00e0ria (Barcelona)<\/td>\n<\/tr>\n<tr class=\"row-4\">\n\t<td class=\"column-1\">Clara Santacana (acc\u00e8ssit)<\/td><td class=\"column-2\"><i>Del preludi al microludi: proc\u00e9s i composici\u00f3<i><\/td><td class=\"column-3\">IEA Oriol Martorell (Barcelona)<\/td>\n<\/tr>\n<\/tbody>\n<\/table>\n<!-- #tablepress-584 from cache -->\n<\/div><\/section>\n<\/div><\/div><\/div>\n\n\n\n<div id=\"0f2e53\" class=\"wp-block-gutentor-m6-item section-0f2e53 gutentor-module gutentor-module-accordion-item\"><div class=\"gutentor-module-accordion-panel g-a-panel-936bd3\"><div class=\"gm-ah-936bd3 gutentor-module-accordion-item-heading gutentor-module-icon-position-right\"><span class=\"gutentor-module-accordion-panel-handler\" role=\"button\"><span class=\"gutentor-module-accordion-panel-handler-label\">Convocatoria 2017<\/span><span class=\"gutentor-module-accordion-icon\"><i class=\"gm-aio-936bd3 gutentor-module-accordion-icon-open fas fa-plus\"><\/i><i class=\"gm-aic-936bd3 gutentor-module-accordion-icon-close fas fa-minus\"><\/i><\/span><\/span><\/div><div class=\"gm-ab-936bd3 gutentor-module-accordion-body\">\n<section id=\"gm2a153a0\" class=\"wp-block-gutentor-m3 section-gm2a153a0 gutentor-module gutentor-container-cover\"><div class=\"grid-container\">\n<table id=\"tablepress-585\" class=\"tablepress tablepress-id-585\">\n<tbody class=\"row-striping row-hover\">\n<tr class=\"row-1\">\n\t<td class=\"column-1\">Guillem Lloret Triola (guanyador)<\/td><td class=\"column-2\"><a href=\"https:\/\/drive.google.com\/file\/d\/1edIHVUG-_GsH-dCVxbLiRVle0aqhncAK\/view?usp=sharing\"target=\"_blank\"><i>Pisces: la can\u00e7\u00f3 perfecta<i><\/td><td class=\"column-3\">Institut Pere Alsius i Torrent (Banyoles)<\/td>\n<\/tr>\n<tr class=\"row-2\">\n\t<td class=\"column-1\">Laia Fandos (acc\u00e8ssit)<\/td><td class=\"column-2\"><i>M\u00fasica, la clau dels spots publicitaris<i><\/td><td class=\"column-3\">Campus ESART (Barcelona)<\/td>\n<\/tr>\n<tr class=\"row-3\">\n\t<td class=\"column-1\">Irene Real Bab\u00ed (acc\u00e8ssit)<\/td><td class=\"column-2\"><i>Pl\u00e0stic o fusta, tot \u00e9s ac\u00fastica<i><\/td><td class=\"column-3\">Institut Miquel Bosch i Jover (Art\u00e9s)<\/td>\n<\/tr>\n<tr class=\"row-4\">\n\t<td class=\"column-1\">Georgina Xifra Goya (acc\u00e8ssit)<\/td><td class=\"column-2\"><i>La ci\u00e8ncia que s\u2019amaga en la m\u00fasica<i><\/td><td class=\"column-3\">Institut Jaume Vicens Vives (Girona)<\/td>\n<\/tr>\n<\/tbody>\n<\/table>\n<!-- #tablepress-585 from cache -->\n<\/div><\/section>\n<\/div><\/div><\/div>\n<\/div><\/section>\n<\/div>\n<\/div>\n<\/div>\n<\/div>\n","protected":false},"excerpt":{"rendered":"<p>&nbsp; Premio ESMUC a Trabajos de Investigaci\u00f3n de Bachillerato sobre m\u00fasica Desde el curso 2016-2017, la ESMUC convoca un premio para el mejor trabajo de investigaci\u00f3n de bachillerato de Catalu\u00f1a con el objetivo de fomentar el esp\u00edritu de investigaci\u00f3n y la vocaci\u00f3n para el estudio de cualquier tem\u00e1tica relacionada con la m\u00fasica. Durante nueve convocatorias, [&hellip;]<\/p>\n","protected":false},"author":5,"featured_media":112853,"parent":37813,"menu_order":0,"comment_status":"closed","ping_status":"closed","template":"","meta":{"_acf_changed":false,"_themeisle_gutenberg_block_has_review":false,"footnotes":""},"categories":[1279],"tags":[1278],"class_list":["post-34668","page","type-page","status-publish","has-post-thumbnail","hentry","category-recerca-es","tag-recerca-es"],"acf":[],"publishpress_future_action":{"enabled":false,"date":"2026-05-04 07:25:01","action":"change-status","newStatus":"draft","terms":[],"taxonomy":"category","extraData":[]},"publishpress_future_workflow_manual_trigger":{"enabledWorkflows":[]},"_links":{"self":[{"href":"https:\/\/www.esmuc.cat\/es\/wp-json\/wp\/v2\/pages\/34668","targetHints":{"allow":["GET"]}}],"collection":[{"href":"https:\/\/www.esmuc.cat\/es\/wp-json\/wp\/v2\/pages"}],"about":[{"href":"https:\/\/www.esmuc.cat\/es\/wp-json\/wp\/v2\/types\/page"}],"author":[{"embeddable":true,"href":"https:\/\/www.esmuc.cat\/es\/wp-json\/wp\/v2\/users\/5"}],"replies":[{"embeddable":true,"href":"https:\/\/www.esmuc.cat\/es\/wp-json\/wp\/v2\/comments?post=34668"}],"version-history":[{"count":52,"href":"https:\/\/www.esmuc.cat\/es\/wp-json\/wp\/v2\/pages\/34668\/revisions"}],"predecessor-version":[{"id":116184,"href":"https:\/\/www.esmuc.cat\/es\/wp-json\/wp\/v2\/pages\/34668\/revisions\/116184"}],"up":[{"embeddable":true,"href":"https:\/\/www.esmuc.cat\/es\/wp-json\/wp\/v2\/pages\/37813"}],"wp:featuredmedia":[{"embeddable":true,"href":"https:\/\/www.esmuc.cat\/es\/wp-json\/wp\/v2\/media\/112853"}],"wp:attachment":[{"href":"https:\/\/www.esmuc.cat\/es\/wp-json\/wp\/v2\/media?parent=34668"}],"wp:term":[{"taxonomy":"category","embeddable":true,"href":"https:\/\/www.esmuc.cat\/es\/wp-json\/wp\/v2\/categories?post=34668"},{"taxonomy":"post_tag","embeddable":true,"href":"https:\/\/www.esmuc.cat\/es\/wp-json\/wp\/v2\/tags?post=34668"}],"curies":[{"name":"wp","href":"https:\/\/api.w.org\/{rel}","templated":true}]}}