{"id":31542,"date":"2021-06-21T13:31:07","date_gmt":"2021-06-21T11:31:07","guid":{"rendered":"https:\/\/www.esmuc.cat\/grau\/acces-i-admissio\/proves-dacces\/models-dexercicis-de-la-part-a\/"},"modified":"2026-04-29T17:13:03","modified_gmt":"2026-04-29T15:13:03","slug":"models-dexercicis-de-la-part-a","status":"publish","type":"page","link":"https:\/\/www.esmuc.cat\/es\/estudios\/grau\/acces-i-admissio\/proves-dacces\/models-dexercicis-de-la-part-a\/","title":{"rendered":"Modelos de ejercicios de la Parte A"},"content":{"rendered":"\n<div class=\"wp-block-columns is-layout-flex wp-container-core-columns-is-layout-9d6595d7 wp-block-columns-is-layout-flex\">\n<div class=\"wp-block-column esmuc__Menu_Masters is-layout-flow wp-block-column-is-layout-flow\" style=\"flex-basis:33.33%\">\n\n<\/div>\n\n\n\n<div class=\"wp-block-column is-layout-flow wp-block-column-is-layout-flow\" style=\"flex-basis:66.66%\"><div class=\"breadcrumbs align  wp-block-bcn-breadcrumb-trail has-text-color has-background\" vocab=\"https:\/\/schema.org\/\" typeof=\"BreadcrumbList\">\n\t<span><\/span>\n\t<span property=\"itemListElement\" typeof=\"ListItem\"><a property=\"item\" typeof=\"WebPage\" title=\"Ir a ESMUC.\" href=\"https:\/\/www.esmuc.cat\/es\/\" class=\"home\" ><span property=\"name\">ESMUC<\/span><\/a><meta property=\"position\" content=\"1\"><\/span> &gt; <span property=\"itemListElement\" typeof=\"ListItem\"><a property=\"item\" typeof=\"WebPage\" title=\"Ir a Estudios.\" href=\"https:\/\/www.esmuc.cat\/es\/estudios\/\" class=\"post post-page\" ><span property=\"name\">Estudios<\/span><\/a><meta property=\"position\" content=\"2\"><\/span> &gt; <span property=\"itemListElement\" typeof=\"ListItem\"><a property=\"item\" typeof=\"WebPage\" title=\"Ir a Grado.\" href=\"https:\/\/www.esmuc.cat\/es\/estudios\/grau\/\" class=\"post post-page\" ><span property=\"name\">Grado<\/span><\/a><meta property=\"position\" content=\"3\"><\/span> &gt; <span property=\"itemListElement\" typeof=\"ListItem\"><a property=\"item\" typeof=\"WebPage\" title=\"Ir a Acceso y Admisi\u00f3n.\" href=\"https:\/\/www.esmuc.cat\/es\/estudios\/grau\/acces-i-admissio\/\" class=\"post post-page\" ><span property=\"name\">Acceso y Admisi\u00f3n<\/span><\/a><meta property=\"position\" content=\"4\"><\/span> &gt; <span property=\"itemListElement\" typeof=\"ListItem\"><a property=\"item\" typeof=\"WebPage\" title=\"Ir a Pruebas de acceso.\" href=\"https:\/\/www.esmuc.cat\/es\/estudios\/grau\/acces-i-admissio\/proves-dacces\/\" class=\"post post-page\" ><span property=\"name\">Pruebas de acceso<\/span><\/a><meta property=\"position\" content=\"5\"><\/span> &gt; <span property=\"itemListElement\" typeof=\"ListItem\"><span property=\"name\" class=\"post post-page current-item\">Modelos de ejercicios de la Parte A<\/span><meta property=\"url\" content=\"https:\/\/www.esmuc.cat\/es\/estudios\/grau\/acces-i-admissio\/proves-dacces\/models-dexercicis-de-la-part-a\/\"><meta property=\"position\" content=\"6\"><\/span><\/div>\n\n\n\n<h1 class=\"wp-block-heading\" id=\"models-d-exercicis-de-la-part-a\">Modelos de ejercicios de la Parte A<\/h1>\n\n\n\n<table id=\"tablepress-375\" class=\"tablepress tablepress-id-375\">\n<thead>\n<tr class=\"row-1\">\n\t<th colspan=\"2\" class=\"column-1\">A1.- Transcripci\u00f3n r\u00edtmico-mel\u00f3dica<\/th>\n<\/tr>\n<\/thead>\n<tbody class=\"row-striping row-hover\">\n<tr class=\"row-2\">\n\t<td class=\"column-1\">M\u00fasica cl\u00e1sica y contempor\u00e1nea<\/td><td class=\"column-2\"><a href=\"https:\/\/www.esmuc.cat\/wp-content\/uploads\/2026\/04\/A1-Transcripcio-ritmica-melodica-Classica-Contemporania-Audio2025JU.mp3\">Transcripci\u00f3n ritmicomel\u00f3dica: cl\u00e1sica y contempor\u00e1nea - audio<\/a><br \/>\n<br \/>\n<a href=\"https:\/\/www.esmuc.cat\/wp-content\/uploads\/2026\/04\/A1-Transcripcio-ritmica-melodica-Classica-Contemporania-2025JU.pdf\">Transcripci\u00f3n ritmicomel\u00f3dica: cl\u00e1sica y contempor\u00e1nea - ejercicio<\/a><\/td>\n<\/tr>\n<tr class=\"row-3\">\n\t<td class=\"column-1\">M\u00fasica antigua<\/td><td class=\"column-2\"><a href=\"https:\/\/www.esmuc.cat\/wp-content\/uploads\/2026\/04\/A1-Transcripcio-ritmica-melodica-Musica-Antiga-Audio2025JU.mp3\">Transcripci\u00f3n ritmicomel\u00f3dica: antigua - audio  <\/a><br \/>\n<br \/>\n<a href=\"https:\/\/www.esmuc.cat\/wp-content\/uploads\/2026\/04\/A1-Transcripcio-ritmica-melodica-Musica-Antiga-2025JU.pdf\">Transcripci\u00f3n ritmicomel\u00f3dica: antigua - ejercicio <\/a><\/td>\n<\/tr>\n<tr class=\"row-4\">\n\t<td class=\"column-1\">M\u00fasica tradicional catalana (cobla)<\/td><td class=\"column-2\"><a href=\"https:\/\/www.esmuc.cat\/wp-content\/uploads\/2026\/04\/A1-Transcripcio-ritmica-melodica-Cobla-Audio2025JU.mp3\">Transcripci\u00f3n ritmicomel\u00f3dica: cobla - audio<\/a><br \/>\n<br \/>\n<a href=\"https:\/\/www.esmuc.cat\/wp-content\/uploads\/2026\/04\/A1-Transcripcio-ritmica-melodica-Cobla-2025JU.pdf\">Transcripci\u00f3n ritmicomel\u00f3dica: cobla - ejercicio<\/a><\/td>\n<\/tr>\n<tr class=\"row-5\">\n\t<td class=\"column-1\">M\u00fasica tradicional catalana (d'arrel)<\/td><td class=\"column-2\"><a href=\"https:\/\/www.esmuc.cat\/wp-content\/uploads\/2026\/04\/A1-Transcripcio-Melodica-ARRE-Audio-2025JU.mp3\">Transcripci\u00f3n ritmicomel\u00f3dica:: arrel - audio<\/a><br \/>\n<br \/>\n<a href=\"https:\/\/www.esmuc.cat\/wp-content\/uploads\/2026\/04\/A1-Transcripcio-Melodica-ARRE2025JU.pdf\">Transcripci\u00f3n ritmicomel\u00f3dica:: arrel - ejercicio <\/a><\/td>\n<\/tr>\n<tr class=\"row-6\">\n\t<td class=\"column-1\">Jazz y m\u00fasica moderna<\/td><td class=\"column-2\"><a href=\"https:\/\/www.esmuc.cat\/wp-content\/uploads\/2026\/04\/A1-Transcripcio-Melodica-JAMM-2025JU-Audio.mp3\">Transcripci\u00f3n ritmicomel\u00f3dica: jazz y moderna - audio <\/a><br \/>\n<br \/>\n<a href=\"https:\/\/www.esmuc.cat\/wp-content\/uploads\/2026\/04\/A1-Transcripcio-Melodica-JAMM-2025JU.pdf\">Transcripci\u00f3n ritmicomel\u00f3dica: jazz y moderna - ejercicio <\/a><\/td>\n<\/tr>\n<tr class=\"row-7\">\n\t<td class=\"column-1\">Flamenco<br \/>\r\n  <\/td><td class=\"column-2\"><a href=\"https:\/\/www.esmuc.cat\/wp-content\/uploads\/2026\/04\/A1-Transcripcio-Ritmicomelodic-FLAM-Audio-2025JU.mp3\">Transcripci\u00f3n ritmicomel\u00f3dica: flamenco - audio<\/a><br \/>\n<br \/>\n<a href=\"https:\/\/www.esmuc.cat\/wp-content\/uploads\/2026\/04\/A1-Transcripcio-Ritmicomelodic-FLAM-2025JU.pdf\">Transcripci\u00f3n ritmicomel\u00f3dica: flamenco - ejercicio<\/a><\/td>\n<\/tr>\n<\/tbody>\n<\/table>\n\n\n\n\n<table id=\"tablepress-376\" class=\"tablepress tablepress-id-376\">\n<thead>\n<tr class=\"row-1\">\n\t<th colspan=\"2\" class=\"column-1\">A2.- Transcripci\u00f3n polif\u00f3nico-arm\u00f3nica<\/th>\n<\/tr>\n<\/thead>\n<tbody class=\"row-striping row-hover\">\n<tr class=\"row-2\">\n\t<td class=\"column-1\">M\u00fasica cl\u00e1sica y contempor\u00e1nea<\/td><td class=\"column-2\"><a href=\"https:\/\/www.esmuc.cat\/wp-content\/uploads\/2026\/04\/A2-Transcripcio-polifonica-Classica-Contemporania-Audio-2025JU.mp3\">Transcripci\u00f3n polifonicoharmonica: cl\u00e1sica y contempor\u00e1nea - audio<\/a><br \/>\n<br \/>\n<a href=\"https:\/\/www.esmuc.cat\/wp-content\/uploads\/2026\/04\/A2-Transcripcio-polifonica-Classica-Contemporania-2025JU.pdf\">Transcripci\u00f3n polifonicoharmonica: cl\u00e1sica y contempor\u00e1nea - ejercicio<\/a><\/td>\n<\/tr>\n<tr class=\"row-3\">\n\t<td class=\"column-1\">M\u00fasica antigua<\/td><td class=\"column-2\"><a href=\"https:\/\/www.esmuc.cat\/wp-content\/uploads\/2026\/04\/A2-Transcripcio-polifonica-Musica-Antiga-Audio-2025JU.mp3\">Transcripci\u00f3n polifonicoharmonica: antigua - audio  <\/a><br \/>\n<br \/>\n<a href=\"https:\/\/www.esmuc.cat\/wp-content\/uploads\/2026\/04\/A2-Transcripcio-polifonica-Musica-Antiga-2025JU.pdf\">Transcripci\u00f3n polifonicoharmonica: antigua - ejercicio<\/a><\/td>\n<\/tr>\n<tr class=\"row-4\">\n\t<td class=\"column-1\">M\u00fasica tradicional catalana (cobla)<\/td><td class=\"column-2\"><a href=\"https:\/\/www.esmuc.cat\/wp-content\/uploads\/2026\/04\/A2-Transcripcio-polifonica-Classica-Contemporania-Audio-2025JU.mp3\">Transcripci\u00f3n polifonicoharmonica: cobla - audio<\/a><br \/>\n<br \/>\n<a href=\"https:\/\/www.esmuc.cat\/wp-content\/uploads\/2026\/04\/A2-Transcripcio-polifonica-Classica-Contemporania-2025JU.pdf\">Transcripci\u00f3n polifonicoharmonica: cobla - ejercicio<\/a><\/td>\n<\/tr>\n<tr class=\"row-5\">\n\t<td class=\"column-1\">M\u00fasica tradicional catalana (d\u2019arrel)<\/td><td class=\"column-2\"><a href=\"https:\/\/www.esmuc.cat\/wp-content\/uploads\/2026\/04\/A2-Transcripcio-Polifonica-ARRE-Audio-2025JU.mp3\">Transcripci\u00f3n polifonicoharmonica: arrel - audio<\/a><br \/>\n<br \/>\n<a href=\"https:\/\/www.esmuc.cat\/wp-content\/uploads\/2026\/04\/A2-Transcripcio-Polifonica-ARRE-2025JU.pdf\">Transcripci\u00f3n polifonicoharmonica: arrel - ejercicio<\/a><\/td>\n<\/tr>\n<tr class=\"row-6\">\n\t<td class=\"column-1\">Jazz y m\u00fasica moderna<\/td><td class=\"column-2\"><a href=\"https:\/\/www.esmuc.cat\/wp-content\/uploads\/2026\/04\/A2-Transcripcio-Polifonicoharmonica-JAMM-Audio-2024JU.mp3\">Transcripci\u00f3n polifonicoharmonica: jazz y moderna - audio <\/a><br \/>\n<br \/>\n<a href=\"https:\/\/www.esmuc.cat\/wp-content\/uploads\/2026\/04\/A2-Transcripcio-Polifonicoharmonica-JAMM-2024JU.pdf\">Transcripci\u00f3n polifonicoharmonica: jazz y moderna - ejercicio<\/a><\/td>\n<\/tr>\n<tr class=\"row-7\">\n\t<td class=\"column-1\">Flamenco<\/td><td class=\"column-2\"><a href=\"https:\/\/www.esmuc.cat\/wp-content\/uploads\/2026\/04\/A2-Transcripcio-Harmonica-FLAM-Audio-2025JU.mp3\">Transcripci\u00f3n polifonicoharmonica: flamenco - audio <\/a><br \/>\n<br \/>\n<a href=\"https:\/\/www.esmuc.cat\/wp-content\/uploads\/2026\/04\/A2-Transcripcio-Harmonica-FLAM-2025JU.pdf\">Transcripci\u00f3n polifonicoharmonica: flamenco - ejercicio<\/a><br \/>\n<br \/>\n<a href=\"https:\/\/www.esmuc.cat\/wp-content\/uploads\/2026\/04\/A2-Transcripcio-Harmonica-FLAM-2025JU-Partitura.pdf\">Transcripci\u00f3n polifonicoharmonica: flamenco - partitura<\/a><\/td>\n<\/tr>\n<\/tbody>\n<\/table>\n<!-- #tablepress-376 from cache -->\n\n\n\n<table id=\"tablepress-378\" class=\"tablepress tablepress-id-378\">\n<thead>\n<tr class=\"row-1\">\n\t<th colspan=\"2\" class=\"column-1\">A3.- An\u00e1lisis auditivo<\/th>\n<\/tr>\n<\/thead>\n<tbody class=\"row-striping row-hover\">\n<tr class=\"row-2\">\n\t<td class=\"column-1\">M\u00fasica cl\u00e1sica y contempor\u00e1nea<\/td><td class=\"column-2\"><a href=\"https:\/\/esmuc.sharepoint.com\/:u:\/s\/ContingutWeb\/IQDVpFnjXdvZRZKaZNeSbeelAcs9nu6USKSdbBSLCEJ6OtE?e=900AhH\">An\u00e1lisis auditivo: cl\u00e1sica y contempor\u00e1nea - audio<\/a><br \/>\n<br \/>\n<a href=\"https:\/\/www.esmuc.cat\/wp-content\/uploads\/2026\/04\/A3-Analisis-Auditivo-Classica-Contemporania-Cobla-2025JU.pdf\">An\u00e1lisis auditivo: cl\u00e1sica y contempor\u00e1nea - ejercicio<\/a><\/td>\n<\/tr>\n<tr class=\"row-3\">\n\t<td class=\"column-1\">M\u00fasica antigua<\/td><td class=\"column-2\"><a href=\"https:\/\/esmuc.sharepoint.com\/:u:\/s\/ContingutWeb\/IQAbYjZuJRixS6A4h9_08x2VAUO3iKS6RF4B0GRZ5DdxPvE?e=KuhZng\">An\u00e1lisis auditivo: antigua - audio  <\/a><br \/>\n<br \/>\n<a href=\"https:\/\/www.esmuc.cat\/wp-content\/uploads\/2026\/04\/A3-Analisi-Auditiva-MANT-2025JU.pdf\">An\u00e1lisis auditivo: antigua - ejercicio<\/a><\/td>\n<\/tr>\n<tr class=\"row-4\">\n\t<td class=\"column-1\">M\u00fasica tradicional catalana (cobla)<\/td><td class=\"column-2\"><a href=\"https:\/\/esmuc.sharepoint.com\/:u:\/s\/ContingutWeb\/IQDVpFnjXdvZRZKaZNeSbeelAcs9nu6USKSdbBSLCEJ6OtE?e=900AhH\">An\u00e1lisis auditivo: cobla -\u00a0audio   <\/a><br \/>\n<br \/>\n<a href=\"https:\/\/www.esmuc.cat\/wp-content\/uploads\/2026\/04\/A3-Analisis-Auditivo-Classica-Contemporania-Cobla-2025JU.pdf\">An\u00e1lisis auditivo: cobla - ejercicio<\/a><\/td>\n<\/tr>\n<tr class=\"row-5\">\n\t<td class=\"column-1\">M\u00fasica tradicional catalana (d\u2019arrel)<\/td><td class=\"column-2\"><a href=\"https:\/\/esmuc.sharepoint.com\/:u:\/s\/ContingutWeb\/IQCeATAeumzZRIMC86P9V8ZKAasuhjQolO8lwcWkQjEA2_I?e=hKDjyU\">An\u00e1lisis auditivo: arrel - audio<\/a><br \/>\n<br \/>\n<a href=\"https:\/\/www.esmuc.cat\/wp-content\/uploads\/2026\/04\/A3-Analisi-Auditiva-ARRE-2025JU.pdf\">An\u00e1lisis auditivo: arrel - ejercicio<\/a><\/td>\n<\/tr>\n<tr class=\"row-6\">\n\t<td class=\"column-1\">Jazz y m\u00fasica moderna<\/td><td class=\"column-2\"><a href=\"https:\/\/esmuc.sharepoint.com\/:u:\/s\/ContingutWeb\/IQBzCMMVSAM2R61qpoZ5pMrkAcRpQub_AAmCh8ToEuEX9PI?e=fXeef9\">An\u00e1lisis auditivo: jazz y moderna - audio <\/a><br \/>\n<br \/>\n<a href=\"https:\/\/www.esmuc.cat\/wp-content\/uploads\/2026\/04\/A3-Analisi-Auditiva-JAMM-2025JU.pdf\">An\u00e1lisis auditivo: jazz y moderna - ejercicio<\/a><\/td>\n<\/tr>\n<tr class=\"row-7\">\n\t<td class=\"column-1\">Flamenco<\/td><td class=\"column-2\"><a href=\"https:\/\/esmuc.sharepoint.com\/:u:\/s\/ContingutWeb\/IQDPub0GypzOQqxobZzKNXCeASGnSJptyxAD1YEO1fZ9gVg?e=tMbA0d\">An\u00e1lisis auditivo: flamenco - audio <\/a><br \/>\n<br \/>\n<a href=\"https:\/\/www.esmuc.cat\/wp-content\/uploads\/2026\/04\/A3-Analisi-Auditiu-FLAM-2025JU.pdf\">An\u00e1lisis auditivo: flamenco - ejercicio <\/a><\/td>\n<\/tr>\n<\/tbody>\n<\/table>\n<!-- #tablepress-378 from cache -->\n\n\n\n<table id=\"tablepress-377\" class=\"tablepress tablepress-id-377\">\n<thead>\n<tr class=\"row-1\">\n\t<th colspan=\"2\" class=\"column-1\">A4.- An\u00e1lisis de partitura<\/th>\n<\/tr>\n<\/thead>\n<tbody class=\"row-striping row-hover\">\n<tr class=\"row-2\">\n\t<td class=\"column-1\">M\u00fasica cl\u00e1sica y contempor\u00e1nea<\/td><td class=\"column-2\"><a href=\"https:\/\/www.esmuc.cat\/wp-content\/uploads\/2026\/04\/A4-Analisi-Partitura-Classica-Contemporania-Cobla-2025JU-Partitura.pdf\">An\u00e1lisis de partitura: cl\u00e1sica y contempor\u00e1nea - partitura<br \/>\n<\/a><br \/>\n<br \/>\n<a href=\"\"https:\/\/www.esmuc.cat\/wp-content\/uploads\/2024\/12\/A4-analisi-partitura-classica-cobla-exercici-24-06.pdf\">An\u00e1lisis de partitura: cl\u00e1sica y contempor\u00e1nea - ejercicio<\/a><\/td>\n<\/tr>\n<tr class=\"row-3\">\n\t<td class=\"column-1\">M\u00fasica antigua<\/td><td class=\"column-2\"><a href=\"https:\/\/www.esmuc.cat\/wp-content\/uploads\/2026\/04\/A4-Analisi-Partitura-MANT-2025JU-Partitura.pdf\">An\u00e1lisis de partitura: antigua - partitura <\/a><br \/>\n<br \/>\n<a href=\"https:\/\/www.esmuc.cat\/wp-content\/uploads\/2026\/04\/A4-Analisi-Partitura-MANT-2025JU.pdf\">An\u00e1lisis de partitura: antigua - ejercicio<\/a><\/td>\n<\/tr>\n<tr class=\"row-4\">\n\t<td class=\"column-1\">M\u00fasica tradicional catalana (cobla)<\/td><td class=\"column-2\"><a href=\"https:\/\/www.esmuc.cat\/wp-content\/uploads\/2026\/04\/A4-Analisi-Partitura-Classica-Contemporania-Cobla-2025JU-Partitura.pdf\">An\u00e1lisis de partitura: cobla - partitura<\/a><br \/>\n<br \/>\n<a href=\"https:\/\/www.esmuc.cat\/wp-content\/uploads\/2024\/12\/A4-analisi-partitura-classica-cobla-exercici-24-06.pdf\">An\u00e1lisis de partitura: cobla - ejercicio<\/a><\/td>\n<\/tr>\n<tr class=\"row-5\">\n\t<td class=\"column-1\">M\u00fasica tradicional catalana (d\u2019arrel)<\/td><td class=\"column-2\"><a href=\"https:\/\/www.esmuc.cat\/wp-content\/uploads\/2026\/04\/A4-Analisi-Partitura-ARRE-2025JU-Partitura_compressed.pdf\">An\u00e1lisis de partitura: arrel - partitura<\/a><br \/>\n<br \/>\n<a href=\"https:\/\/www.esmuc.cat\/wp-content\/uploads\/2026\/04\/A4-Analisi-Partitura-ARRE-2025JU.pdf\">An\u00e1lisis de partitura: arrel - ejercicio<\/a><\/td>\n<\/tr>\n<tr class=\"row-6\">\n\t<td class=\"column-1\">Jazz y m\u00fasica moderna<\/td><td class=\"column-2\"><a href=\"https:\/\/www.esmuc.cat\/wp-content\/uploads\/2026\/04\/A4-Analisi-Partitura-JAMM-2025JU.pdf\">An\u00e1lisis de partitura: jazz y moderna - ejercicio y partitura <\/a><\/td>\n<\/tr>\n<tr class=\"row-7\">\n\t<td class=\"column-1\">Flamenco<\/td><td class=\"column-2\"><a href=\"https:\/\/www.esmuc.cat\/wp-content\/uploads\/2024\/12\/A4-analisi-partitura-flamenco-partitura-24-06.jpg\">An\u00e1lisis de partitura: flamenco - partitura <\/a><br \/>\n<br \/>\n<a href=\"https:\/\/www.esmuc.cat\/wp-content\/uploads\/2026\/04\/A4-Analisi-Partitura-FLAM-2025JU.pdf\">An\u00e1lisis de partitura: flamenco - ejercicio<\/a><\/td>\n<\/tr>\n<\/tbody>\n<\/table>\n<!-- #tablepress-377 from cache -->\n\n\n\n<div style=\"height:10px\" aria-hidden=\"true\" class=\"wp-block-spacer\"><\/div>\n\n\n\n<h3 class=\"wp-block-heading\">Abreviada<\/h3>\n\n\n\n<div style=\"height:10px\" aria-hidden=\"true\" class=\"wp-block-spacer\"><\/div>\n\n\n\n<table id=\"tablepress-1007\" class=\"tablepress tablepress-id-1007\">\n<thead>\n<tr class=\"row-1\">\n\t<th colspan=\"2\" class=\"column-1\">Ab.- An\u00e1lisis de partitura<\/th>\n<\/tr>\n<\/thead>\n<tbody class=\"row-striping row-hover\">\n<tr class=\"row-2\">\n\t<td class=\"column-1\">M\u00fasica cl\u00e1sica y contempor\u00e1nea<\/td><td class=\"column-2\"><a href=\"https:\/\/www.esmuc.cat\/wp-content\/uploads\/2026\/04\/AB-Analisi-Partitura-Clasica-Contemporania-Cobla2025JU-partitura.pdf\">An\u00e1lisis de partitura: cl\u00e1sica y contempor\u00e1nea - partitura   <\/a><br \/>\n<br \/>\n<a href=\"https:\/\/www.esmuc.cat\/wp-content\/uploads\/2026\/04\/AB-Analisi-Partitura-Clasica-Contemporania-Cobla2025JU.pdf\">An\u00e1lisis de partitura: cl\u00e1sica y contempor\u00e1nea - ejercicio   <\/a><\/td>\n<\/tr>\n<tr class=\"row-3\">\n\t<td class=\"column-1\">M\u00fasica antigua<\/td><td class=\"column-2\"><a href=\"https:\/\/www.esmuc.cat\/wp-content\/uploads\/2024\/12\/Ab-analisi-partitura-antiga-partitura-24-06.pdf\">An\u00e1lisis de partitura: antigua - partitura  <\/a><br \/>\n<br \/>\n<a href=\"https:\/\/www.esmuc.cat\/wp-content\/uploads\/2026\/04\/AB-Analisi-Partitura-MANT-2025JU.pdf\">An\u00e1lisis de partitura: antigua - ejercicio<\/a><\/td>\n<\/tr>\n<tr class=\"row-4\">\n\t<td class=\"column-1\">M\u00fasica tradicional catalana (cobla)<\/td><td class=\"column-2\"><a href=\"https:\/\/www.esmuc.cat\/wp-content\/uploads\/2026\/04\/AB-Analisi-Partitura-Cobla2025JU-partitura.pdf\">An\u00e1lisis de partitura: cobla - partitura   <\/a><br \/>\n<br \/>\n<a href=\"https:\/\/www.esmuc.cat\/wp-content\/uploads\/2026\/04\/AB-Analisi-Partitura-Cobla2025JU.pdf\">An\u00e1lisis de partitura: cobla - ejercicio <\/a><\/td>\n<\/tr>\n<tr class=\"row-5\">\n\t<td class=\"column-1\">M\u00fasica tradicional catalana (d\u2019arrel)<\/td><td class=\"column-2\"><a href=\"https:\/\/www.esmuc.cat\/wp-content\/uploads\/2026\/04\/AB-Analisi-Partitura-ARRE-2025JU-Partitura_compressed.pdf\">An\u00e1lisis de partitura: arrel - partitura   <\/a><br \/>\n<br \/>\n<a href=\"https:\/\/www.esmuc.cat\/wp-content\/uploads\/2026\/04\/AB-Analisi-Partitura-ARRE-2025JU.pdf\">An\u00e1lisis de partitura: arrel - ejercicio <\/a><\/td>\n<\/tr>\n<tr class=\"row-6\">\n\t<td class=\"column-1\">Jazz y m\u00fasica moderna<\/td><td class=\"column-2\"><a href=\"https:\/\/esmuc.sharepoint.com\/:b:\/s\/Secretariaacadmica\/EW4JT28pNExKjFCwsKkImCIBFMA1iVLNuUo-viPoLxkiGg?e=Gy5aOP\">An\u00e1lisis de partitura: jazz y moderna - partitura  <\/a><br \/>\n<br \/>\n<a href=\"https:\/\/www.esmuc.cat\/wp-content\/uploads\/2026\/04\/AB-Analisi-Partitura-JAMM-2025JU.pdf\">An\u00e1lisis de partitura: jazz y moderna - ejercicio <\/a><\/td>\n<\/tr>\n<tr class=\"row-7\">\n\t<td class=\"column-1\">Flamenco<\/td><td class=\"column-2\"><a href=\"https:\/\/www.esmuc.cat\/wp-content\/uploads\/2026\/04\/AB-Analisi-Partitura-FLAMM-2025JU-Partitura.pdf\">An\u00e1lisis de partitura: flamenco \u2013 partitura  <\/a><br \/>\n<br \/>\n<a href=\"https:\/\/www.esmuc.cat\/wp-content\/uploads\/2026\/04\/AB-Analisi-Partitura-FLAMM-2025JU.pdf\">An\u00e1lisis de partitura: flamenco \u2013 ejercicio <\/a><\/td>\n<\/tr>\n<\/tbody>\n<\/table>\n<!-- #tablepress-1007 from cache -->\n\n\n\n<table id=\"tablepress-1008\" class=\"tablepress tablepress-id-1008\">\n<thead>\n<tr class=\"row-1\">\n\t<th colspan=\"2\" class=\"column-1\">Ab.- Transcripci\u00f3n<\/th>\n<\/tr>\n<\/thead>\n<tbody class=\"row-striping row-hover\">\n<tr class=\"row-2\">\n\t<td class=\"column-1\">M\u00fasica cl\u00e1sica y contempor\u00e1nea<\/td><td class=\"column-2\"><a href=\"https:\/\/www.esmuc.cat\/wp-content\/uploads\/2026\/04\/AB-Transcripcio-Clasica-Contemporania-Audio-2025JU.mp3\">Transcripci\u00f3n: cl\u00e1sica y contempor\u00e1nea - audio <\/a><br \/>\n<br \/>\n<a href=\"https:\/\/www.esmuc.cat\/wp-content\/uploads\/2026\/04\/AB-Transcripcio-Clasica-Contemporania-2025JU.pdf\">Transcripci\u00f3n: cl\u00e1sica y contempor\u00e1nea - ejercicio<\/a><\/td>\n<\/tr>\n<tr class=\"row-3\">\n\t<td class=\"column-1\">M\u00fasica antigua<\/td><td class=\"column-2\"><a href=\"https:\/\/www.esmuc.cat\/wp-content\/uploads\/2026\/04\/AB-Transcripcio-Musica-Antiga-Audio-2025JU.mp3\">Transcripci\u00f3n: antigua - audio <\/a><br \/>\n<br \/>\n<a href=\"https:\/\/www.esmuc.cat\/wp-content\/uploads\/2026\/04\/AB-Transcripcio-Musica-Antiga-2025JU.pdf\">Transcripci\u00f3n: antigua - ejercicio<\/a><\/td>\n<\/tr>\n<tr class=\"row-4\">\n\t<td class=\"column-1\">M\u00fasica tradicional catalana (cobla)<\/td><td class=\"column-2\"><a href=\"https:\/\/www.esmuc.cat\/wp-content\/uploads\/2026\/04\/AB-Transcripcio-Clasica-Contemporania-Audio-2025JU.mp3\">Transcripci\u00f3n: cobla - audio <\/a><br \/>\n<br \/>\n<a href=\"https:\/\/www.esmuc.cat\/wp-content\/uploads\/2026\/04\/AB-Transcripcio-Clasica-Contemporania-2025JU.pdf\">Transcripci\u00f3n: cobla - ejercicio<\/a><\/td>\n<\/tr>\n<tr class=\"row-5\">\n\t<td class=\"column-1\">M\u00fasica tradicional catalana (d\u2019arrel)<\/td><td class=\"column-2\"><a href=\"https:\/\/www.esmuc.cat\/wp-content\/uploads\/2026\/04\/AB-Transcripcio-ARRE-Audio-2025JU.mp3\">Transcripci\u00f3n: arrel - audio <\/a><br \/>\n<br \/>\n<a href=\"https:\/\/www.esmuc.cat\/wp-content\/uploads\/2026\/04\/AB-Transcripcio-ARRE-2025JU.pdf\">Transcripci\u00f3n: cobla - ejercicio<\/a><\/td>\n<\/tr>\n<tr class=\"row-6\">\n\t<td class=\"column-1\">Jazz y m\u00fasica moderna<\/td><td class=\"column-2\"><a href=\"https:\/\/www.esmuc.cat\/wp-content\/uploads\/2026\/04\/AB-Transcripcion-Melodica-Harmonica-JAMM-Audio-2025JU.mp3\">Transcripci\u00f3n: jazz y moderna - audio <\/a><br \/>\n<br \/>\n<a href=\"https:\/\/www.esmuc.cat\/wp-content\/uploads\/2026\/04\/AB-Transcripcion-Melodica-Harmonica-JAMM-2025JU.pdf\">Transcripci\u00f3n: jazz y moderna - ejercicio<\/a><\/td>\n<\/tr>\n<tr class=\"row-7\">\n\t<td class=\"column-1\">Flamenco<\/td><td class=\"column-2\"><a href=\"https:\/\/www.esmuc.cat\/wp-content\/uploads\/2026\/04\/AB-Transcripcio-Ritmicomelodic-FLAM-Audio-2025JU.mp3\">Transcripci\u00f3n: flamenco \u2013 audio  <\/a><br \/>\n<br \/>\n<a href=\"https:\/\/www.esmuc.cat\/wp-content\/uploads\/2026\/04\/AB-Transcripcio-Ritmicomelodic-FLAM2025JU.pdf\">Transcripci\u00f3n: flamenco \u2013 ejercicio   <\/a><\/td>\n<\/tr>\n<\/tbody>\n<\/table>\n<!-- #tablepress-1008 from cache -->\n<\/div>\n<\/div>\n\n\n\n<p><\/p>\n","protected":false},"excerpt":{"rendered":"<p>Modelos de ejercicios de la Parte A Abreviada<\/p>\n","protected":false},"author":4,"featured_media":0,"parent":30785,"menu_order":0,"comment_status":"closed","ping_status":"closed","template":"","meta":{"_acf_changed":false,"_themeisle_gutenberg_block_has_review":false,"footnotes":""},"categories":[1133],"tags":[],"class_list":["post-31542","page","type-page","status-publish","hentry","category-grau-es"],"acf":[],"publishpress_future_action":{"enabled":false,"date":"2026-05-07 15:37:57","action":"change-status","newStatus":"draft","terms":[],"taxonomy":"category","extraData":[]},"publishpress_future_workflow_manual_trigger":{"enabledWorkflows":[]},"_links":{"self":[{"href":"https:\/\/www.esmuc.cat\/es\/wp-json\/wp\/v2\/pages\/31542","targetHints":{"allow":["GET"]}}],"collection":[{"href":"https:\/\/www.esmuc.cat\/es\/wp-json\/wp\/v2\/pages"}],"about":[{"href":"https:\/\/www.esmuc.cat\/es\/wp-json\/wp\/v2\/types\/page"}],"author":[{"embeddable":true,"href":"https:\/\/www.esmuc.cat\/es\/wp-json\/wp\/v2\/users\/4"}],"replies":[{"embeddable":true,"href":"https:\/\/www.esmuc.cat\/es\/wp-json\/wp\/v2\/comments?post=31542"}],"version-history":[{"count":6,"href":"https:\/\/www.esmuc.cat\/es\/wp-json\/wp\/v2\/pages\/31542\/revisions"}],"predecessor-version":[{"id":119455,"href":"https:\/\/www.esmuc.cat\/es\/wp-json\/wp\/v2\/pages\/31542\/revisions\/119455"}],"up":[{"embeddable":true,"href":"https:\/\/www.esmuc.cat\/es\/wp-json\/wp\/v2\/pages\/30785"}],"wp:attachment":[{"href":"https:\/\/www.esmuc.cat\/es\/wp-json\/wp\/v2\/media?parent=31542"}],"wp:term":[{"taxonomy":"category","embeddable":true,"href":"https:\/\/www.esmuc.cat\/es\/wp-json\/wp\/v2\/categories?post=31542"},{"taxonomy":"post_tag","embeddable":true,"href":"https:\/\/www.esmuc.cat\/es\/wp-json\/wp\/v2\/tags?post=31542"}],"curies":[{"name":"wp","href":"https:\/\/api.w.org\/{rel}","templated":true}]}}