{"id":28631,"date":"2021-07-15T09:17:54","date_gmt":"2021-07-15T07:17:54","guid":{"rendered":"https:\/\/www.esmuc.cat\/masters-i-postgraus\/normativa-de-permanencia\/"},"modified":"2025-03-13T11:30:10","modified_gmt":"2025-03-13T10:30:10","slug":"normativa-de-permanencia","status":"publish","type":"page","link":"https:\/\/www.esmuc.cat\/es\/estudios\/masters-i-postgraus\/normativa-de-permanencia\/","title":{"rendered":"Informaci\u00f3n de inter\u00e9s"},"content":{"rendered":"\n<div class=\"wp-block-columns is-layout-flex wp-container-core-columns-is-layout-9d6595d7 wp-block-columns-is-layout-flex\">\n<div class=\"wp-block-column esmuc__Menu_Masters is-layout-flow wp-block-column-is-layout-flow\" style=\"flex-basis:33.33%\">\n          \n\n          \n          \n\n        \n<\/div>\n\n\n\n<div class=\"wp-block-column is-layout-flow wp-block-column-is-layout-flow\" style=\"flex-basis:66.66%\"><div class=\"breadcrumbs align  wp-block-bcn-breadcrumb-trail has-text-color has-background\" vocab=\"https:\/\/schema.org\/\" typeof=\"BreadcrumbList\">\n\t<span><\/span>\n\t<span property=\"itemListElement\" typeof=\"ListItem\"><a property=\"item\" typeof=\"WebPage\" title=\"Ir a ESMUC.\" href=\"https:\/\/www.esmuc.cat\/es\/\" class=\"home\" ><span property=\"name\">ESMUC<\/span><\/a><meta property=\"position\" content=\"1\"><\/span> &gt; <span property=\"itemListElement\" typeof=\"ListItem\"><a property=\"item\" typeof=\"WebPage\" title=\"Ir a Estudios.\" href=\"https:\/\/www.esmuc.cat\/es\/estudios\/\" class=\"post post-page\" ><span property=\"name\">Estudios<\/span><\/a><meta property=\"position\" content=\"2\"><\/span> &gt; <span property=\"itemListElement\" typeof=\"ListItem\"><a property=\"item\" typeof=\"WebPage\" title=\"Ir a M\u00e1steres y posgrados.\" href=\"https:\/\/www.esmuc.cat\/es\/estudios\/masters-i-postgraus\/\" class=\"post post-page\" ><span property=\"name\">M\u00e1steres y posgrados<\/span><\/a><meta property=\"position\" content=\"3\"><\/span> &gt; <span property=\"itemListElement\" typeof=\"ListItem\"><span property=\"name\" class=\"post post-page current-item\">Informaci\u00f3n de inter\u00e9s<\/span><meta property=\"url\" content=\"https:\/\/www.esmuc.cat\/es\/estudios\/masters-i-postgraus\/normativa-de-permanencia\/\"><meta property=\"position\" content=\"4\"><\/span><\/div>\n\n\n\n<h1 class=\"wp-block-heading\">Informaci\u00f3n de inter\u00e9s sobre los m\u00e1sters<\/h1>\n\n\n\n<div style=\"height:35px\" aria-hidden=\"true\" class=\"wp-block-spacer\"><\/div>\n\n\n\n          \n\n          <div id=\"section-g-r2iekir\" class=\"wp-block-gutentor-e1 section-g-r2iekir gutentor-element gutentor-element-advanced-text text-align-justify-desktop\">\n            <div class=\"gutentor-text-wrap\">\n              <p class=\"gutentor-text\">* <strong>Esta informaci\u00f3n no afecta a los m\u00e1steres universitarios : M\u00e1ster de Interpretaci\u00f3n de la M\u00fasica Antigua y el M\u00e1ster de M\u00fasica como Arte Interdisciplinario.<\/strong><\/p>\n            <\/div>\n          <\/div>\n          \n\n        \n\n\n\n<div style=\"height:35px\" aria-hidden=\"true\" class=\"wp-block-spacer\"><\/div>\n\n\n\n<h3 class=\"wp-block-heading\">Equivalencia de t\u00edtulos<\/h3>\n\n\n\n<div style=\"height:10px\" aria-hidden=\"true\" class=\"wp-block-spacer\"><\/div>\n\n\n\n          \n\n          <div id=\"section-g-qa5h495\" class=\"wp-block-gutentor-e1 section-g-qa5h495 gutentor-element gutentor-element-advanced-text text-align-justify-desktop\">\n            <div class=\"gutentor-text-wrap\">\n              <p class=\"gutentor-text\">El <strong>t\u00edtulo de M\u00e1ster en Ense\u00f1anzas Art\u00edsticas<\/strong> y el <strong>t\u00edtulo de M\u00e1ster Universitario<\/strong> son <span style=\"text-decoration: underline\">totalmente equivalentes entre s\u00ed<\/span>. La \u00fanica diferencia es el tipo de centro que los imparte. Los M\u00e1sters universitarios se imparten en las universidades y los M\u00e1sters en Ense\u00f1anzas Art\u00edsticas en los Centros\/Escuelas de Ense\u00f1anzas Art\u00edsticas Superiores.  <br><\/p>\n            <\/div>\n          <\/div>\n          \n\n        \n\n\n\n<div style=\"height:35px\" aria-hidden=\"true\" class=\"wp-block-spacer\"><\/div>\n\n\n\n<h3 class=\"wp-block-heading\">Precios, pagos, becas<\/h3>\n\n\n\n<div style=\"height:10px\" aria-hidden=\"true\" class=\"wp-block-spacer\"><\/div>\n\n\n\n<section id=\"g-qr2d1et\" class=\"section-g-qr2d1et gutentor-module gutentor-module-accordion\"><div class=\"grid-container\">\n<div id=\"g-11til11\" class=\"wp-block-gutentor-m6-item section-g-11til11 gutentor-module gutentor-module-accordion-item\"><div class=\"gutentor-module-accordion-panel g-a-panel-g-qr2d1et\"><div class=\"gm-ah-g-qr2d1et gutentor-module-accordion-item-heading gutentor-module-icon-position-right\"><span class=\"gutentor-module-accordion-panel-handler\" role=\"button\"><span class=\"gutentor-module-accordion-panel-handler-label\">Quin \u00e9s el preu del m\u00e0ster<\/span><span class=\"gutentor-module-accordion-icon\"><i class=\"gm-aio-g-qr2d1et gutentor-module-accordion-icon-open fas fa-plus\"><\/i><i class=\"gm-aic-g-qr2d1et gutentor-module-accordion-icon-close fas fa-minus\"><\/i><\/span><\/span><\/div><div class=\"gm-ab-g-qr2d1et gutentor-module-accordion-body\">\n          \n\n          <div id=\"section-g-ldle4dd\" class=\"wp-block-gutentor-e0 section-g-ldle4dd gutentor-element gutentor-element-advanced-text\">\n            <div class=\"gutentor-text-wrap\">\n              <p class=\"gutentor-text\">Consulta las p\u00e1ginas web de cada m\u00e1ster.<\/p>\n            <\/div>\n          <\/div>\n          \n\n        \n<\/div><\/div><\/div>\n\n\n\n<div id=\"g-i7k75o1\" class=\"wp-block-gutentor-m6-item section-g-i7k75o1 gutentor-module gutentor-module-accordion-item\"><div class=\"gutentor-module-accordion-panel g-a-panel-g-qr2d1et\"><div class=\"gm-ah-g-qr2d1et gutentor-module-accordion-item-heading gutentor-module-icon-position-right\"><span class=\"gutentor-module-accordion-panel-handler\" role=\"button\"><span class=\"gutentor-module-accordion-panel-handler-label\">Com es paga la matr\u00edcula?<\/span><span class=\"gutentor-module-accordion-icon\"><i class=\"gm-aio-g-qr2d1et gutentor-module-accordion-icon-open fas fa-plus\"><\/i><i class=\"gm-aic-g-qr2d1et gutentor-module-accordion-icon-close fas fa-minus\"><\/i><\/span><\/span><\/div><div class=\"gm-ab-g-qr2d1et gutentor-module-accordion-body\">\n          \n\n          <div id=\"section-g-v188dvh\" class=\"wp-block-gutentor-e0 section-g-v188dvh gutentor-element gutentor-element-advanced-text\">\n            <div class=\"gutentor-text-wrap\">\n              <p class=\"gutentor-text\">Por defecto, se paga en 4 plazos cada a\u00f1o matriculado en el m\u00e1ster. Si se quiere pagar en un solo plazo, consultar en las secretar\u00edas de los m\u00e1sters. <\/p>\n            <\/div>\n          <\/div>\n          \n\n        \n<\/div><\/div><\/div>\n\n\n\n<div id=\"g-urfefuu\" class=\"wp-block-gutentor-m6-item section-g-urfefuu gutentor-module gutentor-module-accordion-item\"><div class=\"gutentor-module-accordion-panel g-a-panel-g-qr2d1et\"><div class=\"gm-ah-g-qr2d1et gutentor-module-accordion-item-heading gutentor-module-icon-position-right\"><span class=\"gutentor-module-accordion-panel-handler\" role=\"button\"><span class=\"gutentor-module-accordion-panel-handler-label\">Hi ha beques de l\u2019Escola?<\/span><span class=\"gutentor-module-accordion-icon\"><i class=\"gm-aio-g-qr2d1et gutentor-module-accordion-icon-open fas fa-plus\"><\/i><i class=\"gm-aic-g-qr2d1et gutentor-module-accordion-icon-close fas fa-minus\"><\/i><\/span><\/span><\/div><div class=\"gm-ab-g-qr2d1et gutentor-module-accordion-body\">\n          \n\n          <div id=\"section-g-oaudiok\" class=\"wp-block-gutentor-e0 section-g-oaudiok gutentor-element gutentor-element-advanced-text\">\n            <div class=\"gutentor-text-wrap\">\n              <p class=\"gutentor-text\">Consulta la secci\u00f3n de becas y ayudas en la web de la escuela y las secciones correspondientes de cada m\u00e1ster.<\/p>\n            <\/div>\n          <\/div>\n          \n\n        \n<\/div><\/div><\/div>\n\n\n\n<div id=\"g-qra1ded\" class=\"wp-block-gutentor-m6-item section-g-qra1ded gutentor-module gutentor-module-accordion-item\"><div class=\"gutentor-module-accordion-panel g-a-panel-g-qr2d1et\"><div class=\"gm-ah-g-qr2d1et gutentor-module-accordion-item-heading gutentor-module-icon-position-right\"><span class=\"gutentor-module-accordion-panel-handler\" role=\"button\"><span class=\"gutentor-module-accordion-panel-handler-label\">Puc anul\u00b7lar la convocat\u00f2ria d\u2019una assignatura?<\/span><span class=\"gutentor-module-accordion-icon\"><i class=\"gm-aio-g-qr2d1et gutentor-module-accordion-icon-open fas fa-plus\"><\/i><i class=\"gm-aic-g-qr2d1et gutentor-module-accordion-icon-close fas fa-minus\"><\/i><\/span><\/span><\/div><div class=\"gm-ab-g-qr2d1et gutentor-module-accordion-body\">\n          \n\n          <div id=\"section-g-ldddvrn\" class=\"wp-block-gutentor-e0 section-g-ldddvrn gutentor-element gutentor-element-advanced-text\">\n            <div class=\"gutentor-text-wrap\">\n              <p class=\"gutentor-text\">S\u00ed, siempre que no haya pasado el 50% de docencia de la misma durante el tiempo que el alumno la est\u00e1 cursando. Este procedimiento se realizar\u00e1 presentando una solicitud mediante un <a href=\"https:\/\/esmuc.sharepoint.com\/sites\/infoacademica\/SitePages\/Anul%C2%B7laci%C3%B3-de-convocat%C3%B2ria-de-M%C3%A0ster.aspx\">formulario<\/a> que proporcionar\u00e1 la escuela.  <br><br><strong>Nota<\/strong>: La anulaci\u00f3n de convocatoria no conlleva el retorno del importe de los cr\u00e9ditos anulados. Consulta este <a href=\"https:\/\/esmuc.sharepoint.com\/sites\/infoacademica\/SitePages\/Anul%C2%B7laci%C3%B3-de-convocat%C3%B2ria-de-M%C3%A0ster.aspx\">enlace<\/a>. <\/p>\n            <\/div>\n          <\/div>\n          \n\n        \n<\/div><\/div><\/div>\n\n\n\n<div id=\"g-rgd84d2\" class=\"wp-block-gutentor-m6-item section-g-rgd84d2 gutentor-module gutentor-module-accordion-item\"><div class=\"gutentor-module-accordion-panel g-a-panel-g-qr2d1et\"><div class=\"gm-ah-g-qr2d1et gutentor-module-accordion-item-heading gutentor-module-icon-position-right\"><span class=\"gutentor-module-accordion-panel-handler\" role=\"button\"><span class=\"gutentor-module-accordion-panel-handler-label\">Quants cr\u00e8dits puc matricular en un any? <\/span><span class=\"gutentor-module-accordion-icon\"><i class=\"gm-aio-g-qr2d1et gutentor-module-accordion-icon-open fas fa-plus\"><\/i><i class=\"gm-aic-g-qr2d1et gutentor-module-accordion-icon-close fas fa-minus\"><\/i><\/span><\/span><\/div><div class=\"gm-ab-g-qr2d1et gutentor-module-accordion-body\">\n          \n\n          <div id=\"section-g-zl7el6m\" class=\"wp-block-gutentor-e0 section-g-zl7el6m gutentor-element gutentor-element-advanced-text\">\n            <div class=\"gutentor-text-wrap\">\n              <p class=\"gutentor-text\"><strong>M\u00ednimo 24 ECTS (paralos m\u00e1sters de 60 ECTS)<br><br><\/strong>Para conocer toda la normativa sobre la permanencia, consulta el siguiente <a href=\"https:\/\/esmuc.sharepoint.com\/sites\/infoacademica\/SitePages\/Perman%C3%A8ncia-al-m.aspx\">enlace.<\/a><\/p>\n            <\/div>\n          <\/div>\n          \n\n        \n<\/div><\/div><\/div>\n\n\n\n<div id=\"g-2611iut\" class=\"wp-block-gutentor-m6-item section-g-2611iut gutentor-module gutentor-module-accordion-item\"><div class=\"gutentor-module-accordion-panel g-a-panel-g-qr2d1et\"><div class=\"gm-ah-g-qr2d1et gutentor-module-accordion-item-heading gutentor-module-icon-position-right\"><span class=\"gutentor-module-accordion-panel-handler\" role=\"button\"><span class=\"gutentor-module-accordion-panel-handler-label\">Puc matricular el TFM l\u2019any seg\u00fcent?<\/span><span class=\"gutentor-module-accordion-icon\"><i class=\"gm-aio-g-qr2d1et gutentor-module-accordion-icon-open fas fa-plus\"><\/i><i class=\"gm-aic-g-qr2d1et gutentor-module-accordion-icon-close fas fa-minus\"><\/i><\/span><\/span><\/div><div class=\"gm-ab-g-qr2d1et gutentor-module-accordion-body\">\n          \n\n          <div id=\"section-g-caiee81\" class=\"wp-block-gutentor-e0 section-g-caiee81 gutentor-element gutentor-element-advanced-text\">\n            <div class=\"gutentor-text-wrap\">\n              <p class=\"gutentor-text\">S\u00ed. Si se tiene claro desde el principio, no se matricular\u00e1 de entrada y se esperar\u00e1 a la matr\u00edcula del curso siguiente. <br><br>Si se debe hacer anulaci\u00f3n de convocatoria (el TFM est\u00e1 matriculado el mismo a\u00f1o, pero se<br>decide durante el curso que se quiere hacer posteriormente) se realizar\u00e1 mediante el mismo procedimiento de anulaci\u00f3n de convocatoria.<br><br><strong>Para matricular el TFM es necesario tener matriculados todos los dem\u00e1s cr\u00e9ditos del m\u00e1ster.<\/strong><\/p>\n            <\/div>\n          <\/div>\n          \n\n        \n<\/div><\/div><\/div>\n\n\n\n<div id=\"g-xfvxvz1\" class=\"wp-block-gutentor-m6-item section-g-xfvxvz1 gutentor-module gutentor-module-accordion-item\"><div class=\"gutentor-module-accordion-panel g-a-panel-g-qr2d1et\"><div class=\"gm-ah-g-qr2d1et gutentor-module-accordion-item-heading gutentor-module-icon-position-right\"><span class=\"gutentor-module-accordion-panel-handler\" role=\"button\"><span class=\"gutentor-module-accordion-panel-handler-label\">Gratu\u00eftat d\u2019ECTS per MH obtingudes grau, m\u00e0ster, postgrau (cursats a l\u2019ESMU<\/span><span class=\"gutentor-module-accordion-icon\"><i class=\"gm-aio-g-qr2d1et gutentor-module-accordion-icon-open fas fa-plus\"><\/i><i class=\"gm-aic-g-qr2d1et gutentor-module-accordion-icon-close fas fa-minus\"><\/i><\/span><\/span><\/div><div class=\"gm-ab-g-qr2d1et gutentor-module-accordion-body\">\n          \n\n          <div id=\"section-g-zd0ttbd\" class=\"wp-block-gutentor-e0 section-g-zd0ttbd gutentor-element gutentor-element-advanced-text\">\n            <div class=\"gutentor-text-wrap\">\n              <p class=\"gutentor-text\">Los graduados y graduadas que hayan obtenido la cualificaci\u00f3n de matr\u00edcula de honor en una o varias asignaturas del cuarto curso de un Grado o en un M\u00e1ster oficial cursado en la ESMUC, y en el curso acad\u00e9mico anterior al de la matr\u00edcula en la ESMUC, podr\u00e1n solicitar la bonificaci\u00f3n del importe correspondiente de un n\u00famero de cr\u00e9ditos equivalente. Esta bonificaci\u00f3n se aplicar\u00e1 a los cr\u00e9ditos matriculados por primera vez y en la matr\u00edcula del curso acad\u00e9mico inmediatamente posterior. <\/p>\n            <\/div>\n          <\/div>\n          \n\n        \n<\/div><\/div><\/div>\n\n\n\n<div id=\"g-41x1l1c\" class=\"wp-block-gutentor-m6-item section-g-41x1l1c gutentor-module gutentor-module-accordion-item\"><div class=\"gutentor-module-accordion-panel g-a-panel-g-qr2d1et\"><div class=\"gm-ah-g-qr2d1et gutentor-module-accordion-item-heading gutentor-module-icon-position-right\"><span class=\"gutentor-module-accordion-panel-handler\" role=\"button\"><span class=\"gutentor-module-accordion-panel-handler-label\">Reconeixement d\u2019ECTS cursats en altres m\u00e0sters o postgraus<\/span><span class=\"gutentor-module-accordion-icon\"><i class=\"gm-aio-g-qr2d1et gutentor-module-accordion-icon-open fas fa-plus\"><\/i><i class=\"gm-aic-g-qr2d1et gutentor-module-accordion-icon-close fas fa-minus\"><\/i><\/span><\/span><\/div><div class=\"gm-ab-g-qr2d1et gutentor-module-accordion-body\">\n          \n\n          <div id=\"section-g-1ol3o2x\" class=\"wp-block-gutentor-e0 section-g-1ol3o2x gutentor-element gutentor-element-advanced-text\">\n            <div class=\"gutentor-text-wrap\">\n              <p class=\"gutentor-text\">Se pueden reconocer un m\u00e1ximo del <strong>15%<\/strong> (9 ECTS para m\u00e1sters de 60 ECTS y 18 para m\u00e1sters de 120 ECTS) de ECTS que se hayan cursado en m\u00e1sters anteriores.<br><br>Por los ECTS reconocidos, se deber\u00e1 abonar el 25% del precio del cr\u00e9dito reconocido.<br><br>Se debe hacer mediante <a href=\"https:\/\/www.cognitoforms.com\/Esmuc1\/SOLLICITUDSITR%C3%80MITSACAD%C3%88MICSSOLICITUDESYTR%C3%81MITESACAD%C3%89MICOSAPPLICATIONSANDACADEMICPROCEDURES\">solicitud<\/a> a la secretar\u00eda acad\u00e9mica especificando las asignaturas para las cuales se pide reconocimiento y se debe acompa\u00f1ar de los planes docentes de las asignaturas cursadas.<br><br>Los ECTS correspondientes a los TFM realizados en otros m\u00e1sters no podr\u00e1n ser reconocidos.<\/p>\n            <\/div>\n          <\/div>\n          \n\n        \n<\/div><\/div><\/div>\n<\/div><\/section>\n\n\n\n<h3 class=\"wp-block-heading\">Horarios y calendario<\/h3>\n\n\n\n<div style=\"height:10px\" aria-hidden=\"true\" class=\"wp-block-spacer\"><\/div>\n\n\n\n<section id=\"g-yikm6ml\" class=\"section-g-yikm6ml gutentor-module gutentor-module-accordion\"><div class=\"grid-container\">\n<div id=\"g-2b42iyy\" class=\"wp-block-gutentor-m6-item section-g-2b42iyy gutentor-module gutentor-module-accordion-item\"><div class=\"gutentor-module-accordion-panel g-a-panel-g-yikm6ml\"><div class=\"gm-ah-g-yikm6ml gutentor-module-accordion-item-heading gutentor-module-icon-position-right\"><span class=\"gutentor-module-accordion-panel-handler\" role=\"button\"><span class=\"gutentor-module-accordion-panel-handler-label\">Quins dies i en quins horaris s\u00f3n les classes?<\/span><span class=\"gutentor-module-accordion-icon\"><i class=\"gm-aio-g-yikm6ml gutentor-module-accordion-icon-open fas fa-plus\"><\/i><i class=\"gm-aic-g-yikm6ml gutentor-module-accordion-icon-close fas fa-minus\"><\/i><\/span><\/span><\/div><div class=\"gm-ab-g-yikm6ml gutentor-module-accordion-body\">\n          \n\n          <div id=\"section-g-7x7by77\" class=\"wp-block-gutentor-e0 section-g-7x7by77 gutentor-element gutentor-element-advanced-text\">\n            <div class=\"gutentor-text-wrap\">\n              <p class=\"gutentor-text\">Consulta con la coordinaci\u00f3n de cada m\u00e1ster para saber los d\u00edas y horarios de las clases.<\/p>\n            <\/div>\n          <\/div>\n          \n\n        \n<\/div><\/div><\/div>\n\n\n\n<div id=\"g-hhbmn1b\" class=\"wp-block-gutentor-m6-item section-g-hhbmn1b gutentor-module gutentor-module-accordion-item\"><div class=\"gutentor-module-accordion-panel g-a-panel-g-yikm6ml\"><div class=\"gm-ah-g-yikm6ml gutentor-module-accordion-item-heading gutentor-module-icon-position-right\"><span class=\"gutentor-module-accordion-panel-handler\" role=\"button\"><span class=\"gutentor-module-accordion-panel-handler-label\">Puc fer les classes en l\u00ednia?<\/span><span class=\"gutentor-module-accordion-icon\"><i class=\"gm-aio-g-yikm6ml gutentor-module-accordion-icon-open fas fa-plus\"><\/i><i class=\"gm-aic-g-yikm6ml gutentor-module-accordion-icon-close fas fa-minus\"><\/i><\/span><\/span><\/div><div class=\"gm-ab-g-yikm6ml gutentor-module-accordion-body\">\n          \n\n          <div id=\"section-g-6w1s70y\" class=\"wp-block-gutentor-e0 section-g-6w1s70y gutentor-element gutentor-element-advanced-text\">\n            <div class=\"gutentor-text-wrap\">\n              <p class=\"gutentor-text\">Los m\u00e1sters que son presenciales, las clases son presenciales. Los que son totalmente en l\u00ednea, no hay asistencia presencial. Y los que se ofrecen en formato h\u00edbrido, las clases presenciales y en l\u00ednea est\u00e1n especificadas en el calendario de cada m\u00e1ster.  <\/p>\n            <\/div>\n          <\/div>\n          \n\n        \n<\/div><\/div><\/div>\n\n\n\n<div id=\"g-ykassss\" class=\"wp-block-gutentor-m6-item section-g-ykassss gutentor-module gutentor-module-accordion-item\"><div class=\"gutentor-module-accordion-panel g-a-panel-g-yikm6ml\"><div class=\"gm-ah-g-yikm6ml gutentor-module-accordion-item-heading gutentor-module-icon-position-right\"><span class=\"gutentor-module-accordion-panel-handler\" role=\"button\"><span class=\"gutentor-module-accordion-panel-handler-label\">\u00c9s l\u2019assist\u00e8ncia obligat\u00f2ria?<\/span><span class=\"gutentor-module-accordion-icon\"><i class=\"gm-aio-g-yikm6ml gutentor-module-accordion-icon-open fas fa-plus\"><\/i><i class=\"gm-aic-g-yikm6ml gutentor-module-accordion-icon-close fas fa-minus\"><\/i><\/span><\/span><\/div><div class=\"gm-ab-g-yikm6ml gutentor-module-accordion-body\">\n          \n\n          <div id=\"section-g-mebykwm\" class=\"wp-block-gutentor-e0 section-g-mebykwm gutentor-element gutentor-element-advanced-text\">\n            <div class=\"gutentor-text-wrap\">\n              <p class=\"gutentor-text\">.Hay un requisito general de asistencia del 80% para poder ser evaluado\/a<\/p>\n            <\/div>\n          <\/div>\n          \n\n        \n<\/div><\/div><\/div>\n\n\n\n<div id=\"g-psxq67z\" class=\"wp-block-gutentor-m6-item section-g-psxq67z gutentor-module gutentor-module-accordion-item\"><div class=\"gutentor-module-accordion-panel g-a-panel-g-yikm6ml\"><div class=\"gm-ah-g-yikm6ml gutentor-module-accordion-item-heading gutentor-module-icon-position-right\"><span class=\"gutentor-module-accordion-panel-handler\" role=\"button\"><span class=\"gutentor-module-accordion-panel-handler-label\">Com s\u2019organitza el calendari, quan \u00e9s la pausa entre semestres?<\/span><span class=\"gutentor-module-accordion-icon\"><i class=\"gm-aio-g-yikm6ml gutentor-module-accordion-icon-open fas fa-plus\"><\/i><i class=\"gm-aic-g-yikm6ml gutentor-module-accordion-icon-close fas fa-minus\"><\/i><\/span><\/span><\/div><div class=\"gm-ab-g-yikm6ml gutentor-module-accordion-body\">\n          \n\n          <div id=\"section-g-5mmba47\" class=\"wp-block-gutentor-e0 section-g-5mmba47 gutentor-element gutentor-element-advanced-text\">\n            <div class=\"gutentor-text-wrap\">\n              <p class=\"gutentor-text\">Cada m\u00e1ster sigue su calendario y, por tanto, el per\u00edodo entre cuadrimestres no afecta de la misma manera a todos los m\u00e1sters.<\/p>\n            <\/div>\n          <\/div>\n          \n\n        \n<\/div><\/div><\/div>\n\n\n\n<div id=\"g-xazcztw\" class=\"wp-block-gutentor-m6-item section-g-xazcztw gutentor-module gutentor-module-accordion-item\"><div class=\"gutentor-module-accordion-panel g-a-panel-g-yikm6ml\"><div class=\"gm-ah-g-yikm6ml gutentor-module-accordion-item-heading gutentor-module-icon-position-right\"><span class=\"gutentor-module-accordion-panel-handler\" role=\"button\"><span class=\"gutentor-module-accordion-panel-handler-label\">Quan he d\u2019entregar el TFM?<\/span><span class=\"gutentor-module-accordion-icon\"><i class=\"gm-aio-g-yikm6ml gutentor-module-accordion-icon-open fas fa-plus\"><\/i><i class=\"gm-aic-g-yikm6ml gutentor-module-accordion-icon-close fas fa-minus\"><\/i><\/span><\/span><\/div><div class=\"gm-ab-g-yikm6ml gutentor-module-accordion-body\">\n          \n\n          <div id=\"section-g-qxkkccq\" class=\"wp-block-gutentor-e0 section-g-qxkkccq gutentor-element gutentor-element-advanced-text\">\n            <div class=\"gutentor-text-wrap\">\n              <p class=\"gutentor-text\">Consulta el calendario acad\u00e9mico donde se especifican las entregas de los TFM.<\/p>\n            <\/div>\n          <\/div>\n          \n\n        \n<\/div><\/div><\/div>\n<\/div><\/section>\n\n\n\n<h3 class=\"wp-block-heading\">La escuela, servicios<\/h3>\n\n\n\n<div style=\"height:10px\" aria-hidden=\"true\" class=\"wp-block-spacer\"><\/div>\n\n\n\n<section id=\"g-sz6dy8c\" class=\"section-g-sz6dy8c gutentor-module gutentor-module-accordion\"><div class=\"grid-container\">\n<div id=\"g-9m5ul9z\" class=\"wp-block-gutentor-m6-item section-g-9m5ul9z gutentor-module gutentor-module-accordion-item\"><div class=\"gutentor-module-accordion-panel g-a-panel-g-sz6dy8c\"><div class=\"gm-ah-g-sz6dy8c gutentor-module-accordion-item-heading gutentor-module-icon-position-right\"><span class=\"gutentor-module-accordion-panel-handler\" role=\"button\"><span class=\"gutentor-module-accordion-panel-handler-label\">Puc reservar aules?<\/span><span class=\"gutentor-module-accordion-icon\"><i class=\"gm-aio-g-sz6dy8c gutentor-module-accordion-icon-open fas fa-plus\"><\/i><i class=\"gm-aic-g-sz6dy8c gutentor-module-accordion-icon-close fas fa-minus\"><\/i><\/span><\/span><\/div><div class=\"gm-ab-g-sz6dy8c gutentor-module-accordion-body\">\n          \n\n          <div id=\"section-g-swf4z5w\" class=\"wp-block-gutentor-e0 section-g-swf4z5w gutentor-element gutentor-element-advanced-text\">\n            <div class=\"gutentor-text-wrap\">\n              <p class=\"gutentor-text\">S\u00ed. Mediante la plataforma <a href=\"https:\/\/esmuc.asimut.net\/\">ASIMUT<\/a> se pueden reservar aulas hasta 96 horas antes. <br><br><a href=\"https:\/\/esmuc.sharepoint.com\/sites\/ESPAIS\/SitePages\/Operativa-de-reserva-d'espais-per-a-estuidiants.aspx\">Gu\u00eda de reserva de espacios para el alumnado<\/a><\/p>\n            <\/div>\n          <\/div>\n          \n\n        \n<\/div><\/div><\/div>\n\n\n\n<div id=\"g-az9gq3g\" class=\"wp-block-gutentor-m6-item section-g-az9gq3g gutentor-module gutentor-module-accordion-item\"><div class=\"gutentor-module-accordion-panel g-a-panel-g-sz6dy8c\"><div class=\"gm-ah-g-sz6dy8c gutentor-module-accordion-item-heading gutentor-module-icon-position-right\"><span class=\"gutentor-module-accordion-panel-handler\" role=\"button\"><span class=\"gutentor-module-accordion-panel-handler-label\">Puc fer servir instruments de l\u2019escola?<\/span><span class=\"gutentor-module-accordion-icon\"><i class=\"gm-aio-g-sz6dy8c gutentor-module-accordion-icon-open fas fa-plus\"><\/i><i class=\"gm-aic-g-sz6dy8c gutentor-module-accordion-icon-close fas fa-minus\"><\/i><\/span><\/span><\/div><div class=\"gm-ab-g-sz6dy8c gutentor-module-accordion-body\">\n          \n\n          <div id=\"section-g-cpipeeq\" class=\"wp-block-gutentor-e0 section-g-cpipeeq gutentor-element gutentor-element-advanced-text\">\n            <div class=\"gutentor-text-wrap\">\n              <p class=\"gutentor-text\">Se pueden usar los pianos de las aulas (excepto los reservados para pianistas) y, en caso de necesitar un instrumento que no es el propio, siempre se puede consultar la posibilidad y disponibilidad en el <a href=\"https:\/\/www.esmuc.cat\/es\/servicios\/parque-instrumentos\/\">Parque de instrumentos<\/a>.<\/p>\n            <\/div>\n          <\/div>\n          \n\n        \n<\/div><\/div><\/div>\n\n\n\n<div id=\"g-itypncg\" class=\"wp-block-gutentor-m6-item section-g-itypncg gutentor-module gutentor-module-accordion-item\"><div class=\"gutentor-module-accordion-panel g-a-panel-g-sz6dy8c\"><div class=\"gm-ah-g-sz6dy8c gutentor-module-accordion-item-heading gutentor-module-icon-position-right\"><span class=\"gutentor-module-accordion-panel-handler\" role=\"button\"><span class=\"gutentor-module-accordion-panel-handler-label\">Puc agafar materials en pr\u00e9stec de la Biblioteca?<\/span><span class=\"gutentor-module-accordion-icon\"><i class=\"gm-aio-g-sz6dy8c gutentor-module-accordion-icon-open fas fa-plus\"><\/i><i class=\"gm-aic-g-sz6dy8c gutentor-module-accordion-icon-close fas fa-minus\"><\/i><\/span><\/span><\/div><div class=\"gm-ab-g-sz6dy8c gutentor-module-accordion-body\">\n          \n\n          <div id=\"section-g-zu1ff36\" class=\"wp-block-gutentor-e0 section-g-zu1ff36 gutentor-element gutentor-element-advanced-text\">\n            <div class=\"gutentor-text-wrap\">\n              <p class=\"gutentor-text\">S\u00ed, el servicio de pr\u00e9stamo est\u00e1 disponible para todos los estudiantes de la escuela.<br>La biblioteca est\u00e1 abierta de lunes a viernes, de 10 h a 19 h. Se pueden solicitar hasta un m\u00e1ximo de 6 documentos en pr\u00e9stamo por un per\u00edodo de 15 d\u00edas, con posibilidad de pr\u00f3rroga.  <br><br>Para m\u00e1s informaci\u00f3n, consultad: https:\/\/www.esmuc.cat\/serveis\/biblioteca-crai\/faqs\/<br><br>Para m\u00e1s servicios para estudiantes (taquillas, impresi\u00f3n&#8230;), consultad: https:\/\/www.esmuc.cat\/serveis\/altres-serveis\/serveis-a-estudiants\/<\/p>\n            <\/div>\n          <\/div>\n          \n\n        \n<\/div><\/div><\/div>\n\n\n\n<div id=\"g-rzliuo1\" class=\"wp-block-gutentor-m6-item section-g-rzliuo1 gutentor-module gutentor-module-accordion-item\"><div class=\"gutentor-module-accordion-panel g-a-panel-g-sz6dy8c\"><div class=\"gm-ah-g-sz6dy8c gutentor-module-accordion-item-heading gutentor-module-icon-position-right\"><span class=\"gutentor-module-accordion-panel-handler\" role=\"button\"><span class=\"gutentor-module-accordion-panel-handler-label\">Puc assistir a classes a les quals no estic matriculat?<\/span><span class=\"gutentor-module-accordion-icon\"><i class=\"gm-aio-g-sz6dy8c gutentor-module-accordion-icon-open fas fa-plus\"><\/i><i class=\"gm-aic-g-sz6dy8c gutentor-module-accordion-icon-close fas fa-minus\"><\/i><\/span><\/span><\/div><div class=\"gm-ab-g-sz6dy8c gutentor-module-accordion-body\">\n          \n\n          <div id=\"section-g-j1n1cny\" class=\"wp-block-gutentor-e0 section-g-j1n1cny gutentor-element gutentor-element-advanced-text\">\n            <div class=\"gutentor-text-wrap\">\n              <p class=\"gutentor-text\">S\u00ed, siempre que se tenga el consentimiento del\/de la profesor\/a y si el aula no ha excedido el l\u00edmite de ocupaci\u00f3n.<\/p>\n            <\/div>\n          <\/div>\n          \n\n        \n<\/div><\/div><\/div>\n\n\n\n<div id=\"g-ffmf849\" class=\"wp-block-gutentor-m6-item section-g-ffmf849 gutentor-module gutentor-module-accordion-item\"><div class=\"gutentor-module-accordion-panel g-a-panel-g-sz6dy8c\"><div class=\"gm-ah-g-sz6dy8c gutentor-module-accordion-item-heading gutentor-module-icon-position-right\"><span class=\"gutentor-module-accordion-panel-handler\" role=\"button\"><span class=\"gutentor-module-accordion-panel-handler-label\">Quins avantatges suposa tenir el carnet de l\u2019ESMUC?<\/span><span class=\"gutentor-module-accordion-icon\"><i class=\"gm-aio-g-sz6dy8c gutentor-module-accordion-icon-open fas fa-plus\"><\/i><i class=\"gm-aic-g-sz6dy8c gutentor-module-accordion-icon-close fas fa-minus\"><\/i><\/span><\/span><\/div><div class=\"gm-ab-g-sz6dy8c gutentor-module-accordion-body\">\n          \n\n          <div id=\"section-g-nisw4w1\" class=\"wp-block-gutentor-e0 section-g-nisw4w1 gutentor-element gutentor-element-advanced-text\">\n            <div class=\"gutentor-text-wrap\">\n              <p class=\"gutentor-text\">El carnet de la ESMUC es un carnet de estudiante v\u00e1lido. El carnet de estudiante ofrece descuentos y beneficios que algunas entidades y empresas proporcionan a estudiantes universitarios, como entradas a museos, espect\u00e1culos o conciertos. <\/p>\n            <\/div>\n          <\/div>\n          \n\n        \n<\/div><\/div><\/div>\n<\/div><\/section>\n<\/div>\n<\/div>\n","protected":false},"excerpt":{"rendered":"<p>Informaci\u00f3n de inter\u00e9s sobre los m\u00e1sters Equivalencia de t\u00edtulos Precios, pagos, becas Horarios y calendario La escuela, servicios<\/p>\n","protected":false},"author":4,"featured_media":0,"parent":28457,"menu_order":0,"comment_status":"closed","ping_status":"closed","template":"","meta":{"_acf_changed":false,"_themeisle_gutenberg_block_has_review":false,"footnotes":""},"categories":[1112],"tags":[],"class_list":["post-28631","page","type-page","status-publish","hentry","category-masters-es"],"acf":[],"publishpress_future_action":{"enabled":false,"date":"2026-05-09 04:21:18","action":"change-status","newStatus":"draft","terms":[],"taxonomy":"category","extraData":[]},"publishpress_future_workflow_manual_trigger":{"enabledWorkflows":[]},"_links":{"self":[{"href":"https:\/\/www.esmuc.cat\/es\/wp-json\/wp\/v2\/pages\/28631","targetHints":{"allow":["GET"]}}],"collection":[{"href":"https:\/\/www.esmuc.cat\/es\/wp-json\/wp\/v2\/pages"}],"about":[{"href":"https:\/\/www.esmuc.cat\/es\/wp-json\/wp\/v2\/types\/page"}],"author":[{"embeddable":true,"href":"https:\/\/www.esmuc.cat\/es\/wp-json\/wp\/v2\/users\/4"}],"replies":[{"embeddable":true,"href":"https:\/\/www.esmuc.cat\/es\/wp-json\/wp\/v2\/comments?post=28631"}],"version-history":[{"count":6,"href":"https:\/\/www.esmuc.cat\/es\/wp-json\/wp\/v2\/pages\/28631\/revisions"}],"predecessor-version":[{"id":105537,"href":"https:\/\/www.esmuc.cat\/es\/wp-json\/wp\/v2\/pages\/28631\/revisions\/105537"}],"up":[{"embeddable":true,"href":"https:\/\/www.esmuc.cat\/es\/wp-json\/wp\/v2\/pages\/28457"}],"wp:attachment":[{"href":"https:\/\/www.esmuc.cat\/es\/wp-json\/wp\/v2\/media?parent=28631"}],"wp:term":[{"taxonomy":"category","embeddable":true,"href":"https:\/\/www.esmuc.cat\/es\/wp-json\/wp\/v2\/categories?post=28631"},{"taxonomy":"post_tag","embeddable":true,"href":"https:\/\/www.esmuc.cat\/es\/wp-json\/wp\/v2\/tags?post=28631"}],"curies":[{"name":"wp","href":"https:\/\/api.w.org\/{rel}","templated":true}]}}