{"id":110773,"date":"2024-07-08T15:26:29","date_gmt":"2024-07-08T13:26:29","guid":{"rendered":"https:\/\/www.esmuc.cat\/estudios\/grau\/acces-i-admissio\/proves-dacces\/setembre\/"},"modified":"2025-07-24T12:27:40","modified_gmt":"2025-07-24T10:27:40","slug":"setembre","status":"publish","type":"page","link":"https:\/\/www.esmuc.cat\/es\/estudios\/grau\/acces-i-admissio\/proves-dacces\/setembre\/","title":{"rendered":"Convocat\u00f2ria Proves d&#8217;acc\u00e9s 2025-2026"},"content":{"rendered":"\n<div class=\"wp-block-columns is-layout-flex wp-container-core-columns-is-layout-9d6595d7 wp-block-columns-is-layout-flex\">\n<div class=\"wp-block-column esmuc__Menu_Masters is-layout-flow wp-block-column-is-layout-flow\" style=\"flex-basis:33.33%\">\n\n<\/div>\n\n\n\n<div class=\"wp-block-column is-layout-flow wp-block-column-is-layout-flow\" style=\"flex-basis:66.66%\"><div class=\"breadcrumbs align  wp-block-bcn-breadcrumb-trail has-text-color has-background\" vocab=\"https:\/\/schema.org\/\" typeof=\"BreadcrumbList\">\n\t<span><\/span>\n\t<span property=\"itemListElement\" typeof=\"ListItem\"><a property=\"item\" typeof=\"WebPage\" title=\"Ir a ESMUC.\" href=\"https:\/\/www.esmuc.cat\/es\/\" class=\"home\" ><span property=\"name\">ESMUC<\/span><\/a><meta property=\"position\" content=\"1\"><\/span> &gt; <span property=\"itemListElement\" typeof=\"ListItem\"><a property=\"item\" typeof=\"WebPage\" title=\"Ir a Estudios.\" href=\"https:\/\/www.esmuc.cat\/es\/estudios\/\" class=\"post post-page\" ><span property=\"name\">Estudios<\/span><\/a><meta property=\"position\" content=\"2\"><\/span> &gt; <span property=\"itemListElement\" typeof=\"ListItem\"><a property=\"item\" typeof=\"WebPage\" title=\"Ir a Grado.\" href=\"https:\/\/www.esmuc.cat\/es\/estudios\/grau\/\" class=\"post post-page\" ><span property=\"name\">Grado<\/span><\/a><meta property=\"position\" content=\"3\"><\/span> &gt; <span property=\"itemListElement\" typeof=\"ListItem\"><a property=\"item\" typeof=\"WebPage\" title=\"Ir a Acceso y Admisi\u00f3n.\" href=\"https:\/\/www.esmuc.cat\/es\/estudios\/grau\/acces-i-admissio\/\" class=\"post post-page\" ><span property=\"name\">Acceso y Admisi\u00f3n<\/span><\/a><meta property=\"position\" content=\"4\"><\/span> &gt; <span property=\"itemListElement\" typeof=\"ListItem\"><a property=\"item\" typeof=\"WebPage\" title=\"Ir a Pruebas de acceso.\" href=\"https:\/\/www.esmuc.cat\/es\/estudios\/grau\/acces-i-admissio\/proves-dacces\/\" class=\"post post-page\" ><span property=\"name\">Pruebas de acceso<\/span><\/a><meta property=\"position\" content=\"5\"><\/span> &gt; <span property=\"itemListElement\" typeof=\"ListItem\"><span property=\"name\" class=\"post post-page current-item\">Convocat\u00f2ria Proves d&#8217;acc\u00e9s 2025-2026<\/span><meta property=\"url\" content=\"https:\/\/www.esmuc.cat\/es\/estudios\/grau\/acces-i-admissio\/proves-dacces\/setembre\/\"><meta property=\"position\" content=\"6\"><\/span><\/div>\n\n\n\n<h1 class=\"wp-block-heading\">Proves d&#8217;acc\u00e9s al Grau en ensenyaments art\u00edstics superiors de m\u00fasica 2025 &#8211; 2026<\/h1>\n\n\n\n<div style=\"height:10px\" aria-hidden=\"true\" class=\"wp-block-spacer\"><\/div>\n\n\n\n<h2 class=\"wp-block-heading\">Convocat\u00f2ria setembre<\/h2>\n\n\n\n<div style=\"height:40px\" aria-hidden=\"true\" class=\"wp-block-spacer\"><\/div>\n\n\n\n<section id=\"gmaf8b299\" class=\"wp-block-gutentor-m3 section-gmaf8b299 gutentor-module gutentor-container-cover\"><div class=\"grid-container\">\n<p>La convocat\u00f2ria de les proves corresponents al curs 2025-2026 est\u00e0 regulada per:<\/p>\n\n\n\n<div id=\"section-g1e7175\" class=\"wp-block-gutentor-e7 section-g1e7175 gutentor-element gutentor-element-list\"><ul class=\"grid-row gutentor-grid-item-wrap list-indicator-icon\"><li class=\"gutentor-list-item grid-lg-12 grid-md-12 grid-12\"><span class=\"gutentor-single-item gutentor-single-item-0\"><span class=\"gutentor-list-item-wrap g-s-list-wrap\"><span class=\"gutentor-single-list-item-icon\"><i class=\"list-item-icon fas fa-angle-right\"><\/i><\/span><span class=\"gutentor-list-item\"><p class=\"gutentor-single-item-title\"><a href=\"https:\/\/dogc.gencat.cat\/ca\/document-del-dogc\/?documentId=1006428\" target=\"_blank\" rel=\"noreferrer noopener\">RESOLUCI\u00d3 EDU369\/2025, de 7 de febrer\u00a0<\/a>per la qual es convoquen les proves d\u2019acc\u00e9s als graus en ensenyaments art\u00edstics superiors adaptats a l\u2019Espai Europeu d\u2019Educaci\u00f3 Superior, corresponents al curs 2025-2026.<\/p><\/span><\/span><\/span><\/li><li class=\"gutentor-list-item grid-lg-12 grid-md-12 grid-12\"><span class=\"gutentor-single-item gutentor-single-item-1\"><span class=\"gutentor-list-item-wrap g-s-list-wrap\"><span class=\"gutentor-single-list-item-icon\"><i class=\"list-item-icon fas fa-angle-right\"><\/i><\/span><span class=\"gutentor-list-item\"><p class=\"gutentor-single-item-title\"><a href=\"https:\/\/dogc.gencat.cat\/ca\/document-del-dogc\/?documentId=905539\" target=\"_blank\" rel=\"noreferrer noopener\">RESOLUCI\u00d3 EDU\/2054\/2021, del 29 de juny<\/a>, per la qual s\u2019estableixen les bases de les proves espec\u00edfiques d\u2019acc\u00e9s als ensenyaments art\u00edstics superiors. (DOGC n\u00fam. 8452, 07.07.2021)\u00a0<\/p><\/span><\/span><\/span><\/li><\/ul><\/div>\n\n\n\n<p>L\u2019admissi\u00f3 al centre est\u00e0 supeditada a l\u2019exist\u00e8ncia de places suficients. Les persones candidates accediran a l\u2019Escola d\u2019acord amb les qualificacions que hagin &nbsp;obtingut, per ordre descendent. Tanmateix, en aquelles modalitats amb una sola pla\u00e7a convocada es prioritzar\u00e0 l&#8217;alumnat que no estigui en possessi\u00f3 d&#8217;un Grau en ensenyaments art\u00edstics superiors de m\u00fasica.<\/p>\n<\/div><\/section>\n\n\n\n<div style=\"height:10px\" aria-hidden=\"true\" class=\"wp-block-spacer\"><\/div>\n\n\n\n<section id=\"gma46966c\" class=\"wp-block-gutentor-m3 section-gma46966c gutentor-module gutentor-container-cover\"><div class=\"grid-container\">\n<section id=\"2be4ab\" class=\"section-2be4ab gutentor-module gutentor-module-accordion\"><div class=\"grid-container\">\n<div id=\"24e3af\" class=\"wp-block-gutentor-m6-item section-24e3af gutentor-module gutentor-module-accordion-item\"><div class=\"gutentor-module-accordion-panel g-a-panel-2be4ab\"><div class=\"gm-ah-2be4ab gutentor-module-accordion-item-heading gutentor-module-icon-position-right\"><span class=\"gutentor-module-accordion-panel-handler\" role=\"button\"><span class=\"gutentor-module-accordion-panel-handler-label\">Especialitats i modalitats que s&#8217;ofereixen<\/span><span class=\"gutentor-module-accordion-icon\"><i class=\"gm-aio-2be4ab gutentor-module-accordion-icon-open fas fa-plus\"><\/i><i class=\"gm-aic-2be4ab gutentor-module-accordion-icon-close fas fa-minus\"><\/i><\/span><\/span><\/div><div class=\"gm-ab-2be4ab gutentor-module-accordion-body\">\n<section id=\"gm35ac4e4\" class=\"wp-block-gutentor-m3 section-gm35ac4e4 gutentor-module gutentor-container-cover\"><div class=\"grid-container\">\n<p>Especialitats i modalitats que s&#8217;ofereixen, nom\u00e9s es podr\u00e0 optar a una sola opci\u00f3:&nbsp;<\/p>\n\n\n\n<table id=\"tablepress-799\" class=\"tablepress tablepress-id-799\">\n<thead>\n<tr class=\"row-1\">\n\t<th class=\"column-1\">Especialitat<\/th><th class=\"column-2\">Places<\/th><th class=\"column-3\">Modalitats i observacions<\/th>\n<\/tr>\n<\/thead>\n<tbody class=\"row-striping row-hover\">\n<tr class=\"row-2\">\n\t<td class=\"column-1\">INTERPRETACI\u00d3<\/td><td class=\"column-2\"><\/td><td class=\"column-3\"><\/td>\n<\/tr>\n<tr class=\"row-3\">\n\t<td class=\"column-1\">M\u00fasica Cl\u00e0ssica i      Contempor\u00e0nia<\/td><td class=\"column-2\">4<\/td><td class=\"column-3\">- Tuba <br \/>\n- Cant CiC<br \/>\n- Orgue<br \/>\n- Violoncel<\/td>\n<\/tr>\n<tr class=\"row-4\">\n\t<td class=\"column-1\">M\u00fasica Antiga<\/td><td class=\"column-2\">2<\/td><td class=\"column-3\">- Trompa natural, Cornetto, Instruments de corda polsada (2) <\/td>\n<\/tr>\n<tr class=\"row-5\">\n\t<td class=\"column-1\">M\u00fasica Tradicional<\/td><td class=\"column-2\">4<\/td><td class=\"column-3\">- Arrel: Acordi\u00f3 diat\u00f2nic o corda polsada (1) <br \/>\n- Flamenco: guitarra flamenca (1) <br \/>\n- Cante Flamenco (2) <\/td>\n<\/tr>\n<tr class=\"row-6\">\n\t<td class=\"column-1\">Jazz i M\u00fasica Moderna<\/td><td class=\"column-2\">4<\/td><td class=\"column-3\">- Tromb\u00f3 jazz <br \/>\n- Tromb\u00f3 m\u00fasica moderna <br \/>\n- Viol\u00ed jazz <br \/>\n- Percussi\u00f3 m\u00fasica moderna <\/td>\n<\/tr>\n<tr class=\"row-7\">\n\t<td class=\"column-1\">MUSICOLOGIA<\/td><td class=\"column-2\">3<\/td><td class=\"column-3\"><\/td>\n<\/tr>\n<\/tbody>\n<\/table>\n<!-- #tablepress-799 from cache -->\n<\/div><\/section>\n\n\n\n<p>Les persones que ja estiguin en possessi\u00f3 d\u2019un Grau de m\u00fasica en l\u2019especialitat d\u2019Interpretaci\u00f3 i vulguin accedir a una nova modalitat d\u2019Interpretaci\u00f3 han de tenir en compte que no podran obtenir un segon t\u00edtol d\u2019Interpretaci\u00f3, ja que en aquests no hi consta la modalitat instrumental. En el cas que es cursin igualment els estudis l\u2019escola podr\u00e0 certificar els estudis realitzats.&nbsp;<\/p>\n<\/div><\/div><\/div>\n\n\n\n<div id=\"4d6bb3\" class=\"wp-block-gutentor-m6-item section-4d6bb3 gutentor-module gutentor-module-accordion-item\"><div class=\"gutentor-module-accordion-panel g-a-panel-2be4ab\"><div class=\"gm-ah-2be4ab gutentor-module-accordion-item-heading gutentor-module-icon-position-right\"><span class=\"gutentor-module-accordion-panel-handler\" role=\"button\"><span class=\"gutentor-module-accordion-panel-handler-label\">Documentaci\u00f3, publicacions, reclamacions i terminis<\/span><span class=\"gutentor-module-accordion-icon\"><i class=\"gm-aio-2be4ab gutentor-module-accordion-icon-open fas fa-plus\"><\/i><i class=\"gm-aic-2be4ab gutentor-module-accordion-icon-close fas fa-minus\"><\/i><\/span><\/span><\/div><div class=\"gm-ab-2be4ab gutentor-module-accordion-body\">\n<p>Tota la informaci\u00f3 s&#8217;enviar\u00e0 en format PDF <strong>exclusivament<\/strong> al correu electr\u00f2nic <a href=\"mailto:bustia.documentacioproves@esmuc.cat\">bustia.documentacioproves@esmuc.cat<\/a>. <\/p>\n\n\n\n<p>Totes les informacions relatives a les proves d&#8217;acc\u00e9s es notificaran a trav\u00e9s de la web.<\/p>\n\n\n\n<section id=\"gm5922a45\" class=\"wp-block-gutentor-m3 section-gm5922a45 gutentor-module gutentor-container-cover\"><div class=\"grid-container\">\n<table id=\"tablepress-800\" class=\"tablepress tablepress-id-800\">\n<thead>\n<tr class=\"row-1\">\n\t<th class=\"column-1\">Documentaci\u00f3 a presentar i publicacions<\/th><th class=\"column-2\">Data inici<\/th><th class=\"column-3\">Data termini<\/th>\n<\/tr>\n<\/thead>\n<tbody class=\"row-striping row-hover\">\n<tr class=\"row-2\">\n\t<td class=\"column-1\">Inscripci\u00f3<\/td><td class=\"column-2\">8 juliol<\/td><td class=\"column-3\">25 juliol (14h)<\/td>\n<\/tr>\n<tr class=\"row-3\">\n\t<td class=\"column-1\">Pagament de la inscripci\u00f3<\/td><td class=\"column-2\">8 juliol<\/td><td class=\"column-3\">25 juliol (23:59h)<\/td>\n<\/tr>\n<tr class=\"row-4\">\n\t<td class=\"column-1\">Lliurament de la c\u00f2pia del DNI\/ NIE\/ PASSAPORT.<\/td><td class=\"column-2\">8 juliol<\/td><td class=\"column-3\">25 juliol (14h)<\/td>\n<\/tr>\n<tr class=\"row-5\">\n\t<td class=\"column-1\">Lliurament de la c\u00f2pia del carnet de fam\u00edlia nombrosa, monoparental o exempci\u00f3 per descompte: majors de 65 anys, discapacitat igual o superior al 33%, v\u00edctimes d\u2019actes terroristes i de viol\u00e8ncia de g\u00e8nere (si escau)<\/td><td class=\"column-2\">8 juliol<\/td><td class=\"column-3\">25 juliol (14h)<\/td>\n<\/tr>\n<tr class=\"row-6\">\n\t<td class=\"column-1\">Lliurament del t\u00edtol, resguard del Grau Professional (1)<\/td><td class=\"column-2\">8 juliol<\/td><td class=\"column-3\">25 juliol (14h)<\/td>\n<\/tr>\n<tr class=\"row-7\">\n\t<td class=\"column-1\"><a href=\"https:\/\/www.esmuc.cat\/estudis\/grau\/acces-i-admissio\/perfils-dingres\/\">Lliurament del requisit acad\u00e8mic (2), t\u00edtol batxillerat, resguard, prova espec\u00edfica o homologaci\u00f3<\/a><\/td><td class=\"column-2\">8 juliol<\/td><td class=\"column-3\">25 juliol (14h)<br \/>\nExcepcionalment el dia de la matr\u00edcula<\/td>\n<\/tr>\n<tr class=\"row-8\">\n\t<td class=\"column-1\">Publicaci\u00f3 d\u2019exclusi\u00f3 per impagament<\/td><td class=\"column-2\">28 juliol<\/td><td class=\"column-3\">No hi ha exclosos<\/td>\n<\/tr>\n<tr class=\"row-9\">\n\t<td class=\"column-1\">Publicaci\u00f3 definitiva d\u2019admissi\u00f3 a les proves d'acc\u00e9s<\/td><td class=\"column-2\">28 juliol<\/td><td class=\"column-3\"><a href=\"https:\/\/www.esmuc.cat\/wp-content\/uploads\/2025\/07\/ADMESOS-PPAA-SETEMBRE-2025-2026.pdf\" target=\"_blank\">Consulta el llistat<\/a><\/td>\n<\/tr>\n<tr class=\"row-10\">\n\t<td class=\"column-1\">Inici de les proves de la part A (abreujada i completa)<\/td><td class=\"column-2\">1 setembre<\/td><td class=\"column-3\"><a href=\"https:\/\/www.esmuc.cat\/wp-content\/uploads\/2025\/07\/PdA25-partA-horaris.pdf\">Horaris Part A<\/a><\/td>\n<\/tr>\n<tr class=\"row-11\">\n\t<td class=\"column-1\">Publicaci\u00f3 dels resultats provisionals de les proves d\u2019acc\u00e9s Part A<\/td><td class=\"column-2\">2 setembre<\/td><td class=\"column-3\"><a href=\"https:\/\/www.esmuc.cat\/wp-content\/uploads\/2025\/09\/provisional-setembre.pdf\">Resultats provisionals proves d'acc\u00e9s Part A<\/a><\/td>\n<\/tr>\n<tr class=\"row-12\">\n\t<td class=\"column-1\">Revisi\u00f3 de qualificacions Part A<\/td><td class=\"column-2\">3 setembre<\/td><td class=\"column-3\">5 setembre<\/td>\n<\/tr>\n<tr class=\"row-13\">\n\t<td class=\"column-1\">Publicaci\u00f3 dels resultats definitius Part A<\/td><td class=\"column-2\">8 setembre<\/td><td class=\"column-3\"><a href=\"https:\/\/www.esmuc.cat\/wp-content\/uploads\/2025\/09\/Resultats-definitius-part-A.pdf\" target=\"_blank\">Resultats definitius Part A<\/a><\/td>\n<\/tr>\n<tr class=\"row-14\">\n\t<td class=\"column-1\">Inici de les proves de la part B<\/td><td class=\"column-2\">3 setembre<\/td><td class=\"column-3\"><\/td>\n<\/tr>\n<tr class=\"row-15\">\n\t<td class=\"column-1\">Publicaci\u00f3 dels resultats provisionals de les proves  d\u2019acc\u00e9s Part B<\/td><td class=\"column-2\">8 setembre<\/td><td class=\"column-3\"><a href=\"https:\/\/www.esmuc.cat\/wp-content\/uploads\/2025\/09\/Resultats-provisionals-de-la-part-B.pdf\" target=\"_blank\">Resultats provisionals Part B<\/a><\/td>\n<\/tr>\n<tr class=\"row-16\">\n\t<td class=\"column-1\">Revisi\u00f3 de qualificacions Part B<\/td><td class=\"column-2\">9 setembre<\/td><td class=\"column-3\">12 setembre<\/td>\n<\/tr>\n<tr class=\"row-17\">\n\t<td class=\"column-1\">Publicaci\u00f3 dels resultats definitius Part B<\/td><td class=\"column-2\">15 setembre<\/td><td class=\"column-3\"><a href=\"https:\/\/www.esmuc.cat\/wp-content\/uploads\/2025\/09\/Resultats-definitus-Part-B-web.pdf\" target=\"_blank\">Resultats definitius Part B<\/a><\/td>\n<\/tr>\n<tr class=\"row-18\">\n\t<td class=\"column-1\">Matr\u00edcula de 1r curs (online)<\/td><td class=\"column-2\">15 setembre<\/td><td class=\"column-3\">17 setembre<\/td>\n<\/tr>\n<\/tbody>\n<\/table>\n<!-- #tablepress-800 from cache -->\n<\/div><\/section>\n\n\n\n<p>(1) El t\u00edtol de grau professional s\u2019ha d\u2019acreditar mitjan\u00e7ant el t\u00edtol, resguard del t\u00edtol o excepcionalment amb una certificaci\u00f3 per part dels conservatoris on s\u2019indiqui la finalitzaci\u00f3 dels estudis amb l\u2019instrument cursat i que es pot iniciar la tramitaci\u00f3 del t\u00edtol. El certificat de notes no \u00e9s v\u00e0lid.<\/p>\n\n\n\n<p>(2) El requisit acad\u00e8mic (t\u00edtol de batxillerat) s\u2019ha d&#8217;acreditar mitjan\u00e7ant la c\u00f2pia del t\u00edtol o resguard corresponent. El certificat de notes no \u00e9s v\u00e0lid. Excepcionalment, el Departament d\u2019Educaci\u00f3 accepta com a requisit acad\u00e8mic tenir aprovada la prova d\u2019acc\u00e9s a un cicle superior; en aquest cas s\u2019ha de lliurar la certificaci\u00f3 corresponent.<\/p>\n\n\n\n<p>(3) <\/p>\n\n\n\n<p>Les persones que hagin obtingut pla\u00e7a i que vulguin recon\u00e8ixer cr\u00e8dits per estudis superiors ja cursats dins de l\u2019Espai Europeu d\u2019Educaci\u00f3 Superior, hauran d\u2019enviar l\u2019expedient acad\u00e8mic en format PDF per correu electr\u00f2nic indicant en l\u2019assumpte <em>RECONEIXEMENTS <\/em>a: <a href=\"mailto:bustia.provesacces@esmuc.cat\">bustia.provesacces@esmuc.cat<\/a>.<\/p>\n<\/div><\/div><\/div>\n\n\n\n<div id=\"68deea\" class=\"wp-block-gutentor-m6-item section-68deea gutentor-module gutentor-module-accordion-item\"><div class=\"gutentor-module-accordion-panel g-a-panel-2be4ab\"><div class=\"gm-ah-2be4ab gutentor-module-accordion-item-heading gutentor-module-icon-position-right\"><span class=\"gutentor-module-accordion-panel-handler\" role=\"button\"><span class=\"gutentor-module-accordion-panel-handler-label\">Realitzaci\u00f3 de les proves<\/span><span class=\"gutentor-module-accordion-icon\"><i class=\"gm-aio-2be4ab gutentor-module-accordion-icon-open fas fa-plus\"><\/i><i class=\"gm-aic-2be4ab gutentor-module-accordion-icon-close fas fa-minus\"><\/i><\/span><\/span><\/div><div class=\"gm-ab-2be4ab gutentor-module-accordion-body\">\n<p>Les proves es realitzaran de forma presencial amb aplicaci\u00f3 de totes les mesures de seguretat sanit\u00e0ria.<\/p>\n\n\n\n<p>Per a la realitzaci\u00f3 dels exercicis de la Part A abreujada i completa \u00e9s imprescindible utilitzar un dispositiu amb connexi\u00f3 wi-fi (m\u00f2bil, tauleta, port\u00e0til) amb la bateria completament carregada (si pot ser, porta una bateria externa carregada) i auriculars. \u00c9s imprescindible disposar d&#8217;auriculars propis.<\/p>\n\n\n\n<p>Als exercicis de la part B, tothom ha de portar el seu instrument.<\/p>\n<\/div><\/div><\/div>\n\n\n\n<div id=\"311d4f\" class=\"wp-block-gutentor-m6-item section-311d4f gutentor-module gutentor-module-accordion-item\"><div class=\"gutentor-module-accordion-panel g-a-panel-2be4ab\"><div class=\"gm-ah-2be4ab gutentor-module-accordion-item-heading gutentor-module-icon-position-right\"><span class=\"gutentor-module-accordion-panel-handler\" role=\"button\"><span class=\"gutentor-module-accordion-panel-handler-label\">Estructura i organitzaci\u00f3 de les proves<\/span><span class=\"gutentor-module-accordion-icon\"><i class=\"gm-aio-2be4ab gutentor-module-accordion-icon-open fas fa-plus\"><\/i><i class=\"gm-aic-2be4ab gutentor-module-accordion-icon-close fas fa-minus\"><\/i><\/span><\/span><\/div><div class=\"gm-ab-2be4ab gutentor-module-accordion-body\">\n<p>Els horaris es publiquen pel n\u00famero d\u2019inscripci\u00f3 que es troba en el resguard d\u2019inscripci\u00f3 i\/o pagament:<\/p>\n\n\n\n<p><\/p>\n\n\n\n<div id=\"section-g9c037d\" class=\"wp-block-gutentor-e6 section-g9c037d gutentor-element gutentor-element-image\"><div class=\"gutentor-element-image-box\"><div class=\"gutentor-image-thumb\"><img decoding=\"async\" class=\"normal-image\" src=\"https:\/\/www.esmuc.cat\/wp-content\/uploads\/2024\/03\/inscripcio.png\" alt=\"inscripci\u00f3 proves acc\u00e9s 2024-2025\" \/><\/div><\/div><\/div>\n<\/div><\/div><\/div>\n\n\n\n<div id=\"61fe88\" class=\"wp-block-gutentor-m6-item section-61fe88 gutentor-module gutentor-module-accordion-item\"><div class=\"gutentor-module-accordion-panel g-a-panel-2be4ab\"><div class=\"gm-ah-2be4ab gutentor-module-accordion-item-heading gutentor-module-icon-position-right\"><span class=\"gutentor-module-accordion-panel-handler\" role=\"button\"><span class=\"gutentor-module-accordion-panel-handler-label\">Acc\u00e9s a l&#8217;escola<\/span><span class=\"gutentor-module-accordion-icon\"><i class=\"gm-aio-2be4ab gutentor-module-accordion-icon-open fas fa-plus\"><\/i><i class=\"gm-aic-2be4ab gutentor-module-accordion-icon-close fas fa-minus\"><\/i><\/span><\/span><\/div><div class=\"gm-ab-2be4ab gutentor-module-accordion-body\">\n<p>Cal respectar estrictament la data i horari que es detallar\u00e0 en el calendari definitiu de cadascuna de les proves. En el moment d\u2019accedir a l\u2019escola caldr\u00e0 seguir les indicacions de les persones que faran el control d\u2019acc\u00e9s i l\u2019acreditaci\u00f3.&nbsp;<\/p>\n<\/div><\/div><\/div>\n\n\n\n<div id=\"fcb692\" class=\"wp-block-gutentor-m6-item section-fcb692 gutentor-module gutentor-module-accordion-item\"><div class=\"gutentor-module-accordion-panel g-a-panel-2be4ab\"><div class=\"gm-ah-2be4ab gutentor-module-accordion-item-heading gutentor-module-icon-position-right\"><span class=\"gutentor-module-accordion-panel-handler\" role=\"button\"><span class=\"gutentor-module-accordion-panel-handler-label\">Inscripci\u00f3<\/span><span class=\"gutentor-module-accordion-icon\"><i class=\"gm-aio-2be4ab gutentor-module-accordion-icon-open fas fa-plus\"><\/i><i class=\"gm-aic-2be4ab gutentor-module-accordion-icon-close fas fa-minus\"><\/i><\/span><\/span><\/div><div class=\"gm-ab-2be4ab gutentor-module-accordion-body\">\n<div id=\"section-gbd35d5\" class=\"wp-block-gutentor-e0 section-gbd35d5 gutentor-element gutentor-element-advanced-text\"><div class=\"gutentor-text-wrap\"><p class=\"gutentor-text\">La inscripci\u00f3 estar\u00e0 activa del 8 al 25 de juliol (14h).&nbsp;<\/p><\/div><\/div>\n\n\n\n<p><\/p>\n\n\n\n<div id=\"section-g-151q111\" class=\"wp-block-gutentor-e2 section-g-151q111 gutentor-element gutentor-element-button\"><span class=\"gutentor-button-wrap\"><a class=\"gutentor-button gutentor-block-button gutentor-icon-hide\" href=\"https:\/\/esmuc.gwido.cat\/inscripcio_ciutadana\/public\/dades_personals\/16?r=1\"><i class=\"gutentor-button-icon fas fa-book\"><\/i><span>INSCRIU-TE<\/span><\/a><\/span><\/div>\n\n\n\n<p><strong>Preu d&#8217;inscripci\u00f3: 80 \u20ac.<\/strong><\/p>\n\n\n\n<p>El pagament s\u2019ha d\u2019efectuar dins del termini establert; no fer-ho comporta l&#8217;exclusi\u00f3 de l\u2019admissi\u00f3. No es tindr\u00e0 dret a la devoluci\u00f3 de l&#8217;import de les taxes d&#8217;inscripci\u00f3 a les proves.<\/p>\n\n\n\n<p>\u00c9s important imprimir el formulari de sol\u00b7licitud d&#8217;inscripci\u00f3 un cop s&#8217;hagi omplert. Cal tenir en compte que, un cop completat, no es pot modificar cap dada.&nbsp;<\/p>\n<\/div><\/div><\/div>\n<\/div><\/section>\n<\/div><\/section>\n\n\n\n<section id=\"gm665d3b3\" class=\"wp-block-gutentor-m3 section-gm665d3b3 gutentor-module gutentor-container-cover has-color-bg has-custom-bg\"><div class=\"grid-container\">\n<h5 class=\"wp-block-heading\">Consultes i atenci\u00f3 telef\u00f2nica<\/h5>\n\n\n\n<div style=\"height:20px\" aria-hidden=\"true\" class=\"wp-block-spacer\"><\/div>\n\n\n\n<div id=\"section-g322ceb\" class=\"wp-block-gutentor-e7 section-g322ceb gutentor-element gutentor-element-list\"><ul class=\"grid-row gutentor-grid-item-wrap list-indicator-icon\"><li class=\"gutentor-list-item grid-lg-12 grid-md-12 grid-12\"><span class=\"gutentor-single-item gutentor-single-item-0\"><span class=\"gutentor-list-item-wrap g-s-list-wrap\"><span class=\"gutentor-single-list-item-icon\"><i class=\"list-item-icon fas fa-envelope\"><\/i><\/span><span class=\"gutentor-list-item\"><p class=\"gutentor-single-item-title\">Consultes sobre les proves d&#8217;acc\u00e9s per correu electr\u00f2nic exclusivament a trav\u00e9s de \u202f<a href=\"mailto:bustia.provesacces@esmuc.cat\">bustia.provesacces@esmuc.cat\u00a0<\/a><\/p><\/span><\/span><\/span><\/li><li class=\"gutentor-list-item grid-lg-12 grid-md-12 grid-12\"><span class=\"gutentor-single-item gutentor-single-item-1\"><span class=\"gutentor-list-item-wrap g-s-list-wrap g-s-list-i-icon\"><span class=\"gutentor-single-list-item-icon\"><i class=\"list-item-icon fas fa-phone\"><\/i><\/span><span class=\"gutentor-list-item\"><p class=\"gutentor-single-item-title\">Atenci\u00f3 telef\u00f2nica: 933523011 de dilluns a divendres, de les 9h a les 14h (Durant el mes d&#8217;agost no hi haur\u00e0 atenci\u00f3 telef\u00f2nica).<\/p><\/span><\/span><\/span><\/li><\/ul><\/div>\n<\/div><\/section>\n\n\n\n<p><strong>Consulta peri\u00f2dicament aquesta secci\u00f3 per possibles canvis o actualitzacions.<\/strong><\/p>\n<\/div>\n<\/div>\n","protected":false},"excerpt":{"rendered":"<p>Proves d&#8217;acc\u00e9s al Grau en ensenyaments art\u00edstics superiors de m\u00fasica 2025 &#8211; 2026 Convocat\u00f2ria setembre Consulta peri\u00f2dicament aquesta secci\u00f3 per possibles canvis o actualitzacions.<\/p>\n","protected":false},"author":49,"featured_media":0,"parent":30785,"menu_order":0,"comment_status":"closed","ping_status":"closed","template":"","meta":{"_acf_changed":false,"_themeisle_gutenberg_block_has_review":false,"footnotes":""},"categories":[1699,1133],"tags":[],"class_list":["post-110773","page","type-page","status-publish","hentry","category-2024-2025-es","category-grau-es"],"acf":[],"publishpress_future_action":{"enabled":false,"date":"2026-05-04 13:21:09","action":"change-status","newStatus":"draft","terms":[],"taxonomy":"category","extraData":[]},"publishpress_future_workflow_manual_trigger":{"enabledWorkflows":[]},"_links":{"self":[{"href":"https:\/\/www.esmuc.cat\/es\/wp-json\/wp\/v2\/pages\/110773","targetHints":{"allow":["GET"]}}],"collection":[{"href":"https:\/\/www.esmuc.cat\/es\/wp-json\/wp\/v2\/pages"}],"about":[{"href":"https:\/\/www.esmuc.cat\/es\/wp-json\/wp\/v2\/types\/page"}],"author":[{"embeddable":true,"href":"https:\/\/www.esmuc.cat\/es\/wp-json\/wp\/v2\/users\/49"}],"replies":[{"embeddable":true,"href":"https:\/\/www.esmuc.cat\/es\/wp-json\/wp\/v2\/comments?post=110773"}],"version-history":[{"count":1,"href":"https:\/\/www.esmuc.cat\/es\/wp-json\/wp\/v2\/pages\/110773\/revisions"}],"predecessor-version":[{"id":110784,"href":"https:\/\/www.esmuc.cat\/es\/wp-json\/wp\/v2\/pages\/110773\/revisions\/110784"}],"up":[{"embeddable":true,"href":"https:\/\/www.esmuc.cat\/es\/wp-json\/wp\/v2\/pages\/30785"}],"wp:attachment":[{"href":"https:\/\/www.esmuc.cat\/es\/wp-json\/wp\/v2\/media?parent=110773"}],"wp:term":[{"taxonomy":"category","embeddable":true,"href":"https:\/\/www.esmuc.cat\/es\/wp-json\/wp\/v2\/categories?post=110773"},{"taxonomy":"post_tag","embeddable":true,"href":"https:\/\/www.esmuc.cat\/es\/wp-json\/wp\/v2\/tags?post=110773"}],"curies":[{"name":"wp","href":"https:\/\/api.w.org\/{rel}","templated":true}]}}